{"id":331,"date":"2023-10-16T15:21:47","date_gmt":"2023-10-16T15:21:47","guid":{"rendered":"https:\/\/2024.sags-congress.com\/program-2"},"modified":"2024-03-01T08:27:30","modified_gmt":"2024-03-01T08:27:30","slug":"program-2","status":"publish","type":"page","link":"https:\/\/2024.sags-congress.com\/en\/program-2","title":{"rendered":"Program"},"content":{"rendered":"<p>[et_pb_section fb_built=&#8221;1&#8243; disabled_on=&#8221;on|on|off&#8221; _builder_version=&#8221;4.22.2&#8243; _module_preset=&#8221;default&#8221; background_image=&#8221;https:\/\/2024.sags-congress.com\/wp-content\/uploads\/2023\/10\/SAGS_CONGRES_SOMMEIL_24_BANDEAU_V03.png&#8221; background_size=&#8221;initial&#8221; background_position=&#8221;top_left&#8221; scroll_vertical_motion_enable=&#8221;on&#8221; scroll_vertical_motion=&#8221;0|68|68|100|0|0|-1&#8243; motion_trigger_start=&#8221;bottom&#8221; global_colors_info=&#8221;{}&#8221;][et_pb_row _builder_version=&#8221;4.22.2&#8243; _module_preset=&#8221;default&#8221; global_colors_info=&#8221;{}&#8221;][et_pb_column type=&#8221;4_4&#8243; _builder_version=&#8221;4.22.2&#8243; _module_preset=&#8221;default&#8221; global_colors_info=&#8221;{}&#8221;][et_pb_divider show_divider=&#8221;off&#8221; _builder_version=&#8221;4.22.2&#8243; _module_preset=&#8221;default&#8221; custom_padding=&#8221;||45px|||&#8221; global_colors_info=&#8221;{}&#8221;][\/et_pb_divider][et_pb_text _builder_version=&#8221;4.22.2&#8243; _module_preset=&#8221;default&#8221; text_font=&#8221;Montserrat||||||||&#8221; text_text_color=&#8221;#FFFFFF&#8221; text_font_size=&#8221;50px&#8221; text_line_height=&#8221;1.6em&#8221; custom_margin=&#8221;||-2px|||&#8221; global_colors_info=&#8221;{}&#8221;]<\/p>\n<p style=\"text-align: center;\"><b>PROGRAM<\/b><\/p>\n<p>[\/et_pb_text][et_pb_divider show_divider=&#8221;off&#8221; _builder_version=&#8221;4.22.2&#8243; _module_preset=&#8221;default&#8221; custom_padding=&#8221;||45px|||&#8221; global_colors_info=&#8221;{}&#8221;][\/et_pb_divider][\/et_pb_column][\/et_pb_row][\/et_pb_section][et_pb_section fb_built=&#8221;1&#8243; disabled_on=&#8221;off|off|on&#8221; _builder_version=&#8221;4.22.2&#8243; _module_preset=&#8221;default&#8221; background_image=&#8221;https:\/\/2024.sags-congress.com\/wp-content\/uploads\/2023\/10\/SAGS_CONGRES_SOMMEIL_24_BANDEAU_V03.png&#8221; background_position=&#8221;top_center&#8221; scroll_vertical_motion_enable=&#8221;on&#8221; scroll_vertical_motion=&#8221;0|68|68|100|0|0|-1&#8243; motion_trigger_start=&#8221;bottom&#8221; global_colors_info=&#8221;{}&#8221;][et_pb_row _builder_version=&#8221;4.22.2&#8243; _module_preset=&#8221;default&#8221; global_colors_info=&#8221;{}&#8221;][et_pb_column type=&#8221;4_4&#8243; _builder_version=&#8221;4.22.2&#8243; _module_preset=&#8221;default&#8221; global_colors_info=&#8221;{}&#8221;][et_pb_text _builder_version=&#8221;4.22.2&#8243; _module_preset=&#8221;default&#8221; text_font=&#8221;Montserrat||||||||&#8221; text_text_color=&#8221;#FFFFFF&#8221; text_font_size=&#8221;43px&#8221; text_line_height=&#8221;1.6em&#8221; text_orientation=&#8221;center&#8221; module_alignment=&#8221;center&#8221; custom_margin=&#8221;||||false|false&#8221; custom_margin_tablet=&#8221;|-25px|-2px|25px|false|false&#8221; custom_margin_phone=&#8221;|-25px|-2px|25px|false|false&#8221; custom_margin_last_edited=&#8221;on|tablet&#8221; custom_padding=&#8221;||58px|||&#8221; text_font_size_tablet=&#8221;34px&#8221; text_font_size_phone=&#8221;34px&#8221; text_font_size_last_edited=&#8221;on|tablet&#8221; global_colors_info=&#8221;{}&#8221;]<\/p>\n<p style=\"text-align: center;\"><b><br \/>PROGRAM<\/p>\n<p><\/b><\/p>\n<p>[\/et_pb_text][\/et_pb_column][\/et_pb_row][\/et_pb_section][et_pb_section fb_built=&#8221;1&#8243; _builder_version=&#8221;4.22.2&#8243; _module_preset=&#8221;default&#8221; custom_padding=&#8221;||0px||false|false&#8221; global_colors_info=&#8221;{}&#8221;][et_pb_row _builder_version=&#8221;4.22.2&#8243; _module_preset=&#8221;default&#8221; custom_padding=&#8221;0px||||false|false&#8221; global_colors_info=&#8221;{}&#8221;][et_pb_column type=&#8221;4_4&#8243; _builder_version=&#8221;4.22.2&#8243; _module_preset=&#8221;default&#8221; global_colors_info=&#8221;{}&#8221;][et_pb_text _builder_version=&#8221;4.23.1&#8243; _module_preset=&#8221;default&#8221; text_font=&#8221;Montserrat|700|||||||&#8221; text_text_color=&#8221;#003399&#8243; text_font_size=&#8221;26px&#8221; text_line_height=&#8221;1.2em&#8221; text_orientation=&#8221;center&#8221; custom_margin=&#8221;||15px||false|false&#8221; custom_padding=&#8221;||||false|false&#8221; global_colors_info=&#8221;{}&#8221;]<\/p>\n<p><a href=\"https:\/\/2024.sags-congress.com\/en\">FIRST INTERNATIONAL SLEEP DAYS<\/a><br \/><a href=\"https:\/\/2024.sags-congress.com\/en\">OF FRENCH WEST INDIES &amp; FRENCH GUIANA<\/a><br \/><a href=\"https:\/\/2024.sags-congress.com\/en\">on March 7, 8 &amp; 9, 2024<\/a><\/p>\n<p>[\/et_pb_text][et_pb_text _builder_version=&#8221;4.22.2&#8243; _module_preset=&#8221;default&#8221; text_font=&#8221;Montserrat|700|||||||&#8221; text_text_color=&#8221;#003399&#8243; text_font_size=&#8221;26px&#8221; text_line_height=&#8221;1.2em&#8221; text_orientation=&#8221;center&#8221; custom_margin=&#8221;||15px||false|false&#8221; custom_padding=&#8221;0px||0px||false|false&#8221; global_colors_info=&#8221;{}&#8221;]<\/p>\n<p style=\"text-align: center;\"><span style=\"color: #4e5f70;\"><strong><span style=\"font-size: 22px;\">Hotel Cr\u00e9ole Beach, 97190 Le Gosier, Guadeloupe<\/span><\/strong><\/span><\/p>\n<p>[\/et_pb_text][et_pb_text _builder_version=&#8221;4.23.1&#8243; _module_preset=&#8221;default&#8221; text_font=&#8221;Montserrat|700|||||||&#8221; text_text_color=&#8221;#003399&#8243; text_font_size=&#8221;26px&#8221; text_line_height=&#8221;1.2em&#8221; text_orientation=&#8221;center&#8221; custom_margin=&#8221;||-1px|||&#8221; global_colors_info=&#8221;{}&#8221;]<\/p>\n<p style=\"text-align: center;\"><span style=\"color: #5c67ca;\"><span style=\"font-size: 26px;\"><strong>Sleep Diseases &amp; Complications<\/strong><\/span><\/span><\/p>\n<p>[\/et_pb_text][et_pb_text _builder_version=&#8221;4.24.0&#8243; _module_preset=&#8221;default&#8221; text_font=&#8221;Montserrat|700|||||||&#8221; text_text_color=&#8221;#003399&#8243; text_font_size=&#8221;26px&#8221; text_line_height=&#8221;1.2em&#8221; text_orientation=&#8221;center&#8221; global_colors_info=&#8221;{}&#8221;]<\/p>\n<p style=\"text-align: center;\"><span style=\"color: #4e5f70;\"><strong><span style=\"font-size: 18px;\">Scientific Program<\/span><\/strong><\/span><\/p>\n<p>[\/et_pb_text][et_pb_button button_url=&#8221;https:\/\/2024.sags-congress.com\/wp-content\/uploads\/2024\/03\/SAGS_CONGRES_24_PROGRAMME_EN_V14_compressed-1.pdf&#8221; button_text=&#8221;Download the program&#8221; button_alignment=&#8221;center&#8221; _builder_version=&#8221;4.24.0&#8243; _module_preset=&#8221;default&#8221; custom_button=&#8221;on&#8221; button_text_size=&#8221;19px&#8221; button_text_color=&#8221;#FFFFFF&#8221; button_bg_color=&#8221;#003399&#8243; button_border_width=&#8221;0px&#8221; button_border_radius=&#8221;5px&#8221; button_letter_spacing=&#8221;0px&#8221; button_font=&#8221;Montserrat||||||||&#8221; button_use_icon=&#8221;off&#8221; custom_margin=&#8221;0px||||false|false&#8221; custom_padding=&#8221;10px||10px||false|false&#8221; global_colors_info=&#8221;{}&#8221;][\/et_pb_button][\/et_pb_column][\/et_pb_row][\/et_pb_section][et_pb_section fb_built=&#8221;1&#8243; module_id=&#8221;btn-jeudi&#8221; _builder_version=&#8221;4.22.2&#8243; _module_preset=&#8221;default&#8221; custom_padding=&#8221;0px||10px||false|false&#8221; global_colors_info=&#8221;{}&#8221;][et_pb_row _builder_version=&#8221;4.22.2&#8243; _module_preset=&#8221;default&#8221; custom_padding=&#8221;2px||28px||false|false&#8221; global_colors_info=&#8221;{}&#8221;][et_pb_column type=&#8221;4_4&#8243; _builder_version=&#8221;4.22.2&#8243; _module_preset=&#8221;default&#8221; global_colors_info=&#8221;{}&#8221;][et_pb_divider color=&#8221;#000000&#8243; divider_style=&#8221;dotted&#8221; divider_weight=&#8221;2px&#8221; _builder_version=&#8221;4.22.2&#8243; _module_preset=&#8221;default&#8221; background_color=&#8221;RGBA(255,255,255,0)&#8221; custom_margin=&#8221;||-17px|||&#8221; global_colors_info=&#8221;{}&#8221;][\/et_pb_divider][\/et_pb_column][\/et_pb_row][et_pb_row _builder_version=&#8221;4.22.2&#8243; _module_preset=&#8221;default&#8221; background_color=&#8221;#f4f4f4&#8243; custom_padding=&#8221;10px||10px||true|false&#8221; border_width_all=&#8221;1px&#8221; border_color_all=&#8221;#cccccc&#8221; global_colors_info=&#8221;{}&#8221;][et_pb_column type=&#8221;4_4&#8243; _builder_version=&#8221;4.22.2&#8243; _module_preset=&#8221;default&#8221; global_colors_info=&#8221;{}&#8221;][et_pb_button button_text=&#8221;THURSDAY, MARCH 7, 2024&#8243; button_alignment=&#8221;center&#8221; _builder_version=&#8221;4.22.2&#8243; _module_preset=&#8221;default&#8221; custom_button=&#8221;on&#8221; button_text_color=&#8221;#003399&#8243; button_border_width=&#8221;0px&#8221; button_border_radius=&#8221;0px&#8221; button_letter_spacing=&#8221;0px&#8221; button_font=&#8221;Open Sans|700||on|||||&#8221; button_icon=&#8221;&#x4c;||divi||400&#8243; custom_margin=&#8221;||||false|false&#8221; custom_padding=&#8221;||||false|false&#8221; global_colors_info=&#8221;{}&#8221; button_bg_color__hover_enabled=&#8221;on|hover&#8221; button_bg_color__hover=&#8221;RGBA(255,255,255,0)&#8221; button_bg_enable_color__hover=&#8221;on&#8221; button_text_color__hover_enabled=&#8221;on|desktop&#8221; button_text_color__hover=&#8221;#000000&#8243;][\/et_pb_button][\/et_pb_column][\/et_pb_row][\/et_pb_section][et_pb_section fb_built=&#8221;1&#8243; module_id=&#8221;section-jeudi&#8221; _builder_version=&#8221;4.22.2&#8243; _module_preset=&#8221;default&#8221; custom_padding=&#8221;0px||0px||true|false&#8221; global_colors_info=&#8221;{}&#8221;][et_pb_row column_structure=&#8221;1_4,3_4&#8243; use_custom_gutter=&#8221;on&#8221; gutter_width=&#8221;1&#8243; make_equal=&#8221;on&#8221; _builder_version=&#8221;4.22.2&#8243; _module_preset=&#8221;default&#8221; custom_padding=&#8221;15px||15px||true|false&#8221; global_colors_info=&#8221;{}&#8221;][et_pb_column type=&#8221;1_4&#8243; _builder_version=&#8221;4.22.2&#8243; _module_preset=&#8221;default&#8221; global_colors_info=&#8221;{}&#8221;][et_pb_text _builder_version=&#8221;4.24.0&#8243; _module_preset=&#8221;default&#8221; custom_padding=&#8221;||||false|false&#8221; custom_padding_tablet=&#8221;||30px||false|false&#8221; custom_padding_phone=&#8221;||30px||false|false&#8221; custom_padding_last_edited=&#8221;on|tablet&#8221; global_colors_info=&#8221;{}&#8221;]<\/p>\n<p style=\"text-align: center;\"><span style=\"font-size: 22px;\"><strong><span style=\"color: #5c67ca;\">7:30<\/span><\/strong><\/span><\/p>\n<p>[\/et_pb_text][\/et_pb_column][et_pb_column type=&#8221;3_4&#8243; _builder_version=&#8221;4.22.2&#8243; _module_preset=&#8221;default&#8221; global_colors_info=&#8221;{}&#8221;][et_pb_text _builder_version=&#8221;4.24.0&#8243; _module_preset=&#8221;default&#8221; global_colors_info=&#8221;{}&#8221;]<\/p>\n<p><span style=\"font-size: 20px;\"><span style=\"color: #003399;\"><strong>Welcome of guests &amp; participants<\/strong><\/span> &#8211; Withdrawal of badge<\/span><\/p>\n<p>[\/et_pb_text][et_pb_text _builder_version=&#8221;4.24.0&#8243; _module_preset=&#8221;default&#8221; global_colors_info=&#8221;{}&#8221;]<\/p>\n<p><span style=\"color: #003399;\"><span style=\"font-size: 20px;\"><b>Opening of the stands and exhibitors\u2019 space to participants<\/b><\/span><\/span><\/p>\n<p>[\/et_pb_text][\/et_pb_column][\/et_pb_row][et_pb_row column_structure=&#8221;1_4,3_4&#8243; use_custom_gutter=&#8221;on&#8221; gutter_width=&#8221;1&#8243; _builder_version=&#8221;4.22.2&#8243; _module_preset=&#8221;default&#8221; custom_padding=&#8221;15px||15px||true|false&#8221; global_colors_info=&#8221;{}&#8221;][et_pb_column type=&#8221;1_4&#8243; _builder_version=&#8221;4.22.2&#8243; _module_preset=&#8221;default&#8221; global_colors_info=&#8221;{}&#8221;][et_pb_text _builder_version=&#8221;4.22.2&#8243; _module_preset=&#8221;default&#8221; custom_padding=&#8221;||30px||false|false&#8221; global_colors_info=&#8221;{}&#8221;]<\/p>\n<p style=\"text-align: center;\"><span style=\"font-size: 22px;\"><strong><span style=\"color: #5c67ca;\">8:00<\/span><\/strong><\/span><\/p>\n<p>[\/et_pb_text][\/et_pb_column][et_pb_column type=&#8221;3_4&#8243; _builder_version=&#8221;4.22.2&#8243; _module_preset=&#8221;default&#8221; global_colors_info=&#8221;{}&#8221;][et_pb_text _builder_version=&#8221;4.24.0&#8243; _module_preset=&#8221;default&#8221; global_colors_info=&#8221;{}&#8221;]<\/p>\n<p style=\"text-align: justify;\"><span style=\"font-size: 20px;\"><span style=\"color: #003399;\"><strong>Congress Opening &#8211; Welcome Address by the Presidents and Authorities<\/strong><\/span><\/span><\/p>\n<p>[\/et_pb_text][et_pb_text _builder_version=&#8221;4.24.0&#8243; _module_preset=&#8221;default&#8221; global_colors_info=&#8221;{}&#8221;]<\/p>\n<p style=\"text-align: justify;\"><span style=\"font-size: 16px;\"><strong><span style=\"color: #000000;\">Dr. David Bessey, President of the SAGS<\/span><\/strong><\/span><\/p>\n<p>[\/et_pb_text][et_pb_text _builder_version=&#8221;4.24.0&#8243; _module_preset=&#8221;default&#8221; global_colors_info=&#8221;{}&#8221;]<\/p>\n<p style=\"text-align: justify;\"><span style=\"font-size: 20px;\"><span style=\"color: #003399;\"><strong>Presentation of the international guests &amp; their topics<\/strong><\/span><\/span><\/p>\n<p>[\/et_pb_text][et_pb_text _builder_version=&#8221;4.24.0&#8243; _module_preset=&#8221;default&#8221; global_colors_info=&#8221;{}&#8221;]<\/p>\n<p style=\"text-align: justify;\"><span style=\"font-size: 16px;\"><strong><span style=\"color: #000000;\">Dr. Dr. Marie-Laure Lalanne-Mistrih, President of the SAGS Scientific Council<\/span><\/strong><\/span><\/p>\n<p>[\/et_pb_text][\/et_pb_column][\/et_pb_row][et_pb_row column_structure=&#8221;1_4,3_4&#8243; use_custom_gutter=&#8221;on&#8221; gutter_width=&#8221;1&#8243; make_equal=&#8221;on&#8221; _builder_version=&#8221;4.22.2&#8243; _module_preset=&#8221;default&#8221; custom_padding=&#8221;15px||15px||true|false&#8221; global_colors_info=&#8221;{}&#8221;][et_pb_column type=&#8221;1_4&#8243; _builder_version=&#8221;4.22.2&#8243; _module_preset=&#8221;default&#8221; global_colors_info=&#8221;{}&#8221;][et_pb_text _builder_version=&#8221;4.22.2&#8243; _module_preset=&#8221;default&#8221; custom_padding=&#8221;||30px||false|false&#8221; global_colors_info=&#8221;{}&#8221;]<\/p>\n<p style=\"text-align: center;\"><span style=\"font-size: 22px;\"><strong><span style=\"color: #5c67ca;\">8:30<\/span><\/strong><\/span><\/p>\n<p>[\/et_pb_text][\/et_pb_column][et_pb_column type=&#8221;3_4&#8243; _builder_version=&#8221;4.22.2&#8243; _module_preset=&#8221;default&#8221; global_colors_info=&#8221;{}&#8221;][et_pb_text _builder_version=&#8221;4.24.0&#8243; _module_preset=&#8221;default&#8221; global_colors_info=&#8221;{}&#8221;]<\/p>\n<p style=\"text-align: justify;\"><span style=\"font-size: 20px;\"><span style=\"color: #003399;\"><strong>Plenary conference: \u00ab The New French RecoMrsndations on CSA \u00bb<\/strong><\/span> <\/span><\/p>\n<p>[\/et_pb_text][et_pb_text _builder_version=&#8221;4.24.0&#8243; _module_preset=&#8221;default&#8221; global_colors_info=&#8221;{}&#8221;]<\/p>\n<p style=\"text-align: justify;\"><span style=\"font-size: 16px;\"><strong><span style=\"color: #000000;\">Dr. Sandrine Launois, Paris, France<\/span><\/strong><\/span><\/p>\n<p>[\/et_pb_text][et_pb_text _builder_version=&#8221;4.24.0&#8243; _module_preset=&#8221;default&#8221; global_colors_info=&#8221;{}&#8221;]<\/p>\n<p style=\"text-align: justify;\"><span style=\"font-size: 16px;\"><strong><span style=\"color: #4e5f70;\">Moderator : Dr. David Bessey<\/span><\/strong><\/span><\/p>\n<p>[\/et_pb_text][\/et_pb_column][\/et_pb_row][et_pb_row column_structure=&#8221;1_4,3_4&#8243; use_custom_gutter=&#8221;on&#8221; gutter_width=&#8221;1&#8243; make_equal=&#8221;on&#8221; _builder_version=&#8221;4.22.2&#8243; _module_preset=&#8221;default&#8221; custom_padding=&#8221;15px||15px||true|false&#8221; global_colors_info=&#8221;{}&#8221;][et_pb_column type=&#8221;1_4&#8243; _builder_version=&#8221;4.22.2&#8243; _module_preset=&#8221;default&#8221; global_colors_info=&#8221;{}&#8221;][et_pb_text _builder_version=&#8221;4.24.0&#8243; _module_preset=&#8221;default&#8221; custom_padding=&#8221;||30px||false|false&#8221; global_colors_info=&#8221;{}&#8221;]<\/p>\n<p style=\"text-align: center;\"><span style=\"font-size: 22px;\"><strong><span style=\"color: #5c67ca;\">9:15<\/span><\/strong><\/span><\/p>\n<p>[\/et_pb_text][\/et_pb_column][et_pb_column type=&#8221;3_4&#8243; _builder_version=&#8221;4.22.2&#8243; _module_preset=&#8221;default&#8221; global_colors_info=&#8221;{}&#8221;][et_pb_text _builder_version=&#8221;4.24.0&#8243; _module_preset=&#8221;default&#8221; global_colors_info=&#8221;{}&#8221;]<\/p>\n<p style=\"text-align: justify;\"><span style=\"font-size: 20px;\"><span style=\"color: #003399;\"><strong>Plenary conference: \u00ab REM Sleep Behavior Disorder: what\u2019s new? \u00bb<\/strong><\/span><\/span><\/p>\n<p>[\/et_pb_text][et_pb_text _builder_version=&#8221;4.24.0&#8243; _module_preset=&#8221;default&#8221; global_colors_info=&#8221;{}&#8221;]<\/p>\n<p style=\"text-align: justify;\"><span style=\"font-size: 16px;\"><strong><span style=\"color: #000000;\">Dr. Isabelle Arnulf, Paris, France<\/span><\/strong><\/span><\/p>\n<p>[\/et_pb_text][et_pb_text _builder_version=&#8221;4.24.0&#8243; _module_preset=&#8221;default&#8221; global_colors_info=&#8221;{}&#8221;]<\/p>\n<p style=\"text-align: justify;\"><span style=\"font-size: 16px;\"><strong><span style=\"color: #4e5f70;\">Moderators : Pr. Jacques Montplaisir<\/span><\/strong><\/span><\/p>\n<p>[\/et_pb_text][\/et_pb_column][\/et_pb_row][et_pb_row column_structure=&#8221;1_4,3_4&#8243; use_custom_gutter=&#8221;on&#8221; gutter_width=&#8221;1&#8243; make_equal=&#8221;on&#8221; _builder_version=&#8221;4.22.2&#8243; _module_preset=&#8221;default&#8221; custom_padding=&#8221;15px||15px||true|false&#8221; global_colors_info=&#8221;{}&#8221;][et_pb_column type=&#8221;1_4&#8243; _builder_version=&#8221;4.22.2&#8243; _module_preset=&#8221;default&#8221; global_colors_info=&#8221;{}&#8221;][et_pb_text _builder_version=&#8221;4.24.0&#8243; _module_preset=&#8221;default&#8221; custom_padding=&#8221;||30px||false|false&#8221; global_colors_info=&#8221;{}&#8221;]<\/p>\n<p style=\"text-align: center;\"><span style=\"font-size: 22px;\"><strong><span style=\"color: #5c67ca;\">10:00<\/span><\/strong><\/span><\/p>\n<p>[\/et_pb_text][\/et_pb_column][et_pb_column type=&#8221;3_4&#8243; _builder_version=&#8221;4.22.2&#8243; _module_preset=&#8221;default&#8221; global_colors_info=&#8221;{}&#8221;][et_pb_text _builder_version=&#8221;4.24.0&#8243; _module_preset=&#8221;default&#8221; global_colors_info=&#8221;{}&#8221;]<\/p>\n<p style=\"text-align: justify;\"><span style=\"font-size: 20px;\"><span style=\"color: #003399;\"><strong>Break, visit of the exhibition hall: <strong style=\"font-size: 20px;\"><span style=\"color: #5c67ca;\">Room <\/span><\/strong><span style=\"font-size: 20px; color: #5c67ca;\">\u00ab Route du Rhum<\/span><strong style=\"font-size: 20px;\"><span style=\"color: #5c67ca;\"> <\/span><\/strong><span style=\"font-size: 20px; color: #5c67ca;\">\u00bb<\/span><\/strong><\/span><\/span><\/p>\n<p>[\/et_pb_text][\/et_pb_column][\/et_pb_row][et_pb_row column_structure=&#8221;1_4,3_4&#8243; use_custom_gutter=&#8221;on&#8221; gutter_width=&#8221;1&#8243; make_equal=&#8221;on&#8221; _builder_version=&#8221;4.22.2&#8243; _module_preset=&#8221;default&#8221; custom_padding=&#8221;15px||15px||true|false&#8221; global_colors_info=&#8221;{}&#8221;][et_pb_column type=&#8221;1_4&#8243; _builder_version=&#8221;4.22.2&#8243; _module_preset=&#8221;default&#8221; global_colors_info=&#8221;{}&#8221;][et_pb_text _builder_version=&#8221;4.24.0&#8243; _module_preset=&#8221;default&#8221; custom_padding=&#8221;||30px||false|false&#8221; global_colors_info=&#8221;{}&#8221;]<\/p>\n<p style=\"text-align: center;\"><span style=\"font-size: 22px;\"><strong><span style=\"color: #5c67ca;\">10:30 &#8211; 11h50<\/span><\/strong><\/span><\/p>\n<p>[\/et_pb_text][\/et_pb_column][et_pb_column type=&#8221;3_4&#8243; _builder_version=&#8221;4.22.2&#8243; _module_preset=&#8221;default&#8221; global_colors_info=&#8221;{}&#8221;][et_pb_text _builder_version=&#8221;4.24.0&#8243; _module_preset=&#8221;default&#8221; custom_margin=&#8221;||4px||false|false&#8221; global_colors_info=&#8221;{}&#8221;]<\/p>\n<p style=\"text-align: justify;\"><span style=\"font-size: 20px;\"><span style=\"color: #003399;\"><strong>Parallel Sessions:<\/strong><\/span><\/span><\/p>\n<p>[\/et_pb_text][et_pb_text _builder_version=&#8221;4.24.0&#8243; _module_preset=&#8221;default&#8221; custom_margin=&#8221;||4px||false|false&#8221; custom_padding=&#8221;|||31px|true|false&#8221; global_colors_info=&#8221;{}&#8221;]<\/p>\n<p><span style=\"font-size: 20px;\"><span style=\"color: #5c67ca;\"><strong>Room \u00ab Fort Royal 1 &amp; 2 \u00bb :<\/strong><\/span><span style=\"color: #003399;\"><strong> <\/strong><\/span>Sleep &amp; Respiratory Diseases<\/span><\/p>\n<p>[\/et_pb_text][et_pb_text _builder_version=&#8221;4.24.0&#8243; _module_preset=&#8221;default&#8221; custom_margin=&#8221;||||false|false&#8221; custom_padding=&#8221;|||31px|true|false&#8221; global_colors_info=&#8221;{}&#8221;]<\/p>\n<p><span style=\"font-size: 20px;\"><strong><span style=\"color: #5c67ca;\">Room \u00ab Fort Royal 3 &amp; 4 \u00bb : <\/span><\/strong>Narcolepsy<\/span><\/p>\n<p>[\/et_pb_text][\/et_pb_column][\/et_pb_row][et_pb_row column_structure=&#8221;1_4,3_4&#8243; use_custom_gutter=&#8221;on&#8221; gutter_width=&#8221;1&#8243; make_equal=&#8221;on&#8221; _builder_version=&#8221;4.22.2&#8243; _module_preset=&#8221;default&#8221; custom_padding=&#8221;15px||15px||true|false&#8221; global_colors_info=&#8221;{}&#8221;][et_pb_column type=&#8221;1_4&#8243; _builder_version=&#8221;4.22.2&#8243; _module_preset=&#8221;default&#8221; global_colors_info=&#8221;{}&#8221;][\/et_pb_column][et_pb_column type=&#8221;3_4&#8243; _builder_version=&#8221;4.22.2&#8243; _module_preset=&#8221;default&#8221; global_colors_info=&#8221;{}&#8221;][et_pb_text _builder_version=&#8221;4.24.0&#8243; _module_preset=&#8221;default&#8221; custom_margin=&#8221;||4px||false|false&#8221; global_colors_info=&#8221;{}&#8221;]<\/p>\n<p style=\"text-align: justify;\"><span style=\"font-size: 20px;\"><strong><span style=\"color: #003399;\">Session 1: Sleep &amp; Respiratory Diseases<\/span><\/strong><\/span><\/p>\n<p>[\/et_pb_text][et_pb_text _builder_version=&#8221;4.23&#8243; _module_preset=&#8221;default&#8221; custom_margin=&#8221;||4px||false|false&#8221; custom_padding=&#8221;|||31px|true|false&#8221; global_colors_info=&#8221;{}&#8221;]<\/p>\n<p><span style=\"font-size: 16px;\"><strong><span style=\"color: #4e5f70;\">Moderators : Pr. Chantal Raherison\/Semjen &amp; Pr. Alain<\/span><span style=\"color: #5c67ca;\"> <\/span><span style=\"color: #4e5f70;\">Didier<\/span><\/strong><\/span><\/p>\n<p>[\/et_pb_text][et_pb_text _builder_version=&#8221;4.24.0&#8243; _module_preset=&#8221;default&#8221; custom_margin=&#8221;||||false|false&#8221; custom_padding=&#8221;25px||||false|false&#8221; global_colors_info=&#8221;{}&#8221;]<\/p>\n<p style=\"text-align: justify;\"><span style=\"font-size: 20px;\"><strong><span style=\"color: #5c67ca;\">Room \u00ab Fort Royal 1 &amp; 2 <\/span><\/strong><strong><span style=\"color: #5c67ca;\">\u00bb<\/span><\/strong><\/span><\/p>\n<p>[\/et_pb_text][\/et_pb_column][\/et_pb_row][et_pb_row column_structure=&#8221;1_4,3_4&#8243; use_custom_gutter=&#8221;on&#8221; gutter_width=&#8221;1&#8243; make_equal=&#8221;on&#8221; _builder_version=&#8221;4.22.2&#8243; _module_preset=&#8221;default&#8221; custom_padding=&#8221;15px||15px||true|false&#8221; global_colors_info=&#8221;{}&#8221;][et_pb_column type=&#8221;1_4&#8243; _builder_version=&#8221;4.22.2&#8243; _module_preset=&#8221;default&#8221; global_colors_info=&#8221;{}&#8221;][et_pb_text _builder_version=&#8221;4.24.0&#8243; _module_preset=&#8221;default&#8221; custom_padding=&#8221;||30px||false|false&#8221; global_colors_info=&#8221;{}&#8221;]<\/p>\n<p style=\"text-align: center;\"><span style=\"font-size: 22px;\"><strong><span style=\"color: #5c67ca;\">10:30<\/span><\/strong><\/span><\/p>\n<p>[\/et_pb_text][\/et_pb_column][et_pb_column type=&#8221;3_4&#8243; _builder_version=&#8221;4.22.2&#8243; _module_preset=&#8221;default&#8221; global_colors_info=&#8221;{}&#8221;][et_pb_text _builder_version=&#8221;4.24.0&#8243; _module_preset=&#8221;default&#8221; custom_margin=&#8221;||4px||false|false&#8221; custom_padding=&#8221;|||31px|true|false&#8221; global_colors_info=&#8221;{}&#8221;]<\/p>\n<p style=\"text-align: left;\"><span style=\"font-size: 20px;\"><span style=\"color: #003399;\"><strong>OSA &amp; Asthma<\/strong><\/span><\/span><\/p>\n<p>[\/et_pb_text][et_pb_text _builder_version=&#8221;4.23&#8243; _module_preset=&#8221;default&#8221; custom_margin=&#8221;||||false|false&#8221; custom_padding=&#8221;|||31px|true|false&#8221; global_colors_info=&#8221;{}&#8221;]<\/p>\n<p><span style=\"font-size: 16px;\"><strong><span style=\"color: #000000;\">Pr. Chantal Raherison\/Semjen, Guadeloupe<\/span><\/strong><\/span><\/p>\n<p>[\/et_pb_text][\/et_pb_column][\/et_pb_row][et_pb_row column_structure=&#8221;1_4,3_4&#8243; use_custom_gutter=&#8221;on&#8221; gutter_width=&#8221;1&#8243; make_equal=&#8221;on&#8221; _builder_version=&#8221;4.22.2&#8243; _module_preset=&#8221;default&#8221; custom_padding=&#8221;15px||15px||true|false&#8221; global_colors_info=&#8221;{}&#8221;][et_pb_column type=&#8221;1_4&#8243; _builder_version=&#8221;4.22.2&#8243; _module_preset=&#8221;default&#8221; global_colors_info=&#8221;{}&#8221;][et_pb_text _builder_version=&#8221;4.24.0&#8243; _module_preset=&#8221;default&#8221; custom_padding=&#8221;||30px||false|false&#8221; global_colors_info=&#8221;{}&#8221;]<\/p>\n<p style=\"text-align: center;\"><span style=\"font-size: 22px;\"><strong><span style=\"color: #5c67ca;\">10:50<\/span><\/strong><\/span><\/p>\n<p>[\/et_pb_text][\/et_pb_column][et_pb_column type=&#8221;3_4&#8243; _builder_version=&#8221;4.22.2&#8243; _module_preset=&#8221;default&#8221; global_colors_info=&#8221;{}&#8221;][et_pb_text _builder_version=&#8221;4.23.1&#8243; _module_preset=&#8221;default&#8221; custom_margin=&#8221;||4px||false|false&#8221; custom_padding=&#8221;|||31px|true|false&#8221; global_colors_info=&#8221;{}&#8221;]<\/p>\n<p><span style=\"font-size: 20px;\"><span style=\"color: #003399;\"><strong>OSA &amp; Allergy<\/strong><\/span><\/span><\/p>\n<p>[\/et_pb_text][et_pb_text _builder_version=&#8221;4.22.2&#8243; _module_preset=&#8221;default&#8221; custom_margin=&#8221;||||false|false&#8221; custom_padding=&#8221;|||31px|true|false&#8221; global_colors_info=&#8221;{}&#8221;]<\/p>\n<p><span style=\"font-size: 16px;\"><strong>Pr. Alain Didier , Toulouse, France<\/strong><\/span><\/p>\n<p>[\/et_pb_text][\/et_pb_column][\/et_pb_row][et_pb_row column_structure=&#8221;1_4,3_4&#8243; use_custom_gutter=&#8221;on&#8221; gutter_width=&#8221;1&#8243; make_equal=&#8221;on&#8221; _builder_version=&#8221;4.22.2&#8243; _module_preset=&#8221;default&#8221; custom_padding=&#8221;15px||15px||true|false&#8221; global_colors_info=&#8221;{}&#8221;][et_pb_column type=&#8221;1_4&#8243; _builder_version=&#8221;4.22.2&#8243; _module_preset=&#8221;default&#8221; global_colors_info=&#8221;{}&#8221;][et_pb_text _builder_version=&#8221;4.24.0&#8243; _module_preset=&#8221;default&#8221; custom_padding=&#8221;||30px||false|false&#8221; global_colors_info=&#8221;{}&#8221;]<\/p>\n<p style=\"text-align: center;\"><span style=\"font-size: 22px;\"><strong><span style=\"color: #5c67ca;\">11:10<\/span><\/strong><\/span><\/p>\n<p>[\/et_pb_text][\/et_pb_column][et_pb_column type=&#8221;3_4&#8243; _builder_version=&#8221;4.22.2&#8243; _module_preset=&#8221;default&#8221; global_colors_info=&#8221;{}&#8221;][et_pb_text _builder_version=&#8221;4.24.0&#8243; _module_preset=&#8221;default&#8221; custom_margin=&#8221;||4px||false|false&#8221; custom_padding=&#8221;|||31px|true|false&#8221; global_colors_info=&#8221;{}&#8221;]<\/p>\n<p><span style=\"font-size: 20px;\"><span style=\"color: #003399;\"><strong>OSA &amp; Obesity-Hypoventilation Syndrome: Clinical, Therapeutic, and Evolutionary Aspects in a Martinican Cohort<\/strong><\/span><\/span><\/p>\n<p>[\/et_pb_text][et_pb_text _builder_version=&#8221;4.22.2&#8243; _module_preset=&#8221;default&#8221; custom_margin=&#8221;||||false|false&#8221; custom_padding=&#8221;|||31px|true|false&#8221; global_colors_info=&#8221;{}&#8221;]<\/p>\n<p><span style=\"font-size: 16px;\"><strong>Dr. Moustapha Agossou, Martinique<\/strong><\/span><\/p>\n<p>[\/et_pb_text][\/et_pb_column][\/et_pb_row][et_pb_row column_structure=&#8221;1_4,3_4&#8243; use_custom_gutter=&#8221;on&#8221; gutter_width=&#8221;1&#8243; make_equal=&#8221;on&#8221; _builder_version=&#8221;4.22.2&#8243; _module_preset=&#8221;default&#8221; custom_padding=&#8221;15px||15px||true|false&#8221; global_colors_info=&#8221;{}&#8221;][et_pb_column type=&#8221;1_4&#8243; _builder_version=&#8221;4.22.2&#8243; _module_preset=&#8221;default&#8221; global_colors_info=&#8221;{}&#8221;][et_pb_text _builder_version=&#8221;4.24.0&#8243; _module_preset=&#8221;default&#8221; custom_padding=&#8221;||30px||false|false&#8221; global_colors_info=&#8221;{}&#8221;]<\/p>\n<p style=\"text-align: center;\"><span style=\"font-size: 22px;\"><strong><span style=\"color: #5c67ca;\">11:30<\/span><\/strong><\/span><\/p>\n<p>[\/et_pb_text][\/et_pb_column][et_pb_column type=&#8221;3_4&#8243; _builder_version=&#8221;4.22.2&#8243; _module_preset=&#8221;default&#8221; global_colors_info=&#8221;{}&#8221;][et_pb_text _builder_version=&#8221;4.22.2&#8243; _module_preset=&#8221;default&#8221; custom_margin=&#8221;||4px||false|false&#8221; custom_padding=&#8221;|||31px|true|false&#8221; global_colors_info=&#8221;{}&#8221;]<\/p>\n<p><span style=\"font-size: 20px;\"><span style=\"color: #003399;\"><strong>OSA&amp; Obesity-Hypoventilation Syndrome: CPAP or NIV ?<\/strong><\/span><\/span><\/p>\n<p>[\/et_pb_text][et_pb_text _builder_version=&#8221;4.22.2&#8243; _module_preset=&#8221;default&#8221; custom_margin=&#8221;||||false|false&#8221; custom_padding=&#8221;|||31px|true|false&#8221; global_colors_info=&#8221;{}&#8221;]<\/p>\n<p><span style=\"font-size: 16px;\"><strong>Pr. Jean-Paul Janssens, Gen\u00e8ve, Suisse<\/strong><\/span><\/p>\n<p>[\/et_pb_text][\/et_pb_column][\/et_pb_row][et_pb_row column_structure=&#8221;1_4,3_4&#8243; use_custom_gutter=&#8221;on&#8221; gutter_width=&#8221;1&#8243; make_equal=&#8221;on&#8221; _builder_version=&#8221;4.22.2&#8243; _module_preset=&#8221;default&#8221; custom_padding=&#8221;15px||15px||true|false&#8221; global_colors_info=&#8221;{}&#8221;][et_pb_column type=&#8221;1_4&#8243; _builder_version=&#8221;4.22.2&#8243; _module_preset=&#8221;default&#8221; global_colors_info=&#8221;{}&#8221;][\/et_pb_column][et_pb_column type=&#8221;3_4&#8243; _builder_version=&#8221;4.22.2&#8243; _module_preset=&#8221;default&#8221; global_colors_info=&#8221;{}&#8221;][et_pb_text _builder_version=&#8221;4.24.0&#8243; _module_preset=&#8221;default&#8221; custom_margin=&#8221;||4px||false|false&#8221; global_colors_info=&#8221;{}&#8221;]<\/p>\n<p style=\"text-align: justify;\"><span style=\"font-size: 20px;\"><strong><span style=\"color: #003399;\">Session 2 : Narcolepsy<\/span><\/strong><\/span><\/p>\n<p>[\/et_pb_text][et_pb_text _builder_version=&#8221;4.24.0&#8243; _module_preset=&#8221;default&#8221; custom_margin=&#8221;||4px||false|false&#8221; custom_padding=&#8221;|||31px|true|false&#8221; global_colors_info=&#8221;{}&#8221;]<\/p>\n<p><span style=\"font-size: 16px;\"><strong><span style=\"color: #4e5f70;\">Moderator : Pr. Patricia Franco<\/span><\/strong><\/span><\/p>\n<p>[\/et_pb_text][et_pb_text _builder_version=&#8221;4.24.0&#8243; _module_preset=&#8221;default&#8221; custom_margin=&#8221;||||false|false&#8221; custom_padding=&#8221;25px||||false|false&#8221; global_colors_info=&#8221;{}&#8221;]<\/p>\n<p style=\"text-align: justify;\"><span style=\"font-size: 20px;\"><strong><span style=\"color: #5c67ca;\">Room \u00ab <\/span><\/strong> <span style=\"color: #5c67ca;\"><strong>Fort Royal 3 &amp; 4 <\/strong><\/span><\/span><span style=\"font-size: 20px;\"><strong><span style=\"color: #5c67ca;\">\u00bb<\/span><\/strong><\/span><\/p>\n<p>[\/et_pb_text][\/et_pb_column][\/et_pb_row][et_pb_row column_structure=&#8221;1_4,3_4&#8243; use_custom_gutter=&#8221;on&#8221; gutter_width=&#8221;1&#8243; make_equal=&#8221;on&#8221; _builder_version=&#8221;4.22.2&#8243; _module_preset=&#8221;default&#8221; custom_padding=&#8221;15px||15px||true|false&#8221; global_colors_info=&#8221;{}&#8221;][et_pb_column type=&#8221;1_4&#8243; _builder_version=&#8221;4.22.2&#8243; _module_preset=&#8221;default&#8221; global_colors_info=&#8221;{}&#8221;][et_pb_text _builder_version=&#8221;4.24.0&#8243; _module_preset=&#8221;default&#8221; custom_padding=&#8221;||30px||false|false&#8221; global_colors_info=&#8221;{}&#8221;]<\/p>\n<p style=\"text-align: center;\"><span style=\"font-size: 22px;\"><strong><span style=\"color: #5c67ca;\">10:30<\/span><\/strong><\/span><\/p>\n<p>[\/et_pb_text][\/et_pb_column][et_pb_column type=&#8221;3_4&#8243; _builder_version=&#8221;4.22.2&#8243; _module_preset=&#8221;default&#8221; global_colors_info=&#8221;{}&#8221;][et_pb_text _builder_version=&#8221;4.24.0&#8243; _module_preset=&#8221;default&#8221; custom_margin=&#8221;||4px||false|false&#8221; custom_padding=&#8221;0px||0px|31px|true|false&#8221; global_colors_info=&#8221;{}&#8221;]<\/p>\n<p><span style=\"font-size: 20px;\"><span style=\"color: #003399;\"><strong>Narcolepsy in children: Diagnosis &amp; new therapies<\/strong><\/span><\/span><\/p>\n<p>[\/et_pb_text][et_pb_text _builder_version=&#8221;4.24.0&#8243; _module_preset=&#8221;default&#8221; custom_margin=&#8221;||||false|false&#8221; custom_padding=&#8221;|||31px|true|false&#8221; global_colors_info=&#8221;{}&#8221;]<\/p>\n<p><span style=\"font-size: 16px;\"><strong><span style=\"color: #000000;\">Pr. Patricia Franco, Lyon, France<\/span><\/strong><\/span><\/p>\n<p>[\/et_pb_text][\/et_pb_column][\/et_pb_row][et_pb_row column_structure=&#8221;1_4,3_4&#8243; use_custom_gutter=&#8221;on&#8221; gutter_width=&#8221;1&#8243; make_equal=&#8221;on&#8221; _builder_version=&#8221;4.22.2&#8243; _module_preset=&#8221;default&#8221; custom_padding=&#8221;15px||15px||true|false&#8221; global_colors_info=&#8221;{}&#8221;][et_pb_column type=&#8221;1_4&#8243; _builder_version=&#8221;4.22.2&#8243; _module_preset=&#8221;default&#8221; global_colors_info=&#8221;{}&#8221;][et_pb_text _builder_version=&#8221;4.24.0&#8243; _module_preset=&#8221;default&#8221; custom_padding=&#8221;||30px||false|false&#8221; global_colors_info=&#8221;{}&#8221;]<\/p>\n<p style=\"text-align: center;\"><span style=\"font-size: 22px;\"><strong><span style=\"color: #5c67ca;\">10:50<\/span><\/strong><\/span><\/p>\n<p>[\/et_pb_text][\/et_pb_column][et_pb_column type=&#8221;3_4&#8243; _builder_version=&#8221;4.22.2&#8243; _module_preset=&#8221;default&#8221; global_colors_info=&#8221;{}&#8221;][et_pb_text _builder_version=&#8221;4.24.0&#8243; _module_preset=&#8221;default&#8221; custom_margin=&#8221;||4px||false|false&#8221; custom_padding=&#8221;0px||0px|31px|true|false&#8221; global_colors_info=&#8221;{}&#8221;]<\/p>\n<p><span style=\"font-size: 20px;\"><span style=\"color: #003399;\"><strong>Narcolepsy in adults: Diagnosis &amp; new therapies<\/strong><\/span><\/span><\/p>\n<p>[\/et_pb_text][et_pb_text _builder_version=&#8221;4.24.0&#8243; _module_preset=&#8221;default&#8221; custom_margin=&#8221;||||false|false&#8221; custom_padding=&#8221;|||31px|true|false&#8221; global_colors_info=&#8221;{}&#8221;]<\/p>\n<p><span style=\"font-size: 16px;\"><strong>Dr. Jean-M\u00e9dard Zola, Guadeloupe &amp; Pr. Yves Dauvilliers, Montpellier, France<\/strong><\/span><\/p>\n<p>[\/et_pb_text][\/et_pb_column][\/et_pb_row][et_pb_row column_structure=&#8221;1_4,3_4&#8243; use_custom_gutter=&#8221;on&#8221; gutter_width=&#8221;1&#8243; make_equal=&#8221;on&#8221; _builder_version=&#8221;4.22.2&#8243; _module_preset=&#8221;default&#8221; custom_padding=&#8221;15px||15px||true|false&#8221; global_colors_info=&#8221;{}&#8221;][et_pb_column type=&#8221;1_4&#8243; _builder_version=&#8221;4.22.2&#8243; _module_preset=&#8221;default&#8221; global_colors_info=&#8221;{}&#8221;][et_pb_text _builder_version=&#8221;4.24.0&#8243; _module_preset=&#8221;default&#8221; custom_padding=&#8221;||30px||false|false&#8221; global_colors_info=&#8221;{}&#8221;]<\/p>\n<p style=\"text-align: center;\"><span style=\"font-size: 22px;\"><strong><span style=\"color: #5c67ca;\">11:10<\/span><\/strong><\/span><\/p>\n<p>[\/et_pb_text][\/et_pb_column][et_pb_column type=&#8221;3_4&#8243; _builder_version=&#8221;4.22.2&#8243; _module_preset=&#8221;default&#8221; global_colors_info=&#8221;{}&#8221;][et_pb_text _builder_version=&#8221;4.24.0&#8243; _module_preset=&#8221;default&#8221; custom_margin=&#8221;||4px||false|false&#8221; custom_padding=&#8221;0px||0px|31px|true|false&#8221; global_colors_info=&#8221;{}&#8221;]<\/p>\n<p><span style=\"font-size: 20px;\"><strong><span style=\"color: #003399;\">Neuroimaging in narcolepsy &amp; other central hypersomnolence<\/span><\/strong><\/span><\/p>\n<p>[\/et_pb_text][et_pb_text _builder_version=&#8221;4.22.2&#8243; _module_preset=&#8221;default&#8221; custom_margin=&#8221;||||false|false&#8221; custom_padding=&#8221;|||31px|true|false&#8221; global_colors_info=&#8221;{}&#8221;]<\/p>\n<p><span style=\"font-size: 16px;\"><strong>Dr. Thanh Dang-Vu, Montr\u00e9al, Canada<\/strong><\/span><\/p>\n<p>[\/et_pb_text][\/et_pb_column][\/et_pb_row][et_pb_row column_structure=&#8221;1_4,3_4&#8243; use_custom_gutter=&#8221;on&#8221; gutter_width=&#8221;1&#8243; make_equal=&#8221;on&#8221; _builder_version=&#8221;4.22.2&#8243; _module_preset=&#8221;default&#8221; custom_padding=&#8221;15px||15px||true|false&#8221; global_colors_info=&#8221;{}&#8221;][et_pb_column type=&#8221;1_4&#8243; _builder_version=&#8221;4.22.2&#8243; _module_preset=&#8221;default&#8221; global_colors_info=&#8221;{}&#8221;][et_pb_text _builder_version=&#8221;4.24.0&#8243; _module_preset=&#8221;default&#8221; custom_padding=&#8221;||30px||false|false&#8221; global_colors_info=&#8221;{}&#8221;]<\/p>\n<p style=\"text-align: center;\"><span style=\"font-size: 22px;\"><strong><span style=\"color: #5c67ca;\">11:30<\/span><\/strong><\/span><\/p>\n<p>[\/et_pb_text][\/et_pb_column][et_pb_column type=&#8221;3_4&#8243; _builder_version=&#8221;4.22.2&#8243; _module_preset=&#8221;default&#8221; global_colors_info=&#8221;{}&#8221;][et_pb_text _builder_version=&#8221;4.24.0&#8243; _module_preset=&#8221;default&#8221; custom_margin=&#8221;||4px||false|false&#8221; custom_padding=&#8221;0px||0px|31px|true|false&#8221; global_colors_info=&#8221;{}&#8221;]<\/p>\n<p><span style=\"font-size: 20px;\"><strong><span style=\"color: #003399;\">Mechanisms of sleepiness in narcolepsy<\/span><\/strong><\/span><\/p>\n<p>[\/et_pb_text][et_pb_text _builder_version=&#8221;4.24.0&#8243; _module_preset=&#8221;default&#8221; custom_margin=&#8221;||||false|false&#8221; custom_padding=&#8221;|||31px|true|false&#8221; global_colors_info=&#8221;{}&#8221;]<\/p>\n<p><span style=\"font-size: 16px;\"><strong>Pr. John Peever, Toronto, Canada<\/strong><\/span><\/p>\n<p>[\/et_pb_text][\/et_pb_column][\/et_pb_row][et_pb_row column_structure=&#8221;1_4,3_4&#8243; use_custom_gutter=&#8221;on&#8221; gutter_width=&#8221;1&#8243; make_equal=&#8221;on&#8221; _builder_version=&#8221;4.22.2&#8243; _module_preset=&#8221;default&#8221; custom_padding=&#8221;15px||15px||true|false&#8221; global_colors_info=&#8221;{}&#8221;][et_pb_column type=&#8221;1_4&#8243; _builder_version=&#8221;4.22.2&#8243; _module_preset=&#8221;default&#8221; global_colors_info=&#8221;{}&#8221;][et_pb_text _builder_version=&#8221;4.24.2&#8243; _module_preset=&#8221;default&#8221; custom_padding=&#8221;||15px||false|false&#8221; global_colors_info=&#8221;{}&#8221;]<\/p>\n<p style=\"text-align: center;\"><span style=\"font-size: 22px;\"><strong><span style=\"color: #5c67ca;\">12:00 &#8211; 12:45<\/span><\/strong><\/span><\/p>\n<p>[\/et_pb_text][et_pb_image src=&#8221;https:\/\/2024.sags-congress.com\/wp-content\/uploads\/2024\/01\/Bioprojet_.png&#8221; title_text=&#8221;Bioprojet_&#8221; align=&#8221;center&#8221; _builder_version=&#8221;4.24.2&#8243; _module_preset=&#8221;default&#8221; width=&#8221;50%&#8221; hover_enabled=&#8221;0&#8243; global_colors_info=&#8221;{}&#8221; width_last_edited=&#8221;on|tablet&#8221; sticky_enabled=&#8221;0&#8243; width_tablet=&#8221;30%&#8221; width_phone=&#8221;30%&#8221; custom_margin_last_edited=&#8221;on|tablet&#8221; custom_margin_phone=&#8221;||20px||false|false&#8221; custom_margin_tablet=&#8221;||20px||false|false&#8221;][\/et_pb_image][\/et_pb_column][et_pb_column type=&#8221;3_4&#8243; _builder_version=&#8221;4.22.2&#8243; _module_preset=&#8221;default&#8221; global_colors_info=&#8221;{}&#8221;][et_pb_text _builder_version=&#8221;4.24.0&#8243; _module_preset=&#8221;default&#8221; custom_margin=&#8221;||||false|false&#8221; custom_padding=&#8221;|||31px|true|false&#8221; global_colors_info=&#8221;{}&#8221;]<\/p>\n<p><span style=\"font-size: 16px;\"><strong><span style=\"color: #5c67ca;\">Symposium &#8211; Room \u00ab Fort Royal 1 &amp; 2 \u00bb<\/span><\/strong><\/span><\/p>\n<p>[\/et_pb_text][et_pb_text _builder_version=&#8221;4.24.0&#8243; _module_preset=&#8221;default&#8221; custom_margin=&#8221;||4px||false|false&#8221; custom_padding=&#8221;1px||1px|31px|true|false&#8221; global_colors_info=&#8221;{}&#8221;]<\/p>\n<p><span style=\"font-size: 20px;\"><strong><span style=\"color: #003399;\">Assessment and management of sleepy apneic patients<\/span><\/strong><\/span><\/p>\n<p>[\/et_pb_text][et_pb_text _builder_version=&#8221;4.24.0&#8243; _module_preset=&#8221;default&#8221; custom_margin=&#8221;||||false|false&#8221; custom_padding=&#8221;|||31px|true|false&#8221; global_colors_info=&#8221;{}&#8221;]<\/p>\n<p><span style=\"font-size: 16px;\"><strong>Dr. Sandrine Launois, Paris, France &amp; Dr. Jean-Pierre Baroin, Brou-sur-Chantereine, France<\/strong><\/span><\/p>\n<p>[\/et_pb_text][et_pb_text _builder_version=&#8221;4.24.0&#8243; _module_preset=&#8221;default&#8221; custom_margin=&#8221;||||false|false&#8221; custom_padding=&#8221;|||31px|true|false&#8221; global_colors_info=&#8221;{}&#8221;]<\/p>\n<p><span style=\"font-size: 16px;\"><strong><span style=\"color: #4e5f70;\">Moderator: Dr. Kelly Guichard<\/span><\/strong><\/span><\/p>\n<p>[\/et_pb_text][\/et_pb_column][\/et_pb_row][et_pb_row column_structure=&#8221;1_4,3_4&#8243; use_custom_gutter=&#8221;on&#8221; gutter_width=&#8221;1&#8243; make_equal=&#8221;on&#8221; _builder_version=&#8221;4.22.2&#8243; _module_preset=&#8221;default&#8221; custom_padding=&#8221;15px||15px||true|false&#8221; global_colors_info=&#8221;{}&#8221;][et_pb_column type=&#8221;1_4&#8243; _builder_version=&#8221;4.22.2&#8243; _module_preset=&#8221;default&#8221; global_colors_info=&#8221;{}&#8221;][et_pb_text _builder_version=&#8221;4.24.2&#8243; _module_preset=&#8221;default&#8221; custom_padding=&#8221;||15px||false|false&#8221; global_colors_info=&#8221;{}&#8221;]<\/p>\n<p style=\"text-align: center;\"><span style=\"font-size: 22px;\"><strong><span style=\"color: #5c67ca;\">12:00 &#8211; 12:45<\/span><\/strong><\/span><\/p>\n<p>[\/et_pb_text][et_pb_image src=&#8221;https:\/\/2024.sags-congress.com\/wp-content\/uploads\/2024\/01\/SOS-Oxygene.jpg&#8221; title_text=&#8221;SOS Oxyg\u00e8ne&#8221; align=&#8221;center&#8221; _builder_version=&#8221;4.24.2&#8243; _module_preset=&#8221;default&#8221; width=&#8221;50%&#8221; hover_enabled=&#8221;0&#8243; global_colors_info=&#8221;{}&#8221; width_last_edited=&#8221;on|phone&#8221; sticky_enabled=&#8221;0&#8243; width_tablet=&#8221;30%&#8221; custom_margin_last_edited=&#8221;on|phone&#8221; custom_margin_tablet=&#8221;||20px||false|false&#8221; custom_margin_phone=&#8221;||20px||false|false&#8221; width_phone=&#8221;30%&#8221;][\/et_pb_image][\/et_pb_column][et_pb_column type=&#8221;3_4&#8243; _builder_version=&#8221;4.22.2&#8243; _module_preset=&#8221;default&#8221; global_colors_info=&#8221;{}&#8221;][et_pb_text _builder_version=&#8221;4.24.0&#8243; _module_preset=&#8221;default&#8221; custom_margin=&#8221;||||false|false&#8221; custom_padding=&#8221;|||31px|true|false&#8221; global_colors_info=&#8221;{}&#8221;]<\/p>\n<p><span style=\"font-size: 16px;\"><strong><span style=\"color: #5c67ca;\">Symposium Room \u00ab Fort Royal 3 &amp; 4 \u00bb<\/span><\/strong><\/span><\/p>\n<p>[\/et_pb_text][et_pb_text _builder_version=&#8221;4.24.0&#8243; _module_preset=&#8221;default&#8221; custom_margin=&#8221;||4px||false|false&#8221; custom_padding=&#8221;1px||1px|31px|true|false&#8221; global_colors_info=&#8221;{}&#8221;]<\/p>\n<p><span style=\"font-size: 20px;\"><strong><span style=\"color: #003399;\">CPAP treatment: management of non-adherent patients<\/span><\/strong><\/span><\/p>\n<p>[\/et_pb_text][et_pb_text _builder_version=&#8221;4.24.0&#8243; _module_preset=&#8221;default&#8221; custom_margin=&#8221;||||false|false&#8221; custom_padding=&#8221;|||31px|true|false&#8221; global_colors_info=&#8221;{}&#8221;]<\/p>\n<p><span style=\"font-size: 16px;\"><strong>Dr. AbdelKebir Sabil, Paris, France<\/strong><\/span><\/p>\n<p>[\/et_pb_text][et_pb_text _builder_version=&#8221;4.24.0&#8243; _module_preset=&#8221;default&#8221; custom_margin=&#8221;||||false|false&#8221; custom_padding=&#8221;|||31px|true|false&#8221; global_colors_info=&#8221;{}&#8221;]<\/p>\n<p><span style=\"font-size: 16px;\"><strong><span style=\"color: #4e5f70;\">Moderator: Dr. Adriana Roxana Dobreva<\/span><\/strong><\/span><\/p>\n<p>[\/et_pb_text][\/et_pb_column][\/et_pb_row][et_pb_row column_structure=&#8221;1_4,3_4&#8243; use_custom_gutter=&#8221;on&#8221; gutter_width=&#8221;1&#8243; make_equal=&#8221;on&#8221; _builder_version=&#8221;4.22.2&#8243; _module_preset=&#8221;default&#8221; custom_padding=&#8221;15px||15px||true|false&#8221; global_colors_info=&#8221;{}&#8221;][et_pb_column type=&#8221;1_4&#8243; _builder_version=&#8221;4.22.2&#8243; _module_preset=&#8221;default&#8221; global_colors_info=&#8221;{}&#8221;][et_pb_text _builder_version=&#8221;4.24.0&#8243; _module_preset=&#8221;default&#8221; custom_padding=&#8221;||30px||false|false&#8221; global_colors_info=&#8221;{}&#8221;]<\/p>\n<p style=\"text-align: center;\"><span style=\"font-size: 22px;\"><strong><span style=\"color: #5c67ca;\">13:00<\/span><\/strong><\/span><\/p>\n<p>[\/et_pb_text][\/et_pb_column][et_pb_column type=&#8221;3_4&#8243; _builder_version=&#8221;4.22.2&#8243; _module_preset=&#8221;default&#8221; global_colors_info=&#8221;{}&#8221;][et_pb_text _builder_version=&#8221;4.24.0&#8243; _module_preset=&#8221;default&#8221; custom_margin=&#8221;||4px||false|false&#8221; custom_padding=&#8221;1px||1px|31px|true|false&#8221; global_colors_info=&#8221;{}&#8221;]<\/p>\n<p><span style=\"font-size: 20px;\"><strong><span style=\"color: #003399;\">Lunch \u2013 Exhibitors Space &#8211; Hotel restaurant<\/span><\/strong><\/span><\/p>\n<p>[\/et_pb_text][\/et_pb_column][\/et_pb_row][et_pb_row column_structure=&#8221;1_4,3_4&#8243; use_custom_gutter=&#8221;on&#8221; gutter_width=&#8221;1&#8243; make_equal=&#8221;on&#8221; _builder_version=&#8221;4.22.2&#8243; _module_preset=&#8221;default&#8221; custom_padding=&#8221;15px||15px||true|false&#8221; global_colors_info=&#8221;{}&#8221;][et_pb_column type=&#8221;1_4&#8243; _builder_version=&#8221;4.22.2&#8243; _module_preset=&#8221;default&#8221; global_colors_info=&#8221;{}&#8221;][et_pb_text _builder_version=&#8221;4.24.0&#8243; _module_preset=&#8221;default&#8221; custom_padding=&#8221;||30px||false|false&#8221; global_colors_info=&#8221;{}&#8221;]<\/p>\n<p style=\"text-align: center;\"><span style=\"font-size: 22px;\"><strong><span style=\"color: #5c67ca;\">14:00 &#8211; 16:30<\/span><\/strong><\/span><\/p>\n<p>[\/et_pb_text][\/et_pb_column][et_pb_column type=&#8221;3_4&#8243; _builder_version=&#8221;4.22.2&#8243; _module_preset=&#8221;default&#8221; global_colors_info=&#8221;{}&#8221;][et_pb_text _builder_version=&#8221;4.24.0&#8243; _module_preset=&#8221;default&#8221; custom_margin=&#8221;||4px||false|false&#8221; global_colors_info=&#8221;{}&#8221;]<\/p>\n<p style=\"text-align: justify;\"><span style=\"font-size: 20px;\"><span style=\"color: #003399;\"><strong>Parallel Sessions:<\/strong><\/span><\/span><\/p>\n<p>[\/et_pb_text][et_pb_text _builder_version=&#8221;4.24.0&#8243; _module_preset=&#8221;default&#8221; custom_margin=&#8221;||4px||false|false&#8221; custom_padding=&#8221;|||31px|true|false&#8221; global_colors_info=&#8221;{}&#8221;]<\/p>\n<p><span style=\"font-size: 20px;\"><span style=\"color: #5c67ca;\"><strong>Room \u00ab Fort Royal 1 &amp; 2 \u00bb : <\/strong><\/span><strong><\/strong>Sleep &amp; Metabolic Diseases<\/span><\/p>\n<p>[\/et_pb_text][et_pb_text _builder_version=&#8221;4.24.0&#8243; _module_preset=&#8221;default&#8221; custom_margin=&#8221;||||false|false&#8221; custom_padding=&#8221;|||31px|true|false&#8221; global_colors_info=&#8221;{}&#8221;]<\/p>\n<p><span style=\"font-size: 20px;\"><strong><span style=\"color: #5c67ca;\">Room \u00ab Fort Royal 3 &amp; 4 \u00bb :<\/span><\/strong> Sleep &amp; cardiovascular diseases<\/span><\/p>\n<p>[\/et_pb_text][\/et_pb_column][\/et_pb_row][et_pb_row column_structure=&#8221;1_4,3_4&#8243; use_custom_gutter=&#8221;on&#8221; gutter_width=&#8221;1&#8243; make_equal=&#8221;on&#8221; _builder_version=&#8221;4.22.2&#8243; _module_preset=&#8221;default&#8221; custom_padding=&#8221;15px||15px||true|false&#8221; global_colors_info=&#8221;{}&#8221;][et_pb_column type=&#8221;1_4&#8243; _builder_version=&#8221;4.22.2&#8243; _module_preset=&#8221;default&#8221; global_colors_info=&#8221;{}&#8221;][\/et_pb_column][et_pb_column type=&#8221;3_4&#8243; _builder_version=&#8221;4.22.2&#8243; _module_preset=&#8221;default&#8221; global_colors_info=&#8221;{}&#8221;][et_pb_text _builder_version=&#8221;4.22.2&#8243; _module_preset=&#8221;default&#8221; custom_margin=&#8221;||4px||false|false&#8221; global_colors_info=&#8221;{}&#8221;]<\/p>\n<p style=\"text-align: justify;\"><span style=\"font-size: 20px;\"><strong><span style=\"color: #003399;\">Session 3 : Sleep and Metabolic Diseases<\/span><\/strong><\/span><\/p>\n<p>[\/et_pb_text][et_pb_text _builder_version=&#8221;4.22.2&#8243; _module_preset=&#8221;default&#8221; custom_margin=&#8221;||4px||false|false&#8221; custom_padding=&#8221;|||31px|true|false&#8221; global_colors_info=&#8221;{}&#8221;]<\/p>\n<p><span style=\"font-size: 16px;\"><strong><span style=\"color: #4e5f70;\">Moderators : Dr. Marie-Laure Lalanne-Mistrih &amp; Pr. Nadia Sabbah<\/span><\/strong><\/span><\/p>\n<p>[\/et_pb_text][et_pb_text _builder_version=&#8221;4.24.0&#8243; _module_preset=&#8221;default&#8221; custom_margin=&#8221;||||false|false&#8221; custom_padding=&#8221;25px||||false|false&#8221; global_colors_info=&#8221;{}&#8221;]<\/p>\n<p style=\"text-align: justify;\"><span style=\"font-size: 20px;\"><strong><span style=\"color: #5c67ca;\">Room \u00ab Fort Royal 1 &amp; 2 <\/span><\/strong><\/span><span style=\"font-size: 20px;\"><strong><span style=\"color: #5c67ca;\">\u00bb<\/span><\/strong><\/span><\/p>\n<p>[\/et_pb_text][\/et_pb_column][\/et_pb_row][et_pb_row column_structure=&#8221;1_4,3_4&#8243; use_custom_gutter=&#8221;on&#8221; gutter_width=&#8221;1&#8243; make_equal=&#8221;on&#8221; _builder_version=&#8221;4.22.2&#8243; _module_preset=&#8221;default&#8221; custom_padding=&#8221;15px||15px||true|false&#8221; global_colors_info=&#8221;{}&#8221;][et_pb_column type=&#8221;1_4&#8243; _builder_version=&#8221;4.22.2&#8243; _module_preset=&#8221;default&#8221; global_colors_info=&#8221;{}&#8221;][et_pb_text _builder_version=&#8221;4.22.2&#8243; _module_preset=&#8221;default&#8221; custom_padding=&#8221;||30px||false|false&#8221; global_colors_info=&#8221;{}&#8221;]<\/p>\n<p style=\"text-align: center;\"><span style=\"font-size: 22px;\"><strong><span style=\"color: #5c67ca;\">14:00<\/span><\/strong><\/span><\/p>\n<p>[\/et_pb_text][\/et_pb_column][et_pb_column type=&#8221;3_4&#8243; _builder_version=&#8221;4.22.2&#8243; _module_preset=&#8221;default&#8221; global_colors_info=&#8221;{}&#8221;][et_pb_text _builder_version=&#8221;4.24.0&#8243; _module_preset=&#8221;default&#8221; custom_margin=&#8221;||4px||false|false&#8221; custom_padding=&#8221;0px||0px|31px|true|false&#8221; global_colors_info=&#8221;{}&#8221;]<\/p>\n<p><span style=\"font-size: 20px;\"><span style=\"color: #003399;\"><strong>OSA &amp; Insulin resistance; cofactor in the genesis of type 2 diabetes<\/strong><\/span><\/span><\/p>\n<p>[\/et_pb_text][et_pb_text _builder_version=&#8221;4.22.2&#8243; _module_preset=&#8221;default&#8221; custom_margin=&#8221;||||false|false&#8221; custom_padding=&#8221;|||31px|true|false&#8221; global_colors_info=&#8221;{}&#8221;]<\/p>\n<p><span style=\"font-size: 16px;\"><strong><span style=\"color: #000000;\">Pr. Nadia Sabbah, Guyane<\/span><\/strong><\/span><\/p>\n<p>[\/et_pb_text][\/et_pb_column][\/et_pb_row][et_pb_row column_structure=&#8221;1_4,3_4&#8243; use_custom_gutter=&#8221;on&#8221; gutter_width=&#8221;1&#8243; make_equal=&#8221;on&#8221; _builder_version=&#8221;4.22.2&#8243; _module_preset=&#8221;default&#8221; custom_padding=&#8221;15px||15px||true|false&#8221; global_colors_info=&#8221;{}&#8221;][et_pb_column type=&#8221;1_4&#8243; _builder_version=&#8221;4.22.2&#8243; _module_preset=&#8221;default&#8221; global_colors_info=&#8221;{}&#8221;][et_pb_text _builder_version=&#8221;4.22.2&#8243; _module_preset=&#8221;default&#8221; custom_padding=&#8221;||30px||false|false&#8221; global_colors_info=&#8221;{}&#8221;]<\/p>\n<p style=\"text-align: center;\"><span style=\"font-size: 22px;\"><strong><span style=\"color: #5c67ca;\">14:30<\/span><\/strong><\/span><\/p>\n<p>[\/et_pb_text][\/et_pb_column][et_pb_column type=&#8221;3_4&#8243; _builder_version=&#8221;4.22.2&#8243; _module_preset=&#8221;default&#8221; global_colors_info=&#8221;{}&#8221;][et_pb_text _builder_version=&#8221;4.24.0&#8243; _module_preset=&#8221;default&#8221; custom_margin=&#8221;||4px||false|false&#8221; custom_padding=&#8221;0px||0px|31px|true|false&#8221; global_colors_info=&#8221;{}&#8221;]<\/p>\n<p><span style=\"font-size: 20px;\"><span style=\"color: #003399;\"><strong>Obesity &amp; Sleep disorders: resistance to weigh loss<\/strong><\/span><\/span><\/p>\n<p>[\/et_pb_text][et_pb_text _builder_version=&#8221;4.22.2&#8243; _module_preset=&#8221;default&#8221; custom_margin=&#8221;||||false|false&#8221; custom_padding=&#8221;|||31px|true|false&#8221; global_colors_info=&#8221;{}&#8221;]<\/p>\n<p><span style=\"font-size: 16px;\"><strong>Dr. Marie-Laure Lalanne-Mistrih, Guadeloupe<\/strong><\/span><\/p>\n<p>[\/et_pb_text][\/et_pb_column][\/et_pb_row][et_pb_row column_structure=&#8221;1_4,3_4&#8243; use_custom_gutter=&#8221;on&#8221; gutter_width=&#8221;1&#8243; make_equal=&#8221;on&#8221; _builder_version=&#8221;4.22.2&#8243; _module_preset=&#8221;default&#8221; custom_padding=&#8221;15px||15px||true|false&#8221; global_colors_info=&#8221;{}&#8221;][et_pb_column type=&#8221;1_4&#8243; _builder_version=&#8221;4.22.2&#8243; _module_preset=&#8221;default&#8221; global_colors_info=&#8221;{}&#8221;][et_pb_text _builder_version=&#8221;4.22.2&#8243; _module_preset=&#8221;default&#8221; custom_padding=&#8221;||30px||false|false&#8221; global_colors_info=&#8221;{}&#8221;]<\/p>\n<p style=\"text-align: center;\"><span style=\"font-size: 22px;\"><strong><span style=\"color: #5c67ca;\">15:00<\/span><\/strong><\/span><\/p>\n<p>[\/et_pb_text][\/et_pb_column][et_pb_column type=&#8221;3_4&#8243; _builder_version=&#8221;4.22.2&#8243; _module_preset=&#8221;default&#8221; global_colors_info=&#8221;{}&#8221;][et_pb_text _builder_version=&#8221;4.24.0&#8243; _module_preset=&#8221;default&#8221; custom_margin=&#8221;||4px||false|false&#8221; custom_padding=&#8221;0px||0px|31px|true|false&#8221; global_colors_info=&#8221;{}&#8221;]<\/p>\n<p><span style=\"font-size: 20px;\"><strong><span style=\"color: #003399;\">REM Sleep in health &amp; disease<\/span><\/strong><\/span><\/p>\n<p>[\/et_pb_text][et_pb_text _builder_version=&#8221;4.24.0&#8243; _module_preset=&#8221;default&#8221; custom_margin=&#8221;||||false|false&#8221; custom_padding=&#8221;|||31px|true|false&#8221; global_colors_info=&#8221;{}&#8221;]<\/p>\n<p><span style=\"font-size: 16px;\"><strong>Pr. John Peever, Toronto, Canada<\/strong><\/span><\/p>\n<p>[\/et_pb_text][\/et_pb_column][\/et_pb_row][et_pb_row column_structure=&#8221;1_4,3_4&#8243; use_custom_gutter=&#8221;on&#8221; gutter_width=&#8221;1&#8243; make_equal=&#8221;on&#8221; _builder_version=&#8221;4.22.2&#8243; _module_preset=&#8221;default&#8221; custom_padding=&#8221;15px||15px||true|false&#8221; global_colors_info=&#8221;{}&#8221;][et_pb_column type=&#8221;1_4&#8243; _builder_version=&#8221;4.22.2&#8243; _module_preset=&#8221;default&#8221; global_colors_info=&#8221;{}&#8221;][et_pb_text _builder_version=&#8221;4.22.2&#8243; _module_preset=&#8221;default&#8221; custom_padding=&#8221;||30px||false|false&#8221; global_colors_info=&#8221;{}&#8221;]<\/p>\n<p style=\"text-align: center;\"><span style=\"font-size: 22px;\"><strong><span style=\"color: #5c67ca;\">15:30<\/span><\/strong><\/span><\/p>\n<p>[\/et_pb_text][\/et_pb_column][et_pb_column type=&#8221;3_4&#8243; _builder_version=&#8221;4.22.2&#8243; _module_preset=&#8221;default&#8221; global_colors_info=&#8221;{}&#8221;][et_pb_text _builder_version=&#8221;4.24.0&#8243; _module_preset=&#8221;default&#8221; custom_margin=&#8221;||4px||false|false&#8221; custom_padding=&#8221;0px||0px|31px|true|false&#8221; global_colors_info=&#8221;{}&#8221;]<\/p>\n<p><span style=\"font-size: 20px;\"><strong><span style=\"color: #003399;\">Prevalence of OSA among patients consulting at the Specialized Obesity Center of Guadeloupe <\/span><\/strong><\/span><\/p>\n<p>[\/et_pb_text][et_pb_text _builder_version=&#8221;4.24.0&#8243; _module_preset=&#8221;default&#8221; custom_margin=&#8221;||||false|false&#8221; custom_padding=&#8221;|||31px|true|false&#8221; global_colors_info=&#8221;{}&#8221;]<\/p>\n<p><span style=\"font-size: 16px;\"><strong>M. Thomas Selbonne, Guadeloupe &amp; Dr. Marie-Laure Lalanne-Mistrih, Guadeloupe<\/strong><\/span><\/p>\n<p>[\/et_pb_text][\/et_pb_column][\/et_pb_row][et_pb_row column_structure=&#8221;1_4,3_4&#8243; use_custom_gutter=&#8221;on&#8221; gutter_width=&#8221;1&#8243; make_equal=&#8221;on&#8221; _builder_version=&#8221;4.22.2&#8243; _module_preset=&#8221;default&#8221; custom_padding=&#8221;15px||15px||true|false&#8221; global_colors_info=&#8221;{}&#8221;][et_pb_column type=&#8221;1_4&#8243; _builder_version=&#8221;4.22.2&#8243; _module_preset=&#8221;default&#8221; global_colors_info=&#8221;{}&#8221;][et_pb_text _builder_version=&#8221;4.22.2&#8243; _module_preset=&#8221;default&#8221; custom_padding=&#8221;||30px||false|false&#8221; global_colors_info=&#8221;{}&#8221;]<\/p>\n<p style=\"text-align: center;\"><span style=\"font-size: 22px;\"><strong><span style=\"color: #5c67ca;\">16:00<\/span><\/strong><\/span><\/p>\n<p>[\/et_pb_text][\/et_pb_column][et_pb_column type=&#8221;3_4&#8243; _builder_version=&#8221;4.22.2&#8243; _module_preset=&#8221;default&#8221; global_colors_info=&#8221;{}&#8221;][et_pb_text _builder_version=&#8221;4.24.0&#8243; _module_preset=&#8221;default&#8221; custom_margin=&#8221;||4px||false|false&#8221; custom_padding=&#8221;0px||0px|31px|true|false&#8221; global_colors_info=&#8221;{}&#8221;]<\/p>\n<p><span style=\"font-size: 20px;\"><strong><span style=\"color: #003399;\">Sleep in children &amp; adolescents: the influence of screens &amp; physical activity<\/span><\/strong><\/span><\/p>\n<p>[\/et_pb_text][et_pb_text _builder_version=&#8221;4.22.2&#8243; _module_preset=&#8221;default&#8221; custom_margin=&#8221;||||false|false&#8221; custom_padding=&#8221;|||31px|true|false&#8221; global_colors_info=&#8221;{}&#8221;]<\/p>\n<p><span style=\"font-size: 16px;\"><strong>Pr. Jean-Philippe Chaput, Ottawa, Canada<\/strong><\/span><\/p>\n<p>[\/et_pb_text][\/et_pb_column][\/et_pb_row][et_pb_row column_structure=&#8221;1_4,3_4&#8243; use_custom_gutter=&#8221;on&#8221; gutter_width=&#8221;1&#8243; make_equal=&#8221;on&#8221; _builder_version=&#8221;4.22.2&#8243; _module_preset=&#8221;default&#8221; custom_padding=&#8221;15px||15px||true|false&#8221; global_colors_info=&#8221;{}&#8221;][et_pb_column type=&#8221;1_4&#8243; _builder_version=&#8221;4.22.2&#8243; _module_preset=&#8221;default&#8221; global_colors_info=&#8221;{}&#8221;][\/et_pb_column][et_pb_column type=&#8221;3_4&#8243; _builder_version=&#8221;4.22.2&#8243; _module_preset=&#8221;default&#8221; global_colors_info=&#8221;{}&#8221;][et_pb_text _builder_version=&#8221;4.24.0&#8243; _module_preset=&#8221;default&#8221; custom_margin=&#8221;||4px||false|false&#8221; custom_padding=&#8221;||1px|||&#8221; global_colors_info=&#8221;{}&#8221;]<\/p>\n<p style=\"text-align: justify;\"><span style=\"font-size: 20px;\"><strong><span style=\"color: #003399;\">Session 4 : Sommeil &amp; maladies cardiovasculaires<\/span><\/strong><\/span><\/p>\n<p>[\/et_pb_text][et_pb_text _builder_version=&#8221;4.24.0&#8243; _module_preset=&#8221;default&#8221; custom_margin=&#8221;||4px||false|false&#8221; custom_padding=&#8221;|||31px|true|false&#8221; global_colors_info=&#8221;{}&#8221;]<\/p>\n<p><span style=\"font-size: 16px;\"><strong><span style=\"color: #4e5f70;\">Moderators : Dr. Andr\u00e9 Atallah &amp; Dr. Laurent Larifla<\/span><\/strong><\/span><\/p>\n<p>[\/et_pb_text][et_pb_text _builder_version=&#8221;4.24.0&#8243; _module_preset=&#8221;default&#8221; custom_margin=&#8221;||||false|false&#8221; custom_padding=&#8221;25px||||false|false&#8221; global_colors_info=&#8221;{}&#8221;]<\/p>\n<p style=\"text-align: justify;\"><span style=\"font-size: 20px;\"><strong><span style=\"color: #5c67ca;\">Room \u00ab Fort Royal 3 &amp; 4 <\/span><\/strong><\/span><span style=\"font-size: 20px;\"><strong><span style=\"color: #5c67ca;\">\u00bb<\/span><\/strong><\/span><\/p>\n<p>[\/et_pb_text][\/et_pb_column][\/et_pb_row][et_pb_row column_structure=&#8221;1_4,3_4&#8243; use_custom_gutter=&#8221;on&#8221; gutter_width=&#8221;1&#8243; make_equal=&#8221;on&#8221; _builder_version=&#8221;4.22.2&#8243; _module_preset=&#8221;default&#8221; custom_padding=&#8221;15px||15px||true|false&#8221; global_colors_info=&#8221;{}&#8221;][et_pb_column type=&#8221;1_4&#8243; _builder_version=&#8221;4.22.2&#8243; _module_preset=&#8221;default&#8221; global_colors_info=&#8221;{}&#8221;][et_pb_text _builder_version=&#8221;4.22.2&#8243; _module_preset=&#8221;default&#8221; custom_padding=&#8221;||30px||false|false&#8221; global_colors_info=&#8221;{}&#8221;]<\/p>\n<p style=\"text-align: center;\"><span style=\"font-size: 22px;\"><strong><span style=\"color: #5c67ca;\">14:00<\/span><\/strong><\/span><\/p>\n<p>[\/et_pb_text][\/et_pb_column][et_pb_column type=&#8221;3_4&#8243; _builder_version=&#8221;4.22.2&#8243; _module_preset=&#8221;default&#8221; global_colors_info=&#8221;{}&#8221;][et_pb_text _builder_version=&#8221;4.22.2&#8243; _module_preset=&#8221;default&#8221; custom_margin=&#8221;||4px||false|false&#8221; custom_padding=&#8221;0px||0px|31px|true|false&#8221; global_colors_info=&#8221;{}&#8221;]<\/p>\n<p><span style=\"font-size: 20px;\"><span style=\"color: #003399;\"><strong>OSA and Stroke<\/strong><\/span><\/span><\/p>\n<p>[\/et_pb_text][et_pb_text _builder_version=&#8221;4.24.0&#8243; _module_preset=&#8221;default&#8221; custom_margin=&#8221;||||false|false&#8221; custom_padding=&#8221;|||31px|true|false&#8221; global_colors_info=&#8221;{}&#8221;]<\/p>\n<p><span style=\"font-size: 16px;\"><strong><span style=\"color: #000000;\">Pr. Didier Leys (v), Lille, France &amp; Dr. Fran\u00e7ois Caparros, Lille, France<\/span><\/strong><\/span><\/p>\n<p>[\/et_pb_text][\/et_pb_column][\/et_pb_row][et_pb_row column_structure=&#8221;1_4,3_4&#8243; use_custom_gutter=&#8221;on&#8221; gutter_width=&#8221;1&#8243; make_equal=&#8221;on&#8221; _builder_version=&#8221;4.22.2&#8243; _module_preset=&#8221;default&#8221; custom_padding=&#8221;15px||15px||true|false&#8221; global_colors_info=&#8221;{}&#8221;][et_pb_column type=&#8221;1_4&#8243; _builder_version=&#8221;4.22.2&#8243; _module_preset=&#8221;default&#8221; global_colors_info=&#8221;{}&#8221;][et_pb_text _builder_version=&#8221;4.22.2&#8243; _module_preset=&#8221;default&#8221; custom_padding=&#8221;||30px||false|false&#8221; global_colors_info=&#8221;{}&#8221;]<\/p>\n<p style=\"text-align: center;\"><span style=\"font-size: 22px;\"><strong><span style=\"color: #5c67ca;\">14:30<\/span><\/strong><\/span><\/p>\n<p>[\/et_pb_text][\/et_pb_column][et_pb_column type=&#8221;3_4&#8243; _builder_version=&#8221;4.22.2&#8243; _module_preset=&#8221;default&#8221; global_colors_info=&#8221;{}&#8221;][et_pb_text _builder_version=&#8221;4.22.2&#8243; _module_preset=&#8221;default&#8221; custom_margin=&#8221;||4px||false|false&#8221; custom_padding=&#8221;0px||0px|31px|true|false&#8221; global_colors_info=&#8221;{}&#8221;]<\/p>\n<p><span style=\"font-size: 20px;\"><span style=\"color: #003399;\"><strong>OSA &amp; Myocardial Infarction<\/strong><\/span><\/span><\/p>\n<p>[\/et_pb_text][et_pb_text _builder_version=&#8221;4.22.2&#8243; _module_preset=&#8221;default&#8221; custom_margin=&#8221;||||false|false&#8221; custom_padding=&#8221;|||31px|true|false&#8221; global_colors_info=&#8221;{}&#8221;]<\/p>\n<p><span style=\"font-size: 16px;\"><strong>Dr. Andr\u00e9 Atallah, Guadeloupe<\/strong><\/span><\/p>\n<p>[\/et_pb_text][\/et_pb_column][\/et_pb_row][et_pb_row column_structure=&#8221;1_4,3_4&#8243; use_custom_gutter=&#8221;on&#8221; gutter_width=&#8221;1&#8243; make_equal=&#8221;on&#8221; _builder_version=&#8221;4.22.2&#8243; _module_preset=&#8221;default&#8221; custom_padding=&#8221;15px||15px||true|false&#8221; global_colors_info=&#8221;{}&#8221;][et_pb_column type=&#8221;1_4&#8243; _builder_version=&#8221;4.22.2&#8243; _module_preset=&#8221;default&#8221; global_colors_info=&#8221;{}&#8221;][et_pb_text _builder_version=&#8221;4.22.2&#8243; _module_preset=&#8221;default&#8221; custom_padding=&#8221;||30px||false|false&#8221; global_colors_info=&#8221;{}&#8221;]<\/p>\n<p style=\"text-align: center;\"><span style=\"font-size: 22px;\"><strong><span style=\"color: #5c67ca;\">15:00<\/span><\/strong><\/span><\/p>\n<p>[\/et_pb_text][\/et_pb_column][et_pb_column type=&#8221;3_4&#8243; _builder_version=&#8221;4.22.2&#8243; _module_preset=&#8221;default&#8221; global_colors_info=&#8221;{}&#8221;][et_pb_text _builder_version=&#8221;4.24.0&#8243; _module_preset=&#8221;default&#8221; custom_margin=&#8221;||4px||false|false&#8221; custom_padding=&#8221;0px||0px|31px|true|false&#8221; global_colors_info=&#8221;{}&#8221;]<\/p>\n<p><span style=\"font-size: 20px;\"><span style=\"color: #003399;\"><strong>OSA &amp; Cardiac amyloidosis<\/strong><\/span><\/span><\/p>\n<p>[\/et_pb_text][et_pb_text _builder_version=&#8221;4.22.2&#8243; _module_preset=&#8221;default&#8221; custom_margin=&#8221;||||false|false&#8221; custom_padding=&#8221;|||31px|true|false&#8221; global_colors_info=&#8221;{}&#8221;]<\/p>\n<p><span style=\"font-size: 16px;\"><strong>Pr. Jocelyn Inamo, Martinique<\/strong><\/span><\/p>\n<p>[\/et_pb_text][\/et_pb_column][\/et_pb_row][et_pb_row column_structure=&#8221;1_4,3_4&#8243; use_custom_gutter=&#8221;on&#8221; gutter_width=&#8221;1&#8243; make_equal=&#8221;on&#8221; _builder_version=&#8221;4.22.2&#8243; _module_preset=&#8221;default&#8221; custom_padding=&#8221;15px||15px||true|false&#8221; global_colors_info=&#8221;{}&#8221;][et_pb_column type=&#8221;1_4&#8243; _builder_version=&#8221;4.22.2&#8243; _module_preset=&#8221;default&#8221; global_colors_info=&#8221;{}&#8221;][et_pb_text _builder_version=&#8221;4.22.2&#8243; _module_preset=&#8221;default&#8221; custom_padding=&#8221;||30px||false|false&#8221; global_colors_info=&#8221;{}&#8221;]<\/p>\n<p style=\"text-align: center;\"><span style=\"font-size: 22px;\"><strong><span style=\"color: #5c67ca;\">15:30<\/span><\/strong><\/span><\/p>\n<p>[\/et_pb_text][\/et_pb_column][et_pb_column type=&#8221;3_4&#8243; _builder_version=&#8221;4.22.2&#8243; _module_preset=&#8221;default&#8221; global_colors_info=&#8221;{}&#8221;][et_pb_text _builder_version=&#8221;4.24.0&#8243; _module_preset=&#8221;default&#8221; custom_margin=&#8221;||4px||false|false&#8221; custom_padding=&#8221;0px||0px|31px|true|false&#8221; global_colors_info=&#8221;{}&#8221;]<\/p>\n<p><span style=\"font-size: 20px;\"><span style=\"color: #003399;\"><strong>CPAP adherence &amp; MACE<\/strong><\/span><\/span><\/p>\n<p>[\/et_pb_text][et_pb_text _builder_version=&#8221;4.24.0&#8243; _module_preset=&#8221;default&#8221; custom_margin=&#8221;||||false|false&#8221; custom_padding=&#8221;|||31px|true|false&#8221; global_colors_info=&#8221;{}&#8221;]<\/p>\n<p><span style=\"font-size: 16px;\"><strong>Pr. Fr\u00e9d\u00e9ric Gagnadoux (v), Angers, France<\/strong><\/span><\/p>\n<p>[\/et_pb_text][\/et_pb_column][\/et_pb_row][et_pb_row column_structure=&#8221;1_4,3_4&#8243; use_custom_gutter=&#8221;on&#8221; gutter_width=&#8221;1&#8243; make_equal=&#8221;on&#8221; _builder_version=&#8221;4.22.2&#8243; _module_preset=&#8221;default&#8221; custom_padding=&#8221;15px||15px||true|false&#8221; global_colors_info=&#8221;{}&#8221;][et_pb_column type=&#8221;1_4&#8243; _builder_version=&#8221;4.22.2&#8243; _module_preset=&#8221;default&#8221; global_colors_info=&#8221;{}&#8221;][et_pb_text _builder_version=&#8221;4.22.2&#8243; _module_preset=&#8221;default&#8221; custom_padding=&#8221;||30px||false|false&#8221; global_colors_info=&#8221;{}&#8221;]<\/p>\n<p style=\"text-align: center;\"><span style=\"font-size: 22px;\"><strong><span style=\"color: #5c67ca;\">16:00<\/span><\/strong><\/span><\/p>\n<p>[\/et_pb_text][\/et_pb_column][et_pb_column type=&#8221;3_4&#8243; _builder_version=&#8221;4.22.2&#8243; _module_preset=&#8221;default&#8221; global_colors_info=&#8221;{}&#8221;][et_pb_text _builder_version=&#8221;4.22.2&#8243; _module_preset=&#8221;default&#8221; custom_margin=&#8221;||4px||false|false&#8221; custom_padding=&#8221;0px||0px|31px|true|false&#8221; global_colors_info=&#8221;{}&#8221;]<\/p>\n<p><span style=\"font-size: 20px;\"><span style=\"color: #003399;\"><strong>OSA,<\/strong><\/span><strong><span style=\"color: #003399;\"> HBP &amp; Pregnancy<\/span><\/strong><\/span><\/p>\n<p>[\/et_pb_text][et_pb_text _builder_version=&#8221;4.24.0&#8243; _module_preset=&#8221;default&#8221; custom_margin=&#8221;||||false|false&#8221; custom_padding=&#8221;|||31px|true|false&#8221; global_colors_info=&#8221;{}&#8221;]<\/p>\n<p><span style=\"font-size: 16px;\"><strong>Dr. Renata Riha, Edimbourg, Scotland<\/strong><\/span><\/p>\n<p>[\/et_pb_text][\/et_pb_column][\/et_pb_row][et_pb_row column_structure=&#8221;1_4,3_4&#8243; use_custom_gutter=&#8221;on&#8221; gutter_width=&#8221;1&#8243; make_equal=&#8221;on&#8221; _builder_version=&#8221;4.22.2&#8243; _module_preset=&#8221;default&#8221; custom_padding=&#8221;15px||15px||true|false&#8221; global_colors_info=&#8221;{}&#8221;][et_pb_column type=&#8221;1_4&#8243; _builder_version=&#8221;4.22.2&#8243; _module_preset=&#8221;default&#8221; global_colors_info=&#8221;{}&#8221;][et_pb_text _builder_version=&#8221;4.22.2&#8243; _module_preset=&#8221;default&#8221; custom_padding=&#8221;||30px||false|false&#8221; global_colors_info=&#8221;{}&#8221;]<\/p>\n<p style=\"text-align: center;\"><span style=\"font-size: 22px;\"><strong><span style=\"color: #5c67ca;\">16:30<\/span><\/strong><\/span><\/p>\n<p>[\/et_pb_text][\/et_pb_column][et_pb_column type=&#8221;3_4&#8243; _builder_version=&#8221;4.22.2&#8243; _module_preset=&#8221;default&#8221; global_colors_info=&#8221;{}&#8221;][et_pb_text _builder_version=&#8221;4.24.0&#8243; _module_preset=&#8221;default&#8221; custom_margin=&#8221;||4px||false|false&#8221; custom_padding=&#8221;0px||0px|31px|true|false&#8221; global_colors_info=&#8221;{}&#8221;]<\/p>\n<p><span style=\"font-size: 20px;\"><strong><span style=\"color: #003399;\">Break &amp; visit of the exhibition hall: <\/span> <span style=\"color: #5c67ca;\">Room<\/span><\/strong><span style=\"color: #5c67ca;\"><strong>\u00ab <\/strong><\/span><strong><span style=\"color: #5c67ca;\">Route du Rhum <\/span><\/strong><span style=\"color: #5c67ca;\"><strong>\u00bb<\/strong><\/span><\/span><\/p>\n<p>[\/et_pb_text][\/et_pb_column][\/et_pb_row][et_pb_row column_structure=&#8221;1_4,3_4&#8243; use_custom_gutter=&#8221;on&#8221; gutter_width=&#8221;1&#8243; make_equal=&#8221;on&#8221; _builder_version=&#8221;4.22.2&#8243; _module_preset=&#8221;default&#8221; custom_padding=&#8221;15px||15px||true|false&#8221; global_colors_info=&#8221;{}&#8221;][et_pb_column type=&#8221;1_4&#8243; _builder_version=&#8221;4.22.2&#8243; _module_preset=&#8221;default&#8221; global_colors_info=&#8221;{}&#8221;][et_pb_text _builder_version=&#8221;4.24.0&#8243; _module_preset=&#8221;default&#8221; custom_padding=&#8221;||30px||false|false&#8221; global_colors_info=&#8221;{}&#8221;]<\/p>\n<p style=\"text-align: center;\"><span style=\"font-size: 22px;\"><strong><span style=\"color: #5c67ca;\">17:00<\/span><\/strong><\/span><\/p>\n<p>[\/et_pb_text][\/et_pb_column][et_pb_column type=&#8221;3_4&#8243; _builder_version=&#8221;4.22.2&#8243; _module_preset=&#8221;default&#8221; global_colors_info=&#8221;{}&#8221;][et_pb_text _builder_version=&#8221;4.24.0&#8243; _module_preset=&#8221;default&#8221; custom_margin=&#8221;||4px||false|false&#8221; custom_padding=&#8221;0px||0px|31px|true|false&#8221; global_colors_info=&#8221;{}&#8221;]<\/p>\n<p><span style=\"font-size: 20px;\"><strong><span style=\"color: #003399;\">Plenary lecture: \u00ab Chronobiological dysregulation &amp; impact on health \u00bb<\/span><\/strong><\/span><\/p>\n<p>[\/et_pb_text][et_pb_text _builder_version=&#8221;4.24.0&#8243; _module_preset=&#8221;default&#8221; custom_margin=&#8221;||||false|false&#8221; custom_padding=&#8221;|||31px|true|false&#8221; global_colors_info=&#8221;{}&#8221;]<\/p>\n<p><span style=\"font-size: 16px;\"><strong>Dr. Phyllis C. Zee, Boston, Massachusetts, USA, President of the World Sleep Society<\/strong><\/span><\/p>\n<p>[\/et_pb_text][et_pb_text _builder_version=&#8221;4.24.0&#8243; _module_preset=&#8221;default&#8221; custom_margin=&#8221;||||false|false&#8221; custom_padding=&#8221;|||31px|true|false&#8221; global_colors_info=&#8221;{}&#8221;]<\/p>\n<p><span style=\"font-size: 16px;\"><strong><span style=\"color: #4e5f70;\">Moderators : Dr. David Bessey &amp; M. Allan O\u2019Bryan<\/span><\/strong><\/span><\/p>\n<p>[\/et_pb_text][\/et_pb_column][\/et_pb_row][et_pb_row column_structure=&#8221;1_4,3_4&#8243; use_custom_gutter=&#8221;on&#8221; gutter_width=&#8221;1&#8243; make_equal=&#8221;on&#8221; _builder_version=&#8221;4.22.2&#8243; _module_preset=&#8221;default&#8221; custom_padding=&#8221;15px||15px||true|false&#8221; global_colors_info=&#8221;{}&#8221;][et_pb_column type=&#8221;1_4&#8243; _builder_version=&#8221;4.22.2&#8243; _module_preset=&#8221;default&#8221; global_colors_info=&#8221;{}&#8221;][et_pb_text _builder_version=&#8221;4.22.2&#8243; _module_preset=&#8221;default&#8221; custom_padding=&#8221;||30px||false|false&#8221; global_colors_info=&#8221;{}&#8221;]<\/p>\n<p style=\"text-align: center;\"><span style=\"font-size: 22px;\"><strong><span style=\"color: #5c67ca;\">18:00<\/span><\/strong><\/span><\/p>\n<p>[\/et_pb_text][\/et_pb_column][et_pb_column type=&#8221;3_4&#8243; _builder_version=&#8221;4.22.2&#8243; _module_preset=&#8221;default&#8221; global_colors_info=&#8221;{}&#8221;][et_pb_text _builder_version=&#8221;4.22.2&#8243; _module_preset=&#8221;default&#8221; custom_margin=&#8221;||4px||false|false&#8221; custom_padding=&#8221;0px||0px|31px|true|false&#8221; global_colors_info=&#8221;{}&#8221;]<\/p>\n<p><span style=\"font-size: 20px;\"><strong><span style=\"color: #003399;\">SAGS General Assembly open to all (and proposal for registration) \u2013 End of the first day<\/span><\/strong><\/span><\/p>\n<p>[\/et_pb_text][et_pb_text _builder_version=&#8221;4.24.0&#8243; _module_preset=&#8221;default&#8221; custom_margin=&#8221;||||false|false&#8221; custom_padding=&#8221;|||31px|true|false&#8221; global_colors_info=&#8221;{}&#8221;]<\/p>\n<p><span style=\"font-size: 16px;\"><strong>End of the first day<\/strong><\/span><\/p>\n<p>[\/et_pb_text][\/et_pb_column][\/et_pb_row][et_pb_row column_structure=&#8221;1_4,3_4&#8243; use_custom_gutter=&#8221;on&#8221; gutter_width=&#8221;1&#8243; make_equal=&#8221;on&#8221; _builder_version=&#8221;4.22.2&#8243; _module_preset=&#8221;default&#8221; custom_padding=&#8221;15px||15px||true|false&#8221; global_colors_info=&#8221;{}&#8221;][et_pb_column type=&#8221;1_4&#8243; _builder_version=&#8221;4.22.2&#8243; _module_preset=&#8221;default&#8221; global_colors_info=&#8221;{}&#8221;][et_pb_text _builder_version=&#8221;4.24.0&#8243; _module_preset=&#8221;default&#8221; custom_padding=&#8221;||30px||false|false&#8221; global_colors_info=&#8221;{}&#8221;]<\/p>\n<p>(v) : virtual attendance<\/p>\n<p>[\/et_pb_text][\/et_pb_column][et_pb_column type=&#8221;3_4&#8243; _builder_version=&#8221;4.22.2&#8243; _module_preset=&#8221;default&#8221; global_colors_info=&#8221;{}&#8221;][\/et_pb_column][\/et_pb_row][\/et_pb_section][et_pb_section fb_built=&#8221;1&#8243; _builder_version=&#8221;4.22.2&#8243; _module_preset=&#8221;default&#8221; custom_padding=&#8221;20px||20px||false|false&#8221; global_colors_info=&#8221;{}&#8221;][et_pb_row _builder_version=&#8221;4.22.2&#8243; _module_preset=&#8221;default&#8221; background_color=&#8221;#f4f4f4&#8243; custom_padding=&#8221;10px||10px||true|false&#8221; border_width_all=&#8221;1px&#8221; border_color_all=&#8221;#cccccc&#8221; global_colors_info=&#8221;{}&#8221;][et_pb_column type=&#8221;4_4&#8243; _builder_version=&#8221;4.22.2&#8243; _module_preset=&#8221;default&#8221; global_colors_info=&#8221;{}&#8221;][et_pb_button button_text=&#8221;FRIDAY, MARCH 8, 2024&#8243; button_alignment=&#8221;center&#8221; module_id=&#8221;btn-vendredi&#8221; _builder_version=&#8221;4.22.2&#8243; _module_preset=&#8221;default&#8221; custom_button=&#8221;on&#8221; button_text_color=&#8221;#003399&#8243; button_bg_color=&#8221;RGBA(255,255,255,0)&#8221; button_border_width=&#8221;0px&#8221; button_border_radius=&#8221;0px&#8221; button_letter_spacing=&#8221;0px&#8221; button_font=&#8221;Open Sans|700||on|||||&#8221; button_icon=&#8221;&#x4c;||divi||400&#8243; custom_margin=&#8221;||||false|false&#8221; custom_padding=&#8221;||||false|false&#8221; global_colors_info=&#8221;{}&#8221; button_text_color__hover_enabled=&#8221;on|desktop&#8221; button_text_color__hover=&#8221;#000000&#8243;][\/et_pb_button][\/et_pb_column][\/et_pb_row][\/et_pb_section][et_pb_section fb_built=&#8221;1&#8243; module_id=&#8221;section-vendredi&#8221; _builder_version=&#8221;4.22.2&#8243; _module_preset=&#8221;default&#8221; custom_padding=&#8221;0px||0px||true|false&#8221; global_colors_info=&#8221;{}&#8221;][et_pb_row column_structure=&#8221;1_4,3_4&#8243; use_custom_gutter=&#8221;on&#8221; gutter_width=&#8221;1&#8243; make_equal=&#8221;on&#8221; _builder_version=&#8221;4.22.2&#8243; _module_preset=&#8221;default&#8221; custom_padding=&#8221;15px||15px||true|false&#8221; global_colors_info=&#8221;{}&#8221;][et_pb_column type=&#8221;1_4&#8243; _builder_version=&#8221;4.22.2&#8243; _module_preset=&#8221;default&#8221; global_colors_info=&#8221;{}&#8221;][et_pb_text _builder_version=&#8221;4.24.0&#8243; _module_preset=&#8221;default&#8221; custom_padding=&#8221;||||false|false&#8221; custom_padding_tablet=&#8221;||30px||false|false&#8221; custom_padding_phone=&#8221;||30px||false|false&#8221; custom_padding_last_edited=&#8221;on|tablet&#8221; global_colors_info=&#8221;{}&#8221;]<\/p>\n<p style=\"text-align: center;\"><span style=\"font-size: 22px;\"><strong><span style=\"color: #5c67ca;\">8:00<\/span><\/strong><\/span><\/p>\n<p>[\/et_pb_text][\/et_pb_column][et_pb_column type=&#8221;3_4&#8243; _builder_version=&#8221;4.22.2&#8243; _module_preset=&#8221;default&#8221; global_colors_info=&#8221;{}&#8221;][et_pb_text _builder_version=&#8221;4.22.2&#8243; _module_preset=&#8221;default&#8221; global_colors_info=&#8221;{}&#8221;]<\/p>\n<p><span style=\"font-size: 20px;\"><strong><span style=\"color: #003399;\">Welcome of participants<\/span><\/strong><\/span><\/p>\n<p>[\/et_pb_text][\/et_pb_column][\/et_pb_row][et_pb_row column_structure=&#8221;1_4,3_4&#8243; use_custom_gutter=&#8221;on&#8221; gutter_width=&#8221;1&#8243; make_equal=&#8221;on&#8221; _builder_version=&#8221;4.22.2&#8243; _module_preset=&#8221;default&#8221; custom_padding=&#8221;15px||15px||true|false&#8221; global_colors_info=&#8221;{}&#8221;][et_pb_column type=&#8221;1_4&#8243; _builder_version=&#8221;4.22.2&#8243; _module_preset=&#8221;default&#8221; global_colors_info=&#8221;{}&#8221;][et_pb_text _builder_version=&#8221;4.22.2&#8243; _module_preset=&#8221;default&#8221; custom_padding=&#8221;||30px||false|false&#8221; global_colors_info=&#8221;{}&#8221;]<\/p>\n<p style=\"text-align: center;\"><span style=\"font-size: 22px;\"><strong><span style=\"color: #5c67ca;\">8:30<\/span><\/strong><\/span><\/p>\n<p>[\/et_pb_text][\/et_pb_column][et_pb_column type=&#8221;3_4&#8243; _builder_version=&#8221;4.22.2&#8243; _module_preset=&#8221;default&#8221; global_colors_info=&#8221;{}&#8221;][et_pb_text _builder_version=&#8221;4.24.0&#8243; _module_preset=&#8221;default&#8221; global_colors_info=&#8221;{}&#8221;]<\/p>\n<p style=\"text-align: justify;\"><span style=\"font-size: 20px;\"><span style=\"color: #003399;\"><strong>Plenary conference: 2024 World Sleep Day Theme: \u201cSleep and Physical Activity\u201d<\/strong><\/span><\/span><\/p>\n<p>[\/et_pb_text][et_pb_text _builder_version=&#8221;4.24.0&#8243; _module_preset=&#8221;default&#8221; global_colors_info=&#8221;{}&#8221;]<\/p>\n<p style=\"text-align: justify;\"><span style=\"font-size: 16px;\"><strong><span style=\"color: #000000;\">Dr. Bertrand De La Giclais, Argonay, France <\/span><\/strong><\/span><\/p>\n<p>[\/et_pb_text][et_pb_text _builder_version=&#8221;4.24.0&#8243; _module_preset=&#8221;default&#8221; global_colors_info=&#8221;{}&#8221;]<\/p>\n<p style=\"text-align: justify;\"><span style=\"font-size: 16px;\"><strong><span style=\"color: #4e5f70;\">Moderator : Dr. David Bessey<\/span><\/strong><\/span><\/p>\n<p>[\/et_pb_text][\/et_pb_column][\/et_pb_row][et_pb_row column_structure=&#8221;1_4,3_4&#8243; use_custom_gutter=&#8221;on&#8221; gutter_width=&#8221;1&#8243; make_equal=&#8221;on&#8221; _builder_version=&#8221;4.22.2&#8243; _module_preset=&#8221;default&#8221; custom_padding=&#8221;15px||15px||true|false&#8221; global_colors_info=&#8221;{}&#8221;][et_pb_column type=&#8221;1_4&#8243; _builder_version=&#8221;4.22.2&#8243; _module_preset=&#8221;default&#8221; global_colors_info=&#8221;{}&#8221;][et_pb_text _builder_version=&#8221;4.24.0&#8243; _module_preset=&#8221;default&#8221; custom_padding=&#8221;||30px||false|false&#8221; global_colors_info=&#8221;{}&#8221;]<\/p>\n<p style=\"text-align: center;\"><span style=\"font-size: 22px;\"><strong><span style=\"color: #5c67ca;\">9:15<\/span><\/strong><\/span><\/p>\n<p>[\/et_pb_text][\/et_pb_column][et_pb_column type=&#8221;3_4&#8243; _builder_version=&#8221;4.22.2&#8243; _module_preset=&#8221;default&#8221; global_colors_info=&#8221;{}&#8221;][et_pb_text _builder_version=&#8221;4.24.0&#8243; _module_preset=&#8221;default&#8221; global_colors_info=&#8221;{}&#8221;]<\/p>\n<p style=\"text-align: justify;\"><span style=\"font-size: 20px;\"><span style=\"color: #003399;\"><strong>Plenary conference: \u00ab Clinical Profiles in Sleep Disorders: Updating to the Era of \u00ab Odd ratio Products \u00bb based on EEG-PSG recordings \u00bb<\/strong><\/span><\/span><\/p>\n<p>[\/et_pb_text][et_pb_text _builder_version=&#8221;4.24.0&#8243; _module_preset=&#8221;default&#8221; global_colors_info=&#8221;{}&#8221;]<\/p>\n<p style=\"text-align: justify;\"><span style=\"font-size: 16px;\"><strong><span style=\"color: #000000;\">Pr. Pr. C\u00e9lyne H. Bastien, Montr\u00e9al, Canada<\/span><\/strong><\/span><\/p>\n<p>[\/et_pb_text][et_pb_text _builder_version=&#8221;4.24.2&#8243; _module_preset=&#8221;default&#8221; hover_enabled=&#8221;0&#8243; global_colors_info=&#8221;{}&#8221; sticky_enabled=&#8221;0&#8243;]<\/p>\n<p style=\"text-align: justify;\"><span style=\"font-size: 16px;\"><strong><span style=\"color: #000000;\">Past president of the Canadian Sleep Society<\/span><\/strong><\/span><\/p>\n<p>[\/et_pb_text][et_pb_text _builder_version=&#8221;4.24.0&#8243; _module_preset=&#8221;default&#8221; global_colors_info=&#8221;{}&#8221;]<\/p>\n<p style=\"text-align: justify;\"><span style=\"font-size: 16px;\"><strong><span style=\"color: #4e5f70;\">Moderators : Dr. Thanh Dang-Vu &amp; Pr. Yves Dauvilliers<\/span><\/strong><\/span><\/p>\n<p>[\/et_pb_text][\/et_pb_column][\/et_pb_row][et_pb_row column_structure=&#8221;1_4,3_4&#8243; use_custom_gutter=&#8221;on&#8221; gutter_width=&#8221;1&#8243; make_equal=&#8221;on&#8221; _builder_version=&#8221;4.22.2&#8243; _module_preset=&#8221;default&#8221; custom_padding=&#8221;15px||15px||true|false&#8221; global_colors_info=&#8221;{}&#8221;][et_pb_column type=&#8221;1_4&#8243; _builder_version=&#8221;4.22.2&#8243; _module_preset=&#8221;default&#8221; global_colors_info=&#8221;{}&#8221;][et_pb_text _builder_version=&#8221;4.24.0&#8243; _module_preset=&#8221;default&#8221; custom_padding=&#8221;||30px||false|false&#8221; global_colors_info=&#8221;{}&#8221;]<\/p>\n<p style=\"text-align: center;\"><span style=\"font-size: 22px;\"><strong><span style=\"color: #5c67ca;\">10:00<\/span><\/strong><\/span><\/p>\n<p>[\/et_pb_text][\/et_pb_column][et_pb_column type=&#8221;3_4&#8243; _builder_version=&#8221;4.22.2&#8243; _module_preset=&#8221;default&#8221; global_colors_info=&#8221;{}&#8221;][et_pb_text _builder_version=&#8221;4.24.0&#8243; _module_preset=&#8221;default&#8221; global_colors_info=&#8221;{}&#8221;]<\/p>\n<p style=\"text-align: justify;\"><span style=\"font-size: 20px;\"><span style=\"color: #003399;\"><strong>Break, visit of the exhibition hall: <strong style=\"font-size: 20px;\"><span style=\"color: #5c67ca;\">Room<\/span><\/strong><span style=\"font-size: 20px; color: #5c67ca;\">\u00ab <\/span><strong style=\"font-size: 20px;\"><span style=\"color: #5c67ca;\">Route du Rhum <\/span><\/strong><span style=\"font-size: 20px; color: #5c67ca;\">\u00bb<\/span><\/strong><\/span><\/span><\/p>\n<p>[\/et_pb_text][\/et_pb_column][\/et_pb_row][et_pb_row column_structure=&#8221;1_4,3_4&#8243; use_custom_gutter=&#8221;on&#8221; gutter_width=&#8221;1&#8243; make_equal=&#8221;on&#8221; _builder_version=&#8221;4.22.2&#8243; _module_preset=&#8221;default&#8221; custom_padding=&#8221;15px||15px||true|false&#8221; global_colors_info=&#8221;{}&#8221;][et_pb_column type=&#8221;1_4&#8243; _builder_version=&#8221;4.22.2&#8243; _module_preset=&#8221;default&#8221; global_colors_info=&#8221;{}&#8221;][et_pb_text _builder_version=&#8221;4.24.0&#8243; _module_preset=&#8221;default&#8221; custom_padding=&#8221;||30px||false|false&#8221; global_colors_info=&#8221;{}&#8221;]<\/p>\n<p style=\"text-align: center;\"><span style=\"font-size: 22px;\"><strong><span style=\"color: #5c67ca;\">10:30 &#8211; 12:30<\/span><\/strong><\/span><\/p>\n<p>[\/et_pb_text][\/et_pb_column][et_pb_column type=&#8221;3_4&#8243; _builder_version=&#8221;4.22.2&#8243; _module_preset=&#8221;default&#8221; global_colors_info=&#8221;{}&#8221;][et_pb_text _builder_version=&#8221;4.22.2&#8243; _module_preset=&#8221;default&#8221; custom_margin=&#8221;||4px||false|false&#8221; global_colors_info=&#8221;{}&#8221;]<\/p>\n<p style=\"text-align: justify;\"><span style=\"font-size: 20px;\"><span style=\"color: #003399;\"><strong>Parallel sessions \/ room \/ topic :<\/strong><\/span><\/span><\/p>\n<p>[\/et_pb_text][et_pb_text _builder_version=&#8221;4.24.0&#8243; _module_preset=&#8221;default&#8221; custom_margin=&#8221;||4px||false|false&#8221; custom_padding=&#8221;|||31px|true|false&#8221; global_colors_info=&#8221;{}&#8221;]<\/p>\n<p><span style=\"font-size: 20px;\"><span style=\"color: #5c67ca;\"><strong>Room \u00ab Fort Royal 1 &amp; 2 \u00bb :<\/strong><\/span> Sleep &amp; ENT<\/span><\/p>\n<p>[\/et_pb_text][et_pb_text _builder_version=&#8221;4.24.0&#8243; _module_preset=&#8221;default&#8221; custom_margin=&#8221;||||false|false&#8221; custom_padding=&#8221;|||31px|true|false&#8221; global_colors_info=&#8221;{}&#8221;]<\/p>\n<p><span style=\"font-size: 20px;\"><strong><span style=\"color: #5c67ca;\">Room \u00ab Fort Royal 3 &amp; 4 \u00bb :<\/span><\/strong><span style=\"color: #003399;\"><strong> <\/strong><\/span>Sleep &amp; Major Neurocognitive Disorders<\/span><\/p>\n<p>[\/et_pb_text][\/et_pb_column][\/et_pb_row][et_pb_row column_structure=&#8221;1_4,3_4&#8243; use_custom_gutter=&#8221;on&#8221; gutter_width=&#8221;1&#8243; make_equal=&#8221;on&#8221; _builder_version=&#8221;4.22.2&#8243; _module_preset=&#8221;default&#8221; custom_padding=&#8221;15px||15px||true|false&#8221; global_colors_info=&#8221;{}&#8221;][et_pb_column type=&#8221;1_4&#8243; _builder_version=&#8221;4.22.2&#8243; _module_preset=&#8221;default&#8221; global_colors_info=&#8221;{}&#8221;][\/et_pb_column][et_pb_column type=&#8221;3_4&#8243; _builder_version=&#8221;4.22.2&#8243; _module_preset=&#8221;default&#8221; global_colors_info=&#8221;{}&#8221;][et_pb_text _builder_version=&#8221;4.22.2&#8243; _module_preset=&#8221;default&#8221; custom_margin=&#8221;||4px||false|false&#8221; global_colors_info=&#8221;{}&#8221;]<\/p>\n<p style=\"text-align: justify;\"><span style=\"font-size: 20px;\"><strong><span style=\"color: #003399;\">Session 5 : Sleep and ENT<\/span><\/strong><\/span><\/p>\n<p>[\/et_pb_text][et_pb_text _builder_version=&#8221;4.24.0&#8243; _module_preset=&#8221;default&#8221; custom_margin=&#8221;||4px||false|false&#8221; custom_padding=&#8221;|||31px|true|false&#8221; global_colors_info=&#8221;{}&#8221;]<\/p>\n<p><span style=\"font-size: 16px;\"><strong><span style=\"color: #4e5f70;\">Moderator : Pr. Suzy Duflo<\/span><\/strong><\/span><\/p>\n<p>[\/et_pb_text][et_pb_text _builder_version=&#8221;4.24.0&#8243; _module_preset=&#8221;default&#8221; custom_margin=&#8221;||||false|false&#8221; custom_padding=&#8221;25px||||false|false&#8221; global_colors_info=&#8221;{}&#8221;]<\/p>\n<p style=\"text-align: justify;\"><span style=\"font-size: 20px;\"><strong><span style=\"color: #5c67ca;\">Room \u00ab <\/span><\/strong><span style=\"color: #5c67ca;\"><strong>Fort Royal<\/strong><\/span><strong><span style=\"color: #5c67ca;\"> 1 &amp; 2 \u00bb<\/span><\/strong><\/span><\/p>\n<p>[\/et_pb_text][\/et_pb_column][\/et_pb_row][et_pb_row column_structure=&#8221;1_4,3_4&#8243; use_custom_gutter=&#8221;on&#8221; gutter_width=&#8221;1&#8243; make_equal=&#8221;on&#8221; _builder_version=&#8221;4.22.2&#8243; _module_preset=&#8221;default&#8221; custom_padding=&#8221;15px||15px||true|false&#8221; global_colors_info=&#8221;{}&#8221;][et_pb_column type=&#8221;1_4&#8243; _builder_version=&#8221;4.22.2&#8243; _module_preset=&#8221;default&#8221; global_colors_info=&#8221;{}&#8221;][et_pb_text _builder_version=&#8221;4.24.0&#8243; _module_preset=&#8221;default&#8221; custom_padding=&#8221;||30px||false|false&#8221; global_colors_info=&#8221;{}&#8221;]<\/p>\n<p style=\"text-align: center;\"><span style=\"font-size: 22px;\"><strong><span style=\"color: #5c67ca;\">10:30<\/span><\/strong><\/span><\/p>\n<p>[\/et_pb_text][\/et_pb_column][et_pb_column type=&#8221;3_4&#8243; _builder_version=&#8221;4.22.2&#8243; _module_preset=&#8221;default&#8221; global_colors_info=&#8221;{}&#8221;][et_pb_text _builder_version=&#8221;4.24.0&#8243; _module_preset=&#8221;default&#8221; custom_margin=&#8221;||4px||false|false&#8221; custom_padding=&#8221;|||31px|true|false&#8221; global_colors_info=&#8221;{}&#8221;]<\/p>\n<p><span style=\"font-size: 20px;\"><span style=\"color: #003399;\"><strong>OSA &amp; News in Implanted Hypoglossal Nerve Stimulation<\/strong><\/span><\/span><\/p>\n<p>[\/et_pb_text][et_pb_text _builder_version=&#8221;4.24.0&#8243; _module_preset=&#8221;default&#8221; custom_margin=&#8221;||||false|false&#8221; custom_padding=&#8221;|||31px|true|false&#8221; global_colors_info=&#8221;{}&#8221;]<\/p>\n<p><span style=\"font-size: 16px;\"><strong><span style=\"color: #000000;\">Pr. Olivier Vanderveken, Anvers, Belgique<\/span><\/strong><\/span><\/p>\n<p>[\/et_pb_text][\/et_pb_column][\/et_pb_row][et_pb_row column_structure=&#8221;1_4,3_4&#8243; use_custom_gutter=&#8221;on&#8221; gutter_width=&#8221;1&#8243; make_equal=&#8221;on&#8221; _builder_version=&#8221;4.22.2&#8243; _module_preset=&#8221;default&#8221; custom_padding=&#8221;15px||15px||true|false&#8221; global_colors_info=&#8221;{}&#8221;][et_pb_column type=&#8221;1_4&#8243; _builder_version=&#8221;4.22.2&#8243; _module_preset=&#8221;default&#8221; global_colors_info=&#8221;{}&#8221;][et_pb_text _builder_version=&#8221;4.24.0&#8243; _module_preset=&#8221;default&#8221; custom_padding=&#8221;||30px||false|false&#8221; global_colors_info=&#8221;{}&#8221;]<\/p>\n<p style=\"text-align: center;\"><span style=\"font-size: 22px;\"><strong><span style=\"color: #5c67ca;\">11:00<\/span><\/strong><\/span><\/p>\n<p>[\/et_pb_text][\/et_pb_column][et_pb_column type=&#8221;3_4&#8243; _builder_version=&#8221;4.22.2&#8243; _module_preset=&#8221;default&#8221; global_colors_info=&#8221;{}&#8221;][et_pb_text _builder_version=&#8221;4.24.0&#8243; _module_preset=&#8221;default&#8221; custom_margin=&#8221;||4px||false|false&#8221; custom_padding=&#8221;|||31px|true|false&#8221; global_colors_info=&#8221;{}&#8221;]<\/p>\n<p><span style=\"font-size: 20px;\"><span style=\"color: #003399;\"><strong>News in Drug-Induced Sleep endoscopy<\/strong><\/span><\/span><\/p>\n<p>[\/et_pb_text][et_pb_text _builder_version=&#8221;4.24.0&#8243; _module_preset=&#8221;default&#8221; custom_margin=&#8221;||||false|false&#8221; custom_padding=&#8221;|||31px|true|false&#8221; global_colors_info=&#8221;{}&#8221;]<\/p>\n<p><span style=\"font-size: 16px;\"><strong><span style=\"color: #000000;\">Pr. Olivier Vanderveken, Anvers, Belgique<\/span><\/strong><\/span><\/p>\n<p>[\/et_pb_text][\/et_pb_column][\/et_pb_row][et_pb_row column_structure=&#8221;1_4,3_4&#8243; use_custom_gutter=&#8221;on&#8221; gutter_width=&#8221;1&#8243; make_equal=&#8221;on&#8221; _builder_version=&#8221;4.22.2&#8243; _module_preset=&#8221;default&#8221; custom_padding=&#8221;15px||15px||true|false&#8221; global_colors_info=&#8221;{}&#8221;][et_pb_column type=&#8221;1_4&#8243; _builder_version=&#8221;4.22.2&#8243; _module_preset=&#8221;default&#8221; global_colors_info=&#8221;{}&#8221;][et_pb_text _builder_version=&#8221;4.24.0&#8243; _module_preset=&#8221;default&#8221; custom_padding=&#8221;||30px||false|false&#8221; global_colors_info=&#8221;{}&#8221;]<\/p>\n<p style=\"text-align: center;\"><span style=\"font-size: 22px;\"><strong><span style=\"color: #5c67ca;\">11:30<\/span><\/strong><\/span><\/p>\n<p>[\/et_pb_text][\/et_pb_column][et_pb_column type=&#8221;3_4&#8243; _builder_version=&#8221;4.22.2&#8243; _module_preset=&#8221;default&#8221; global_colors_info=&#8221;{}&#8221;][et_pb_text _builder_version=&#8221;4.24.0&#8243; _module_preset=&#8221;default&#8221; custom_margin=&#8221;||4px||false|false&#8221; custom_padding=&#8221;|||31px|true|false&#8221; global_colors_info=&#8221;{}&#8221;]<\/p>\n<p><span style=\"font-size: 20px;\"><span style=\"color: #003399;\"><strong>Maxillo-facial surgery: for who? What to expect ? What to expect ?<\/strong><\/span><\/span><\/p>\n<p>[\/et_pb_text][et_pb_text _builder_version=&#8221;4.22.2&#8243; _module_preset=&#8221;default&#8221; custom_margin=&#8221;||||false|false&#8221; custom_padding=&#8221;|||31px|true|false&#8221; global_colors_info=&#8221;{}&#8221;]<\/p>\n<p><span style=\"font-size: 16px;\"><strong>Dr. Boris Petelle, Paris, France<\/strong><\/span><\/p>\n<p>[\/et_pb_text][\/et_pb_column][\/et_pb_row][et_pb_row column_structure=&#8221;1_4,3_4&#8243; use_custom_gutter=&#8221;on&#8221; gutter_width=&#8221;1&#8243; make_equal=&#8221;on&#8221; _builder_version=&#8221;4.22.2&#8243; _module_preset=&#8221;default&#8221; custom_padding=&#8221;15px||15px||true|false&#8221; global_colors_info=&#8221;{}&#8221;][et_pb_column type=&#8221;1_4&#8243; _builder_version=&#8221;4.22.2&#8243; _module_preset=&#8221;default&#8221; global_colors_info=&#8221;{}&#8221;][et_pb_text _builder_version=&#8221;4.24.0&#8243; _module_preset=&#8221;default&#8221; custom_padding=&#8221;||30px||false|false&#8221; global_colors_info=&#8221;{}&#8221;]<\/p>\n<p style=\"text-align: center;\"><span style=\"font-size: 22px;\"><strong><span style=\"color: #5c67ca;\">12:00<\/span><\/strong><\/span><\/p>\n<p>[\/et_pb_text][\/et_pb_column][et_pb_column type=&#8221;3_4&#8243; _builder_version=&#8221;4.22.2&#8243; _module_preset=&#8221;default&#8221; global_colors_info=&#8221;{}&#8221;][et_pb_text _builder_version=&#8221;4.24.0&#8243; _module_preset=&#8221;default&#8221; custom_margin=&#8221;||4px||false|false&#8221; custom_padding=&#8221;|||31px|true|false&#8221; global_colors_info=&#8221;{}&#8221;]<\/p>\n<p><span style=\"font-size: 20px;\"><span style=\"color: #003399;\"><strong>Snoring &amp; mouth breathing from childhood to adulthood<\/strong><\/span><\/span><\/p>\n<p>[\/et_pb_text][et_pb_text _builder_version=&#8221;4.24.0&#8243; _module_preset=&#8221;default&#8221; custom_margin=&#8221;||||false|false&#8221; custom_padding=&#8221;|||31px|true|false&#8221; global_colors_info=&#8221;{}&#8221;]<\/p>\n<p><span style=\"font-size: 16px;\"><strong>Dr. Lorena-Raluca Barbat (v), Guadeloupe<\/strong><\/span><\/p>\n<p>[\/et_pb_text][\/et_pb_column][\/et_pb_row][et_pb_row column_structure=&#8221;1_4,3_4&#8243; use_custom_gutter=&#8221;on&#8221; gutter_width=&#8221;1&#8243; make_equal=&#8221;on&#8221; _builder_version=&#8221;4.22.2&#8243; _module_preset=&#8221;default&#8221; custom_padding=&#8221;15px||15px||true|false&#8221; global_colors_info=&#8221;{}&#8221;][et_pb_column type=&#8221;1_4&#8243; _builder_version=&#8221;4.22.2&#8243; _module_preset=&#8221;default&#8221; global_colors_info=&#8221;{}&#8221;][\/et_pb_column][et_pb_column type=&#8221;3_4&#8243; _builder_version=&#8221;4.22.2&#8243; _module_preset=&#8221;default&#8221; global_colors_info=&#8221;{}&#8221;][et_pb_text _builder_version=&#8221;4.22.2&#8243; _module_preset=&#8221;default&#8221; custom_margin=&#8221;||4px||false|false&#8221; global_colors_info=&#8221;{}&#8221;]<\/p>\n<p style=\"text-align: justify;\"><span style=\"font-size: 20px;\"><strong><span style=\"color: #003399;\">Session 6 : Sleep and Major Neurocognitive Disorders<\/span><\/strong><\/span><\/p>\n<p>[\/et_pb_text][et_pb_text _builder_version=&#8221;4.24.0&#8243; _module_preset=&#8221;default&#8221; custom_margin=&#8221;||4px||false|false&#8221; custom_padding=&#8221;|||31px|true|false&#8221; global_colors_info=&#8221;{}&#8221;]<\/p>\n<p><span style=\"font-size: 16px;\"><strong><span style=\"color: #4e5f70;\">Moderators : Pr. Isabelle Arnulf, Pr. Jo\u00ebl Belmin &amp; Pr. Annie Lannuzel<\/span><\/strong><\/span><\/p>\n<p>[\/et_pb_text][et_pb_text _builder_version=&#8221;4.24.0&#8243; _module_preset=&#8221;default&#8221; custom_margin=&#8221;||||false|false&#8221; custom_padding=&#8221;25px||||false|false&#8221; global_colors_info=&#8221;{}&#8221;]<\/p>\n<p style=\"text-align: justify;\"><span style=\"font-size: 20px;\"><strong><span style=\"color: #5c67ca;\">Room \u00ab <\/span><\/strong> <span style=\"color: #5c67ca;\"><strong>Fort Royal 3 &amp; 4 <\/strong><\/span><\/span><span style=\"font-size: 20px;\"><strong><span style=\"color: #5c67ca;\">\u00bb<\/span><\/strong><\/span><\/p>\n<p>[\/et_pb_text][\/et_pb_column][\/et_pb_row][et_pb_row column_structure=&#8221;1_4,3_4&#8243; use_custom_gutter=&#8221;on&#8221; gutter_width=&#8221;1&#8243; make_equal=&#8221;on&#8221; _builder_version=&#8221;4.22.2&#8243; _module_preset=&#8221;default&#8221; custom_padding=&#8221;15px||15px||true|false&#8221; global_colors_info=&#8221;{}&#8221;][et_pb_column type=&#8221;1_4&#8243; _builder_version=&#8221;4.22.2&#8243; _module_preset=&#8221;default&#8221; global_colors_info=&#8221;{}&#8221;][et_pb_text _builder_version=&#8221;4.24.0&#8243; _module_preset=&#8221;default&#8221; custom_padding=&#8221;||30px||false|false&#8221; global_colors_info=&#8221;{}&#8221;]<\/p>\n<p style=\"text-align: center;\"><span style=\"font-size: 22px;\"><strong><span style=\"color: #5c67ca;\">10:30<\/span><\/strong><\/span><\/p>\n<p>[\/et_pb_text][\/et_pb_column][et_pb_column type=&#8221;3_4&#8243; _builder_version=&#8221;4.22.2&#8243; _module_preset=&#8221;default&#8221; global_colors_info=&#8221;{}&#8221;][et_pb_text _builder_version=&#8221;4.22.2&#8243; _module_preset=&#8221;default&#8221; custom_margin=&#8221;||4px||false|false&#8221; custom_padding=&#8221;0px||0px|31px|true|false&#8221; global_colors_info=&#8221;{}&#8221;]<\/p>\n<p><span style=\"font-size: 20px;\"><span style=\"color: #003399;\"><strong>Sleep &amp; Parkinson<\/strong><\/span><\/span><\/p>\n<p>[\/et_pb_text][et_pb_text _builder_version=&#8221;4.24.0&#8243; _module_preset=&#8221;default&#8221; custom_margin=&#8221;||||false|false&#8221; custom_padding=&#8221;|||31px|true|false&#8221; global_colors_info=&#8221;{}&#8221;]<\/p>\n<p><span style=\"font-size: 16px;\"><strong><span style=\"color: #000000;\">Pr. Isabelle Arnulf, Paris, France<\/span><\/strong><\/span><\/p>\n<p>[\/et_pb_text][\/et_pb_column][\/et_pb_row][et_pb_row column_structure=&#8221;1_4,3_4&#8243; use_custom_gutter=&#8221;on&#8221; gutter_width=&#8221;1&#8243; make_equal=&#8221;on&#8221; _builder_version=&#8221;4.22.2&#8243; _module_preset=&#8221;default&#8221; custom_padding=&#8221;15px||15px||true|false&#8221; global_colors_info=&#8221;{}&#8221;][et_pb_column type=&#8221;1_4&#8243; _builder_version=&#8221;4.22.2&#8243; _module_preset=&#8221;default&#8221; global_colors_info=&#8221;{}&#8221;][et_pb_text _builder_version=&#8221;4.24.0&#8243; _module_preset=&#8221;default&#8221; custom_padding=&#8221;||30px||false|false&#8221; global_colors_info=&#8221;{}&#8221;]<\/p>\n<p style=\"text-align: center;\"><span style=\"font-size: 22px;\"><strong><span style=\"color: #5c67ca;\">11:00<\/span><\/strong><\/span><\/p>\n<p>[\/et_pb_text][\/et_pb_column][et_pb_column type=&#8221;3_4&#8243; _builder_version=&#8221;4.22.2&#8243; _module_preset=&#8221;default&#8221; global_colors_info=&#8221;{}&#8221;][et_pb_text _builder_version=&#8221;4.24.0&#8243; _module_preset=&#8221;default&#8221; custom_margin=&#8221;||4px||false|false&#8221; custom_padding=&#8221;0px||0px|31px|true|false&#8221; global_colors_info=&#8221;{}&#8221;]<\/p>\n<p><span style=\"font-size: 20px;\"><span style=\"color: #003399;\"><strong>OSA &amp; risk of Alzheimer\u2019s disease<\/strong><\/span><\/span><\/p>\n<p>[\/et_pb_text][et_pb_text _builder_version=&#8221;4.24.0&#8243; _module_preset=&#8221;default&#8221; custom_margin=&#8221;||||false|false&#8221; custom_padding=&#8221;|||31px|true|false&#8221; global_colors_info=&#8221;{}&#8221;]<\/p>\n<p><span style=\"font-size: 16px;\"><strong>Pr. Fannie Onen, Paris, France<\/strong><\/span><\/p>\n<p>[\/et_pb_text][\/et_pb_column][\/et_pb_row][et_pb_row column_structure=&#8221;1_4,3_4&#8243; use_custom_gutter=&#8221;on&#8221; gutter_width=&#8221;1&#8243; make_equal=&#8221;on&#8221; _builder_version=&#8221;4.22.2&#8243; _module_preset=&#8221;default&#8221; custom_padding=&#8221;15px||15px||true|false&#8221; global_colors_info=&#8221;{}&#8221;][et_pb_column type=&#8221;1_4&#8243; _builder_version=&#8221;4.22.2&#8243; _module_preset=&#8221;default&#8221; global_colors_info=&#8221;{}&#8221;][et_pb_text _builder_version=&#8221;4.24.0&#8243; _module_preset=&#8221;default&#8221; custom_padding=&#8221;||30px||false|false&#8221; global_colors_info=&#8221;{}&#8221;]<\/p>\n<p style=\"text-align: center;\"><span style=\"font-size: 22px;\"><strong><span style=\"color: #5c67ca;\">11:30<\/span><\/strong><\/span><\/p>\n<p>[\/et_pb_text][\/et_pb_column][et_pb_column type=&#8221;3_4&#8243; _builder_version=&#8221;4.22.2&#8243; _module_preset=&#8221;default&#8221; global_colors_info=&#8221;{}&#8221;][et_pb_text _builder_version=&#8221;4.24.0&#8243; _module_preset=&#8221;default&#8221; custom_margin=&#8221;||4px||false|false&#8221; custom_padding=&#8221;0px||0px|31px|true|false&#8221; global_colors_info=&#8221;{}&#8221;]<\/p>\n<p><span style=\"font-size: 20px;\"><strong><span style=\"color: #003399;\">Sleep &amp; Cognitive Health: Mechanisms &amp; Clinical Perspectives<\/span><\/strong><\/span><\/p>\n<p>[\/et_pb_text][et_pb_text _builder_version=&#8221;4.22.2&#8243; _module_preset=&#8221;default&#8221; custom_margin=&#8221;||||false|false&#8221; custom_padding=&#8221;|||31px|true|false&#8221; global_colors_info=&#8221;{}&#8221;]<\/p>\n<p><span style=\"font-size: 16px;\"><strong>Dr. Thanh Dang-Vu, Montr\u00e9al, Canada<\/strong><\/span><\/p>\n<p>[\/et_pb_text][\/et_pb_column][\/et_pb_row][et_pb_row column_structure=&#8221;1_4,3_4&#8243; use_custom_gutter=&#8221;on&#8221; gutter_width=&#8221;1&#8243; make_equal=&#8221;on&#8221; _builder_version=&#8221;4.22.2&#8243; _module_preset=&#8221;default&#8221; custom_padding=&#8221;15px||15px||true|false&#8221; global_colors_info=&#8221;{}&#8221;][et_pb_column type=&#8221;1_4&#8243; _builder_version=&#8221;4.22.2&#8243; _module_preset=&#8221;default&#8221; global_colors_info=&#8221;{}&#8221;][et_pb_text _builder_version=&#8221;4.24.0&#8243; _module_preset=&#8221;default&#8221; custom_padding=&#8221;||30px||false|false&#8221; global_colors_info=&#8221;{}&#8221;]<\/p>\n<p style=\"text-align: center;\"><span style=\"font-size: 22px;\"><strong><span style=\"color: #5c67ca;\">12:00<\/span><\/strong><\/span><\/p>\n<p>[\/et_pb_text][\/et_pb_column][et_pb_column type=&#8221;3_4&#8243; _builder_version=&#8221;4.22.2&#8243; _module_preset=&#8221;default&#8221; global_colors_info=&#8221;{}&#8221;][et_pb_text _builder_version=&#8221;4.24.0&#8243; _module_preset=&#8221;default&#8221; custom_margin=&#8221;||4px||false|false&#8221; custom_padding=&#8221;0px||0px|31px|true|false&#8221; global_colors_info=&#8221;{}&#8221;]<\/p>\n<p><span style=\"font-size: 20px;\"><strong><span style=\"color: #003399;\">OSA &amp; Cognitive Decline in the elderly<\/span><\/strong><\/span><\/p>\n<p>[\/et_pb_text][et_pb_text _builder_version=&#8221;4.22.2&#8243; _module_preset=&#8221;default&#8221; custom_margin=&#8221;||||false|false&#8221; custom_padding=&#8221;|||31px|true|false&#8221; global_colors_info=&#8221;{}&#8221;]<\/p>\n<p><span style=\"font-size: 16px;\"><strong>Dr. Raphael Heinzer, Lausanne, Switzerland<\/strong><\/span><\/p>\n<p>[\/et_pb_text][\/et_pb_column][\/et_pb_row][et_pb_row column_structure=&#8221;1_4,3_4&#8243; use_custom_gutter=&#8221;on&#8221; gutter_width=&#8221;1&#8243; make_equal=&#8221;on&#8221; _builder_version=&#8221;4.24.2&#8243; _module_preset=&#8221;default&#8221; custom_padding=&#8221;15px||15px||true|false&#8221; global_colors_info=&#8221;{}&#8221;][et_pb_column type=&#8221;1_4&#8243; _builder_version=&#8221;4.22.2&#8243; _module_preset=&#8221;default&#8221; global_colors_info=&#8221;{}&#8221;][et_pb_text _builder_version=&#8221;4.24.2&#8243; _module_preset=&#8221;default&#8221; custom_padding=&#8221;||15px||false|false&#8221; global_colors_info=&#8221;{}&#8221;]<\/p>\n<p style=\"text-align: center;\"><span style=\"font-size: 22px;\"><strong><span style=\"color: #5c67ca;\">12:30 &#8211; 13:15<\/span><\/strong><\/span><\/p>\n<p>[\/et_pb_text][et_pb_image src=&#8221;https:\/\/2024.sags-congress.com\/wp-content\/uploads\/2024\/01\/Bastide_.png&#8221; title_text=&#8221;Bastide_&#8221; align=&#8221;center&#8221; _builder_version=&#8221;4.24.2&#8243; _module_preset=&#8221;default&#8221; width=&#8221;30%&#8221; hover_enabled=&#8221;0&#8243; global_colors_info=&#8221;{}&#8221; width_last_edited=&#8221;on|phone&#8221; sticky_enabled=&#8221;0&#8243; width_tablet=&#8221;30%&#8221; width_phone=&#8221;30%&#8221; custom_margin_last_edited=&#8221;on|phone&#8221; custom_margin_tablet=&#8221;||20px||false|false&#8221; custom_margin_phone=&#8221;||20px||false|false&#8221;][\/et_pb_image][\/et_pb_column][et_pb_column type=&#8221;3_4&#8243; _builder_version=&#8221;4.22.2&#8243; _module_preset=&#8221;default&#8221; global_colors_info=&#8221;{}&#8221;][et_pb_text _builder_version=&#8221;4.24.0&#8243; _module_preset=&#8221;default&#8221; custom_margin=&#8221;||||false|false&#8221; custom_padding=&#8221;|||31px|true|false&#8221; global_colors_info=&#8221;{}&#8221;]<\/p>\n<p><span style=\"font-size: 16px;\"><strong><span style=\"color: #5c67ca;\">Symposium &#8211; Room \u00ab Fort Royal 1 &amp; 2 \u00bb<\/span><\/strong><\/span><\/p>\n<p>[\/et_pb_text][et_pb_text _builder_version=&#8221;4.24.0&#8243; _module_preset=&#8221;default&#8221; custom_margin=&#8221;||4px||false|false&#8221; custom_padding=&#8221;1px||1px|31px|true|false&#8221; global_colors_info=&#8221;{}&#8221;]<\/p>\n<p><span style=\"font-size: 20px;\"><strong><span style=\"color: #003399;\">OSA &amp; Pregnant women<\/span><\/strong><\/span><\/p>\n<p>[\/et_pb_text][et_pb_text _builder_version=&#8221;4.24.0&#8243; _module_preset=&#8221;default&#8221; custom_margin=&#8221;||||false|false&#8221; custom_padding=&#8221;|||31px|true|false&#8221; global_colors_info=&#8221;{}&#8221;]<\/p>\n<p><span style=\"font-size: 16px;\"><strong>Dr. Kelly Guichard, Bordeaux, France<\/strong><\/span><\/p>\n<p>[\/et_pb_text][\/et_pb_column][\/et_pb_row][et_pb_row column_structure=&#8221;1_4,3_4&#8243; use_custom_gutter=&#8221;on&#8221; gutter_width=&#8221;1&#8243; make_equal=&#8221;on&#8221; _builder_version=&#8221;4.22.2&#8243; _module_preset=&#8221;default&#8221; custom_padding=&#8221;15px||15px||true|false&#8221; global_colors_info=&#8221;{}&#8221;][et_pb_column type=&#8221;1_4&#8243; _builder_version=&#8221;4.22.2&#8243; _module_preset=&#8221;default&#8221; global_colors_info=&#8221;{}&#8221;][et_pb_text _builder_version=&#8221;4.24.2&#8243; _module_preset=&#8221;default&#8221; custom_padding=&#8221;||15px||false|false&#8221; global_colors_info=&#8221;{}&#8221;]<\/p>\n<p style=\"text-align: center;\"><span style=\"font-size: 22px;\"><strong><span style=\"color: #5c67ca;\">12:30 &#8211; 13:15<\/span><\/strong><\/span><\/p>\n<p>[\/et_pb_text][et_pb_image src=&#8221;https:\/\/2024.sags-congress.com\/wp-content\/uploads\/2024\/02\/CIST-DIRECTION.png&#8221; title_text=&#8221;CIST + DIRECTION&#8221; align=&#8221;center&#8221; _builder_version=&#8221;4.24.2&#8243; _module_preset=&#8221;default&#8221; width=&#8221;30%&#8221; hover_enabled=&#8221;0&#8243; global_colors_info=&#8221;{}&#8221; width_last_edited=&#8221;on|phone&#8221; sticky_enabled=&#8221;0&#8243; width_tablet=&#8221;30%&#8221; width_phone=&#8221;30%&#8221; custom_margin_last_edited=&#8221;on|phone&#8221; custom_margin_tablet=&#8221;||20px||false|false&#8221; custom_margin_phone=&#8221;||20px||false|false&#8221;][\/et_pb_image][\/et_pb_column][et_pb_column type=&#8221;3_4&#8243; _builder_version=&#8221;4.22.2&#8243; _module_preset=&#8221;default&#8221; global_colors_info=&#8221;{}&#8221;][et_pb_text _builder_version=&#8221;4.24.0&#8243; _module_preset=&#8221;default&#8221; custom_margin=&#8221;||||false|false&#8221; custom_padding=&#8221;|||31px|true|false&#8221; global_colors_info=&#8221;{}&#8221;]<\/p>\n<p><span style=\"font-size: 16px;\"><strong><span style=\"color: #5c67ca;\">Symposium &#8211; Room \u00ab Fort Royal 3 &amp; 4 \u00bb<\/span><\/strong><\/span><\/p>\n<p>[\/et_pb_text][et_pb_text _builder_version=&#8221;4.24.0&#8243; _module_preset=&#8221;default&#8221; custom_margin=&#8221;||4px||false|false&#8221; custom_padding=&#8221;1px||1px|31px|true|false&#8221; global_colors_info=&#8221;{}&#8221;]<\/p>\n<p><span style=\"font-size: 20px;\"><strong><span style=\"color: #003399;\">Sleep Disorders and Work: What Impacts on Health? <\/span><\/strong><\/span><\/p>\n<p>[\/et_pb_text][et_pb_text _builder_version=&#8221;4.24.0&#8243; _module_preset=&#8221;default&#8221; custom_margin=&#8221;||||false|false&#8221; custom_padding=&#8221;|||31px|true|false&#8221; global_colors_info=&#8221;{}&#8221;]<\/p>\n<p><span style=\"font-size: 16px;\"><strong>Dr. Adriana Roxana Dobr\u00e9va, Guadeloupe<\/strong><\/span><\/p>\n<p>[\/et_pb_text][et_pb_text _builder_version=&#8221;4.24.0&#8243; _module_preset=&#8221;default&#8221; custom_margin=&#8221;||||false|false&#8221; custom_padding=&#8221;|||31px|true|false&#8221; global_colors_info=&#8221;{}&#8221;]<\/p>\n<p><span style=\"font-size: 16px;\"><strong><span style=\"color: #4e5f70;\">Moderator: David Bessey<\/span><\/strong><\/span><\/p>\n<p>[\/et_pb_text][\/et_pb_column][\/et_pb_row][et_pb_row column_structure=&#8221;1_4,3_4&#8243; use_custom_gutter=&#8221;on&#8221; gutter_width=&#8221;1&#8243; make_equal=&#8221;on&#8221; _builder_version=&#8221;4.22.2&#8243; _module_preset=&#8221;default&#8221; custom_padding=&#8221;15px||15px||true|false&#8221; global_colors_info=&#8221;{}&#8221;][et_pb_column type=&#8221;1_4&#8243; _builder_version=&#8221;4.22.2&#8243; _module_preset=&#8221;default&#8221; global_colors_info=&#8221;{}&#8221;][et_pb_text _builder_version=&#8221;4.24.0&#8243; _module_preset=&#8221;default&#8221; custom_padding=&#8221;||30px||false|false&#8221; global_colors_info=&#8221;{}&#8221;]<\/p>\n<p style=\"text-align: center;\"><span style=\"font-size: 22px;\"><strong><span style=\"color: #5c67ca;\">13:15<\/span><\/strong><\/span><\/p>\n<p>[\/et_pb_text][\/et_pb_column][et_pb_column type=&#8221;3_4&#8243; _builder_version=&#8221;4.22.2&#8243; _module_preset=&#8221;default&#8221; global_colors_info=&#8221;{}&#8221;][et_pb_text _builder_version=&#8221;4.24.0&#8243; _module_preset=&#8221;default&#8221; custom_margin=&#8221;||4px||false|false&#8221; custom_padding=&#8221;1px||1px|31px|true|false&#8221; global_colors_info=&#8221;{}&#8221;]<\/p>\n<p><span style=\"font-size: 20px;\"><strong><span style=\"color: #003399;\">Lunch \u2013 Exhibitors Space &#8211; Hotel restaurant<\/span><\/strong><\/span><\/p>\n<p>[\/et_pb_text][\/et_pb_column][\/et_pb_row][et_pb_row column_structure=&#8221;1_4,3_4&#8243; use_custom_gutter=&#8221;on&#8221; gutter_width=&#8221;1&#8243; make_equal=&#8221;on&#8221; _builder_version=&#8221;4.22.2&#8243; _module_preset=&#8221;default&#8221; custom_padding=&#8221;15px||15px||true|false&#8221; global_colors_info=&#8221;{}&#8221;][et_pb_column type=&#8221;1_4&#8243; _builder_version=&#8221;4.22.2&#8243; _module_preset=&#8221;default&#8221; global_colors_info=&#8221;{}&#8221;][et_pb_text _builder_version=&#8221;4.24.0&#8243; _module_preset=&#8221;default&#8221; custom_padding=&#8221;||30px||false|false&#8221; global_colors_info=&#8221;{}&#8221;]<\/p>\n<p style=\"text-align: center;\"><span style=\"font-size: 22px;\"><strong><span style=\"color: #5c67ca;\">14:00 &#8211; 16:00<\/span><\/strong><\/span><\/p>\n<p>[\/et_pb_text][\/et_pb_column][et_pb_column type=&#8221;3_4&#8243; _builder_version=&#8221;4.22.2&#8243; _module_preset=&#8221;default&#8221; global_colors_info=&#8221;{}&#8221;][et_pb_text _builder_version=&#8221;4.24.0&#8243; _module_preset=&#8221;default&#8221; custom_margin=&#8221;||4px||false|false&#8221; global_colors_info=&#8221;{}&#8221;]<\/p>\n<p style=\"text-align: justify;\"><span style=\"font-size: 20px;\"><span style=\"color: #003399;\"><strong>Parallel Sessions:<\/strong><\/span><\/span><\/p>\n<p>[\/et_pb_text][et_pb_text _builder_version=&#8221;4.24.0&#8243; _module_preset=&#8221;default&#8221; custom_margin=&#8221;||4px||false|false&#8221; custom_padding=&#8221;|||31px|true|false&#8221; global_colors_info=&#8221;{}&#8221;]<\/p>\n<p><span style=\"font-size: 20px;\"><span style=\"color: #5c67ca;\"><strong>Room \u00ab Fort Royal 1 &amp; 2 \u00bb : <\/strong><\/span>Insomnia<\/span><\/p>\n<p>[\/et_pb_text][et_pb_text _builder_version=&#8221;4.24.0&#8243; _module_preset=&#8221;default&#8221; custom_margin=&#8221;||||false|false&#8221; custom_padding=&#8221;|||31px|true|false&#8221; global_colors_info=&#8221;{}&#8221;]<\/p>\n<p><span style=\"font-size: 20px;\"><strong><span style=\"color: #5c67ca;\">Room \u00ab Fort Royal 3 &amp; 4 \u00bb :<\/span><\/strong> New PSG biomarkers for CVD risk prediction in OSA<\/span><\/p>\n<p>[\/et_pb_text][\/et_pb_column][\/et_pb_row][et_pb_row column_structure=&#8221;1_4,3_4&#8243; use_custom_gutter=&#8221;on&#8221; gutter_width=&#8221;1&#8243; make_equal=&#8221;on&#8221; _builder_version=&#8221;4.22.2&#8243; _module_preset=&#8221;default&#8221; custom_padding=&#8221;15px||15px||true|false&#8221; global_colors_info=&#8221;{}&#8221;][et_pb_column type=&#8221;1_4&#8243; _builder_version=&#8221;4.22.2&#8243; _module_preset=&#8221;default&#8221; global_colors_info=&#8221;{}&#8221;][\/et_pb_column][et_pb_column type=&#8221;3_4&#8243; _builder_version=&#8221;4.22.2&#8243; _module_preset=&#8221;default&#8221; global_colors_info=&#8221;{}&#8221;][et_pb_text _builder_version=&#8221;4.22.2&#8243; _module_preset=&#8221;default&#8221; custom_margin=&#8221;||4px||false|false&#8221; custom_padding=&#8221;||||false|false&#8221; global_colors_info=&#8221;{}&#8221;]<\/p>\n<p style=\"text-align: justify;\"><span style=\"font-size: 20px;\"><strong><span style=\"color: #003399;\">Session <span>7 : Insomnia<\/span><\/span><\/strong><\/span><\/p>\n<p>[\/et_pb_text][et_pb_text _builder_version=&#8221;4.24.0&#8243; _module_preset=&#8221;default&#8221; custom_margin=&#8221;||4px||false|false&#8221; custom_padding=&#8221;|||31px|true|false&#8221; global_colors_info=&#8221;{}&#8221;]<\/p>\n<p><span style=\"font-size: 16px;\"><strong><span style=\"color: #4e5f70;\">Moderator : Pr. C\u00e9lyne H.<\/span><\/strong><\/span><span style=\"font-size: 16px;\"><strong><span style=\"color: #4e5f70;\"> Bastien<\/span><\/strong><\/span><\/p>\n<p>[\/et_pb_text][et_pb_text _builder_version=&#8221;4.24.0&#8243; _module_preset=&#8221;default&#8221; custom_margin=&#8221;||||false|false&#8221; custom_padding=&#8221;25px||||false|false&#8221; global_colors_info=&#8221;{}&#8221;]<\/p>\n<p style=\"text-align: justify;\"><span style=\"font-size: 20px;\"><strong><span style=\"color: #5c67ca;\">Room \u00ab Fort Royal 1 &amp; 2 <\/span><\/strong><\/span><span style=\"font-size: 20px;\"><strong><span style=\"color: #5c67ca;\">\u00bb<\/span><\/strong><\/span><\/p>\n<p>[\/et_pb_text][\/et_pb_column][\/et_pb_row][et_pb_row column_structure=&#8221;1_4,3_4&#8243; use_custom_gutter=&#8221;on&#8221; gutter_width=&#8221;1&#8243; make_equal=&#8221;on&#8221; _builder_version=&#8221;4.22.2&#8243; _module_preset=&#8221;default&#8221; custom_padding=&#8221;15px||15px||true|false&#8221; global_colors_info=&#8221;{}&#8221;][et_pb_column type=&#8221;1_4&#8243; _builder_version=&#8221;4.22.2&#8243; _module_preset=&#8221;default&#8221; global_colors_info=&#8221;{}&#8221;][et_pb_text _builder_version=&#8221;4.22.2&#8243; _module_preset=&#8221;default&#8221; custom_padding=&#8221;||30px||false|false&#8221; global_colors_info=&#8221;{}&#8221;]<\/p>\n<p style=\"text-align: center;\"><span style=\"font-size: 22px;\"><strong><span style=\"color: #5c67ca;\">14:00<\/span><\/strong><\/span><\/p>\n<p>[\/et_pb_text][\/et_pb_column][et_pb_column type=&#8221;3_4&#8243; _builder_version=&#8221;4.22.2&#8243; _module_preset=&#8221;default&#8221; global_colors_info=&#8221;{}&#8221;][et_pb_text _builder_version=&#8221;4.24.0&#8243; _module_preset=&#8221;default&#8221; custom_margin=&#8221;||4px||false|false&#8221; custom_padding=&#8221;0px||0px|31px|true|false&#8221; global_colors_info=&#8221;{}&#8221;]<\/p>\n<p><span style=\"font-size: 20px;\"><span style=\"color: #003399;\"><strong>Sleep Disorders &amp; COVID-19<\/strong><\/span><\/span><\/p>\n<p>[\/et_pb_text][et_pb_text _builder_version=&#8221;4.24.0&#8243; _module_preset=&#8221;default&#8221; custom_margin=&#8221;||||false|false&#8221; custom_padding=&#8221;|||31px|true|false&#8221; global_colors_info=&#8221;{}&#8221;]<\/p>\n<p><span style=\"font-size: 16px;\"><strong>Dr. Basile Ondze, Mont-de-Marsan, France<\/strong><\/span><\/p>\n<p>[\/et_pb_text][\/et_pb_column][\/et_pb_row][et_pb_row column_structure=&#8221;1_4,3_4&#8243; use_custom_gutter=&#8221;on&#8221; gutter_width=&#8221;1&#8243; make_equal=&#8221;on&#8221; _builder_version=&#8221;4.22.2&#8243; _module_preset=&#8221;default&#8221; custom_padding=&#8221;15px||15px||true|false&#8221; global_colors_info=&#8221;{}&#8221;][et_pb_column type=&#8221;1_4&#8243; _builder_version=&#8221;4.22.2&#8243; _module_preset=&#8221;default&#8221; global_colors_info=&#8221;{}&#8221;][et_pb_text _builder_version=&#8221;4.22.2&#8243; _module_preset=&#8221;default&#8221; custom_padding=&#8221;||30px||false|false&#8221; global_colors_info=&#8221;{}&#8221;]<\/p>\n<p style=\"text-align: center;\"><span style=\"font-size: 22px;\"><strong><span style=\"color: #5c67ca;\">14:30<\/span><\/strong><\/span><\/p>\n<p>[\/et_pb_text][\/et_pb_column][et_pb_column type=&#8221;3_4&#8243; _builder_version=&#8221;4.22.2&#8243; _module_preset=&#8221;default&#8221; global_colors_info=&#8221;{}&#8221;][et_pb_text _builder_version=&#8221;4.24.0&#8243; _module_preset=&#8221;default&#8221; custom_margin=&#8221;||4px||false|false&#8221; custom_padding=&#8221;0px||0px|31px|true|false&#8221; global_colors_info=&#8221;{}&#8221;]<\/p>\n<p><span style=\"font-size: 20px;\"><span style=\"color: #003399;\"><strong>Therapeutic approaches to insomnia: Where are we? <\/strong><\/span><\/span><\/p>\n<p>[\/et_pb_text][et_pb_text _builder_version=&#8221;4.22.2&#8243; _module_preset=&#8221;default&#8221; custom_margin=&#8221;||||false|false&#8221; custom_padding=&#8221;|||31px|true|false&#8221; global_colors_info=&#8221;{}&#8221;]<\/p>\n<p><span style=\"font-size: 16px;\"><strong>Pr. Charles Morin, Past-President of the World Sleep Society, Canada<\/strong><\/span><\/p>\n<p>[\/et_pb_text][\/et_pb_column][\/et_pb_row][et_pb_row column_structure=&#8221;1_4,3_4&#8243; use_custom_gutter=&#8221;on&#8221; gutter_width=&#8221;1&#8243; make_equal=&#8221;on&#8221; _builder_version=&#8221;4.22.2&#8243; _module_preset=&#8221;default&#8221; custom_padding=&#8221;15px||15px||true|false&#8221; global_colors_info=&#8221;{}&#8221;][et_pb_column type=&#8221;1_4&#8243; _builder_version=&#8221;4.22.2&#8243; _module_preset=&#8221;default&#8221; global_colors_info=&#8221;{}&#8221;][et_pb_text _builder_version=&#8221;4.22.2&#8243; _module_preset=&#8221;default&#8221; custom_padding=&#8221;||30px||false|false&#8221; global_colors_info=&#8221;{}&#8221;]<\/p>\n<p style=\"text-align: center;\"><span style=\"font-size: 22px;\"><strong><span style=\"color: #5c67ca;\">15:00<\/span><\/strong><\/span><\/p>\n<p>[\/et_pb_text][\/et_pb_column][et_pb_column type=&#8221;3_4&#8243; _builder_version=&#8221;4.22.2&#8243; _module_preset=&#8221;default&#8221; global_colors_info=&#8221;{}&#8221;][et_pb_text _builder_version=&#8221;4.24.0&#8243; _module_preset=&#8221;default&#8221; custom_margin=&#8221;||4px||false|false&#8221; custom_padding=&#8221;0px||0px|31px|true|false&#8221; global_colors_info=&#8221;{}&#8221;]<\/p>\n<p><span style=\"font-size: 20px;\"><strong><span style=\"color: #003399;\">What\u2019s new in therapy?<\/span><\/strong><\/span><\/p>\n<p>[\/et_pb_text][et_pb_text _builder_version=&#8221;4.23.1&#8243; _module_preset=&#8221;default&#8221; custom_margin=&#8221;||||false|false&#8221; custom_padding=&#8221;|||31px|true|false&#8221; global_colors_info=&#8221;{}&#8221;]<\/p>\n<p><span style=\"font-size: 16px;\"><strong>Mrs. R\u00e9gine Denesle, Montr\u00e9al, Canada<\/strong><\/span><\/p>\n<p>[\/et_pb_text][\/et_pb_column][\/et_pb_row][et_pb_row column_structure=&#8221;1_4,3_4&#8243; use_custom_gutter=&#8221;on&#8221; gutter_width=&#8221;1&#8243; make_equal=&#8221;on&#8221; _builder_version=&#8221;4.22.2&#8243; _module_preset=&#8221;default&#8221; custom_padding=&#8221;15px||15px||true|false&#8221; global_colors_info=&#8221;{}&#8221;][et_pb_column type=&#8221;1_4&#8243; _builder_version=&#8221;4.22.2&#8243; _module_preset=&#8221;default&#8221; global_colors_info=&#8221;{}&#8221;][et_pb_text _builder_version=&#8221;4.22.2&#8243; _module_preset=&#8221;default&#8221; custom_padding=&#8221;||30px||false|false&#8221; global_colors_info=&#8221;{}&#8221;]<\/p>\n<p style=\"text-align: center;\"><span style=\"font-size: 22px;\"><strong><span style=\"color: #5c67ca;\">15:30<\/span><\/strong><\/span><\/p>\n<p>[\/et_pb_text][\/et_pb_column][et_pb_column type=&#8221;3_4&#8243; _builder_version=&#8221;4.22.2&#8243; _module_preset=&#8221;default&#8221; global_colors_info=&#8221;{}&#8221;][et_pb_text _builder_version=&#8221;4.24.0&#8243; _module_preset=&#8221;default&#8221; custom_margin=&#8221;||4px||false|false&#8221; custom_padding=&#8221;0px||0px|31px|true|false&#8221; global_colors_info=&#8221;{}&#8221;]<\/p>\n<p><span style=\"font-size: 20px;\"><strong><span style=\"color: #003399;\">Diagnosis &amp; treatment of COMISA<\/span><\/strong><\/span><\/p>\n<p>[\/et_pb_text][et_pb_text _builder_version=&#8221;4.24.0&#8243; _module_preset=&#8221;default&#8221; custom_margin=&#8221;||||false|false&#8221; custom_padding=&#8221;|||31px|true|false&#8221; global_colors_info=&#8221;{}&#8221;]<\/p>\n<p><span style=\"font-size: 16px;\"><strong>Pr. Jean-Louis P\u00e9pin (v), Grenoble, France<\/strong><\/span><\/p>\n<p>[\/et_pb_text][\/et_pb_column][\/et_pb_row][et_pb_row column_structure=&#8221;1_4,3_4&#8243; use_custom_gutter=&#8221;on&#8221; gutter_width=&#8221;1&#8243; make_equal=&#8221;on&#8221; _builder_version=&#8221;4.22.2&#8243; _module_preset=&#8221;default&#8221; custom_padding=&#8221;15px||15px||true|false&#8221; global_colors_info=&#8221;{}&#8221;][et_pb_column type=&#8221;1_4&#8243; _builder_version=&#8221;4.22.2&#8243; _module_preset=&#8221;default&#8221; global_colors_info=&#8221;{}&#8221;][\/et_pb_column][et_pb_column type=&#8221;3_4&#8243; _builder_version=&#8221;4.22.2&#8243; _module_preset=&#8221;default&#8221; global_colors_info=&#8221;{}&#8221;][et_pb_text _builder_version=&#8221;4.24.0&#8243; _module_preset=&#8221;default&#8221; custom_margin=&#8221;||4px||false|false&#8221; custom_padding=&#8221;||1px|||&#8221; global_colors_info=&#8221;{}&#8221;]<\/p>\n<p style=\"text-align: justify;\"><span style=\"font-size: 20px;\"><strong><span style=\"color: #003399;\">Session 8: Nouveaux Biomarqueurs de Pr\u00e9diction du Risque de Maladies Cardiovasculaires chez les patients porteurs d\u2019un SAHOS<\/span><\/strong><\/span><\/p>\n<p>[\/et_pb_text][et_pb_text _builder_version=&#8221;4.24.0&#8243; _module_preset=&#8221;default&#8221; custom_margin=&#8221;||4px||false|false&#8221; custom_padding=&#8221;|||31px|true|false&#8221; global_colors_info=&#8221;{}&#8221;]<\/p>\n<p><span style=\"font-size: 16px;\"><strong><span style=\"color: #4e5f70;\">Moderators : Pr. <span>Rapha\u00ebl Heinzer &amp; Dr. Andr\u00e9 Atallah<\/span><\/span><\/strong><\/span><\/p>\n<p>[\/et_pb_text][et_pb_text _builder_version=&#8221;4.24.0&#8243; _module_preset=&#8221;default&#8221; custom_margin=&#8221;||||false|false&#8221; custom_padding=&#8221;25px||||false|false&#8221; global_colors_info=&#8221;{}&#8221;]<\/p>\n<p style=\"text-align: justify;\"><span style=\"font-size: 20px;\"><strong><span style=\"color: #5c67ca;\">Room \u00ab Fort Royal 3 &amp; 4 <\/span><\/strong><\/span><span style=\"font-size: 20px;\"><strong><span style=\"color: #5c67ca;\">\u00bb<\/span><\/strong><\/span><\/p>\n<p>[\/et_pb_text][\/et_pb_column][\/et_pb_row][et_pb_row column_structure=&#8221;1_4,3_4&#8243; use_custom_gutter=&#8221;on&#8221; gutter_width=&#8221;1&#8243; make_equal=&#8221;on&#8221; _builder_version=&#8221;4.22.2&#8243; _module_preset=&#8221;default&#8221; custom_padding=&#8221;15px||15px||true|false&#8221; global_colors_info=&#8221;{}&#8221;][et_pb_column type=&#8221;1_4&#8243; _builder_version=&#8221;4.22.2&#8243; _module_preset=&#8221;default&#8221; global_colors_info=&#8221;{}&#8221;][et_pb_text _builder_version=&#8221;4.24.0&#8243; _module_preset=&#8221;default&#8221; custom_padding=&#8221;||30px||false|false&#8221; global_colors_info=&#8221;{}&#8221;]<\/p>\n<p style=\"text-align: center;\"><span style=\"font-size: 22px;\"><strong><span style=\"color: #5c67ca;\">14:00<\/span><\/strong><\/span><\/p>\n<p>[\/et_pb_text][\/et_pb_column][et_pb_column type=&#8221;3_4&#8243; _builder_version=&#8221;4.22.2&#8243; _module_preset=&#8221;default&#8221; global_colors_info=&#8221;{}&#8221;][et_pb_text _builder_version=&#8221;4.24.0&#8243; _module_preset=&#8221;default&#8221; custom_margin=&#8221;||4px||false|false&#8221; custom_padding=&#8221;0px||0px|31px|true|false&#8221; global_colors_info=&#8221;{}&#8221;]<\/p>\n<p><span style=\"font-size: 20px;\"><span style=\"color: #003399;\"><strong>Heart rate variability &amp; CVD risk in OSA patients<\/strong><\/span><\/span><\/p>\n<p>[\/et_pb_text][et_pb_text _builder_version=&#8221;4.24.0&#8243; _module_preset=&#8221;default&#8221; custom_margin=&#8221;||||false|false&#8221; custom_padding=&#8221;|||31px|true|false&#8221; global_colors_info=&#8221;{}&#8221;]<\/p>\n<p><span style=\"font-size: 16px;\"><strong>Dr. AbdelKebir Sabil, Paris, France<\/strong><\/span><\/p>\n<p>[\/et_pb_text][\/et_pb_column][\/et_pb_row][et_pb_row column_structure=&#8221;1_4,3_4&#8243; use_custom_gutter=&#8221;on&#8221; gutter_width=&#8221;1&#8243; make_equal=&#8221;on&#8221; _builder_version=&#8221;4.22.2&#8243; _module_preset=&#8221;default&#8221; custom_padding=&#8221;15px||15px||true|false&#8221; global_colors_info=&#8221;{}&#8221;][et_pb_column type=&#8221;1_4&#8243; _builder_version=&#8221;4.22.2&#8243; _module_preset=&#8221;default&#8221; global_colors_info=&#8221;{}&#8221;][et_pb_text _builder_version=&#8221;4.24.0&#8243; _module_preset=&#8221;default&#8221; custom_padding=&#8221;||30px||false|false&#8221; global_colors_info=&#8221;{}&#8221;]<\/p>\n<p style=\"text-align: center;\"><span style=\"font-size: 22px;\"><strong><span style=\"color: #5c67ca;\">14:40<\/span><\/strong><\/span><\/p>\n<p>[\/et_pb_text][\/et_pb_column][et_pb_column type=&#8221;3_4&#8243; _builder_version=&#8221;4.22.2&#8243; _module_preset=&#8221;default&#8221; global_colors_info=&#8221;{}&#8221;][et_pb_text _builder_version=&#8221;4.24.0&#8243; _module_preset=&#8221;default&#8221; custom_margin=&#8221;||4px||false|false&#8221; custom_padding=&#8221;0px||0px|31px|true|false&#8221; global_colors_info=&#8221;{}&#8221;]<\/p>\n<p><span style=\"font-size: 20px;\"><span style=\"color: #003399;\"><strong>Hypoxic burden &amp; CVD risk in OSA patients<\/strong><\/span><\/span><\/p>\n<p>[\/et_pb_text][et_pb_text _builder_version=&#8221;4.24.0&#8243; _module_preset=&#8221;default&#8221; custom_margin=&#8221;||||false|false&#8221; custom_padding=&#8221;|||31px|true|false&#8221; global_colors_info=&#8221;{}&#8221;]<\/p>\n<p><span style=\"font-size: 16px;\"><strong>Dr. Nicole Meslier, Angers, France<\/strong><\/span><\/p>\n<p>[\/et_pb_text][\/et_pb_column][\/et_pb_row][et_pb_row column_structure=&#8221;1_4,3_4&#8243; use_custom_gutter=&#8221;on&#8221; gutter_width=&#8221;1&#8243; make_equal=&#8221;on&#8221; _builder_version=&#8221;4.22.2&#8243; _module_preset=&#8221;default&#8221; custom_padding=&#8221;15px||15px||true|false&#8221; global_colors_info=&#8221;{}&#8221;][et_pb_column type=&#8221;1_4&#8243; _builder_version=&#8221;4.22.2&#8243; _module_preset=&#8221;default&#8221; global_colors_info=&#8221;{}&#8221;][et_pb_text _builder_version=&#8221;4.24.0&#8243; _module_preset=&#8221;default&#8221; custom_padding=&#8221;||30px||false|false&#8221; global_colors_info=&#8221;{}&#8221;]<\/p>\n<p style=\"text-align: center;\"><span style=\"font-size: 22px;\"><strong><span style=\"color: #5c67ca;\">15:20<\/span><\/strong><\/span><\/p>\n<p>[\/et_pb_text][\/et_pb_column][et_pb_column type=&#8221;3_4&#8243; _builder_version=&#8221;4.22.2&#8243; _module_preset=&#8221;default&#8221; global_colors_info=&#8221;{}&#8221;][et_pb_text _builder_version=&#8221;4.24.0&#8243; _module_preset=&#8221;default&#8221; custom_margin=&#8221;||4px||false|false&#8221; custom_padding=&#8221;0px||0px|31px|true|false&#8221; global_colors_info=&#8221;{}&#8221;]<\/p>\n<p><span style=\"font-size: 20px;\"><span style=\"color: #003399;\"><strong>Pulse Wave Amplitude Drops &amp; CVD risk in OSA patients<\/strong><\/span><\/span><\/p>\n<p>[\/et_pb_text][et_pb_text _builder_version=&#8221;4.22.2&#8243; _module_preset=&#8221;default&#8221; custom_margin=&#8221;||||false|false&#8221; custom_padding=&#8221;|||31px|true|false&#8221; global_colors_info=&#8221;{}&#8221;]<\/p>\n<p><span style=\"font-size: 16px;\"><strong>Pr. Rapha\u00ebl Heinzer, Lausanne, Switzerland<\/strong><\/span><\/p>\n<p>[\/et_pb_text][\/et_pb_column][\/et_pb_row][et_pb_row column_structure=&#8221;1_4,3_4&#8243; use_custom_gutter=&#8221;on&#8221; gutter_width=&#8221;1&#8243; make_equal=&#8221;on&#8221; _builder_version=&#8221;4.22.2&#8243; _module_preset=&#8221;default&#8221; custom_padding=&#8221;15px||15px||true|false&#8221; global_colors_info=&#8221;{}&#8221;][et_pb_column type=&#8221;1_4&#8243; _builder_version=&#8221;4.22.2&#8243; _module_preset=&#8221;default&#8221; global_colors_info=&#8221;{}&#8221;][et_pb_text _builder_version=&#8221;4.22.2&#8243; _module_preset=&#8221;default&#8221; custom_padding=&#8221;||30px||false|false&#8221; global_colors_info=&#8221;{}&#8221;]<\/p>\n<p style=\"text-align: center;\"><span style=\"font-size: 22px;\"><strong><span style=\"color: #5c67ca;\">16:00<\/span><\/strong><\/span><\/p>\n<p>[\/et_pb_text][\/et_pb_column][et_pb_column type=&#8221;3_4&#8243; _builder_version=&#8221;4.22.2&#8243; _module_preset=&#8221;default&#8221; global_colors_info=&#8221;{}&#8221;][et_pb_text _builder_version=&#8221;4.24.0&#8243; _module_preset=&#8221;default&#8221; custom_margin=&#8221;||4px||false|false&#8221; custom_padding=&#8221;0px||0px|31px|true|false&#8221; global_colors_info=&#8221;{}&#8221;]<\/p>\n<p><span style=\"font-size: 20px;\"><strong><span style=\"color: #003399;\">Break, visit of the exhibition hall: <\/span> <span style=\"color: #5c67ca;\">Room<\/span><\/strong><span style=\"color: #5c67ca;\"><strong>\u00ab Route du Rhum<\/strong><\/span><strong><span style=\"color: #5c67ca;\"> <\/span><\/strong><span style=\"color: #5c67ca;\"><strong>\u00bb<\/strong><\/span><\/span><\/p>\n<p>[\/et_pb_text][\/et_pb_column][\/et_pb_row][et_pb_row column_structure=&#8221;1_4,3_4&#8243; use_custom_gutter=&#8221;on&#8221; gutter_width=&#8221;1&#8243; make_equal=&#8221;on&#8221; _builder_version=&#8221;4.22.2&#8243; _module_preset=&#8221;default&#8221; custom_padding=&#8221;15px||15px||true|false&#8221; global_colors_info=&#8221;{}&#8221;][et_pb_column type=&#8221;1_4&#8243; _builder_version=&#8221;4.22.2&#8243; _module_preset=&#8221;default&#8221; global_colors_info=&#8221;{}&#8221;][et_pb_text _builder_version=&#8221;4.24.0&#8243; _module_preset=&#8221;default&#8221; custom_padding=&#8221;||30px||false|false&#8221; global_colors_info=&#8221;{}&#8221;]<\/p>\n<p style=\"text-align: center;\"><span style=\"font-size: 22px;\"><strong><span style=\"color: #5c67ca;\">16:30<\/span><\/strong><\/span><\/p>\n<p>[\/et_pb_text][\/et_pb_column][et_pb_column type=&#8221;3_4&#8243; _builder_version=&#8221;4.22.2&#8243; _module_preset=&#8221;default&#8221; global_colors_info=&#8221;{}&#8221;][et_pb_text _builder_version=&#8221;4.23.1&#8243; _module_preset=&#8221;default&#8221; custom_margin=&#8221;||4px||false|false&#8221; custom_padding=&#8221;0px||0px|31px|true|false&#8221; global_colors_info=&#8221;{}&#8221;]<\/p>\n<p><span style=\"font-size: 20px;\"><strong><span style=\"color: #003399;\">Round Table: Sleep health around the world<\/span><\/strong><\/span><\/p>\n<p>[\/et_pb_text][et_pb_text _builder_version=&#8221;4.24.2&#8243; _module_preset=&#8221;default&#8221; custom_margin=&#8221;||||false|false&#8221; custom_padding=&#8221;|||31px|true|false&#8221; hover_enabled=&#8221;0&#8243; global_colors_info=&#8221;{}&#8221; sticky_enabled=&#8221;0&#8243;]<\/p>\n<p><span style=\"font-size: 16px;\"><strong>Dr. Phyllis C. Zee, Boston, Massachusetts, USA<\/strong><\/span><\/p>\n<p>[\/et_pb_text][et_pb_text _builder_version=&#8221;4.24.2&#8243; _module_preset=&#8221;default&#8221; custom_margin=&#8221;||||false|false&#8221; custom_padding=&#8221;|||31px|true|false&#8221; hover_enabled=&#8221;0&#8243; global_colors_info=&#8221;{}&#8221; sticky_enabled=&#8221;0&#8243;]<\/p>\n<p>President of the World Sleep Society<\/p>\n<p>[\/et_pb_text][et_pb_text _builder_version=&#8221;4.24.2&#8243; _module_preset=&#8221;default&#8221; custom_margin=&#8221;||||false|false&#8221; custom_padding=&#8221;|||31px|true|false&#8221; hover_enabled=&#8221;0&#8243; global_colors_info=&#8221;{}&#8221; sticky_enabled=&#8221;0&#8243;]<\/p>\n<p><span style=\"font-size: 16px;\"><strong>Dr. David Bessey, Guadeloupe<\/strong><\/span><\/p>\n<p>[\/et_pb_text][et_pb_text _builder_version=&#8221;4.24.2&#8243; _module_preset=&#8221;default&#8221; custom_margin=&#8221;||||false|false&#8221; custom_padding=&#8221;|||31px|true|false&#8221; hover_enabled=&#8221;0&#8243; global_colors_info=&#8221;{}&#8221; sticky_enabled=&#8221;0&#8243;]<\/p>\n<p>President of the SAGS<\/p>\n<p>[\/et_pb_text][\/et_pb_column][\/et_pb_row][et_pb_row column_structure=&#8221;1_4,3_4&#8243; use_custom_gutter=&#8221;on&#8221; gutter_width=&#8221;1&#8243; make_equal=&#8221;on&#8221; _builder_version=&#8221;4.22.2&#8243; _module_preset=&#8221;default&#8221; custom_padding=&#8221;15px||15px||true|false&#8221; global_colors_info=&#8221;{}&#8221;][et_pb_column type=&#8221;1_4&#8243; _builder_version=&#8221;4.22.2&#8243; _module_preset=&#8221;default&#8221; global_colors_info=&#8221;{}&#8221;][et_pb_text _builder_version=&#8221;4.24.0&#8243; _module_preset=&#8221;default&#8221; custom_padding=&#8221;||30px||false|false&#8221; global_colors_info=&#8221;{}&#8221;]<\/p>\n<p style=\"text-align: center;\"><span style=\"font-size: 22px;\"><strong><span style=\"color: #5c67ca;\">17:15<\/span><\/strong><\/span><span style=\"font-size: 22px;\"><strong><span style=\"color: #5c67ca;\"><\/span><\/strong><\/span><\/p>\n<p>[\/et_pb_text][\/et_pb_column][et_pb_column type=&#8221;3_4&#8243; _builder_version=&#8221;4.22.2&#8243; _module_preset=&#8221;default&#8221; global_colors_info=&#8221;{}&#8221;][et_pb_text _builder_version=&#8221;4.24.0&#8243; _module_preset=&#8221;default&#8221; custom_margin=&#8221;||4px||false|false&#8221; custom_padding=&#8221;0px||0px|31px|true|false&#8221; global_colors_info=&#8221;{}&#8221;]<\/p>\n<p><span style=\"font-size: 20px;\"><strong><span style=\"color: #003399;\">Plenary session: Post-Traumatic Stress &amp; Insomnia<\/span><\/strong><\/span><\/p>\n<p>[\/et_pb_text][et_pb_text _builder_version=&#8221;4.24.0&#8243; _module_preset=&#8221;default&#8221; custom_margin=&#8221;||||false|false&#8221; custom_padding=&#8221;|||31px|true|false&#8221; global_colors_info=&#8221;{}&#8221;]<\/p>\n<p><span style=\"font-size: 16px;\"><strong>Dr. Dr. Jennifer L. Martin (v), Los Angeles, California, USA American Academy Sleep Medicine<\/strong><\/span><\/p>\n<p>[\/et_pb_text][\/et_pb_column][\/et_pb_row][et_pb_row column_structure=&#8221;1_4,3_4&#8243; use_custom_gutter=&#8221;on&#8221; gutter_width=&#8221;1&#8243; make_equal=&#8221;on&#8221; _builder_version=&#8221;4.22.2&#8243; _module_preset=&#8221;default&#8221; custom_padding=&#8221;15px||15px||true|false&#8221; global_colors_info=&#8221;{}&#8221;][et_pb_column type=&#8221;1_4&#8243; _builder_version=&#8221;4.22.2&#8243; _module_preset=&#8221;default&#8221; global_colors_info=&#8221;{}&#8221;][et_pb_text _builder_version=&#8221;4.24.0&#8243; _module_preset=&#8221;default&#8221; custom_padding=&#8221;||30px||false|false&#8221; global_colors_info=&#8221;{}&#8221;]<\/p>\n<p style=\"text-align: left;\"><span style=\"font-size: 16px;\">(v) : virtual attendance<\/span><\/p>\n<p>[\/et_pb_text][\/et_pb_column][et_pb_column type=&#8221;3_4&#8243; _builder_version=&#8221;4.22.2&#8243; _module_preset=&#8221;default&#8221; global_colors_info=&#8221;{}&#8221;][\/et_pb_column][\/et_pb_row][\/et_pb_section][et_pb_section fb_built=&#8221;1&#8243; module_id=&#8221;btn-samedi&#8221; _builder_version=&#8221;4.23&#8243; _module_preset=&#8221;default&#8221; custom_padding=&#8221;20px||20px||true|false&#8221; global_colors_info=&#8221;{}&#8221;][et_pb_row _builder_version=&#8221;4.22.2&#8243; _module_preset=&#8221;default&#8221; background_color=&#8221;#f4f4f4&#8243; custom_padding=&#8221;10px||10px||true|false&#8221; border_width_all=&#8221;1px&#8221; border_color_all=&#8221;#cccccc&#8221; global_colors_info=&#8221;{}&#8221;][et_pb_column type=&#8221;4_4&#8243; _builder_version=&#8221;4.22.2&#8243; _module_preset=&#8221;default&#8221; global_colors_info=&#8221;{}&#8221;][et_pb_button button_text=&#8221;SATURDAY, MARCH 9, 2024&#8243; button_alignment=&#8221;center&#8221; _builder_version=&#8221;4.22.2&#8243; _module_preset=&#8221;default&#8221; custom_button=&#8221;on&#8221; button_text_color=&#8221;#003399&#8243; button_bg_color=&#8221;RGBA(255,255,255,0)&#8221; button_border_width=&#8221;0px&#8221; button_border_radius=&#8221;0px&#8221; button_letter_spacing=&#8221;0px&#8221; button_font=&#8221;Open Sans|700||on|||||&#8221; button_icon=&#8221;&#x4c;||divi||400&#8243; custom_margin=&#8221;||||false|false&#8221; custom_padding=&#8221;||||false|false&#8221; global_colors_info=&#8221;{}&#8221; button_text_color__hover_enabled=&#8221;on|hover&#8221; button_text_color__hover=&#8221;#000000&#8243;][\/et_pb_button][\/et_pb_column][\/et_pb_row][\/et_pb_section][et_pb_section fb_built=&#8221;1&#8243; module_id=&#8221;section-samedi&#8221; _builder_version=&#8221;4.23&#8243; _module_preset=&#8221;default&#8221; custom_padding=&#8221;0px||0px||true|false&#8221; global_colors_info=&#8221;{}&#8221;][et_pb_row column_structure=&#8221;1_4,3_4&#8243; use_custom_gutter=&#8221;on&#8221; gutter_width=&#8221;1&#8243; make_equal=&#8221;on&#8221; _builder_version=&#8221;4.22.2&#8243; _module_preset=&#8221;default&#8221; custom_padding=&#8221;15px||15px||true|false&#8221; global_colors_info=&#8221;{}&#8221;][et_pb_column type=&#8221;1_4&#8243; _builder_version=&#8221;4.22.2&#8243; _module_preset=&#8221;default&#8221; global_colors_info=&#8221;{}&#8221;][et_pb_text _builder_version=&#8221;4.24.0&#8243; _module_preset=&#8221;default&#8221; custom_padding=&#8221;||||false|false&#8221; custom_padding_tablet=&#8221;||30px||false|false&#8221; custom_padding_phone=&#8221;||30px||false|false&#8221; custom_padding_last_edited=&#8221;on|tablet&#8221; global_colors_info=&#8221;{}&#8221;]<\/p>\n<p style=\"text-align: center;\"><span style=\"font-size: 22px;\"><strong><span style=\"color: #5c67ca;\">7:30<\/span><\/strong><\/span><\/p>\n<p>[\/et_pb_text][\/et_pb_column][et_pb_column type=&#8221;3_4&#8243; _builder_version=&#8221;4.22.2&#8243; _module_preset=&#8221;default&#8221; global_colors_info=&#8221;{}&#8221;][et_pb_text _builder_version=&#8221;4.24.2&#8243; _module_preset=&#8221;default&#8221; global_colors_info=&#8221;{}&#8221;]<\/p>\n<p><span style=\"font-size: 20px;\"><strong><span style=\"color: #003399;\">Participant Registration: <\/span><\/strong><span style=\"color: #000000;\">Pre-registered workshops; Each workshop lasts 1.5 hours; Participants may attend a maximum of 2 sessions, subject to availability and unforeseen circumstances.<\/span><\/span><\/p>\n<p>[\/et_pb_text][\/et_pb_column][\/et_pb_row][et_pb_row column_structure=&#8221;1_4,3_4&#8243; use_custom_gutter=&#8221;on&#8221; gutter_width=&#8221;1&#8243; make_equal=&#8221;on&#8221; _builder_version=&#8221;4.22.2&#8243; _module_preset=&#8221;default&#8221; custom_padding=&#8221;15px||15px||true|false&#8221; global_colors_info=&#8221;{}&#8221;][et_pb_column type=&#8221;1_4&#8243; _builder_version=&#8221;4.22.2&#8243; _module_preset=&#8221;default&#8221; global_colors_info=&#8221;{}&#8221;][et_pb_text _builder_version=&#8221;4.24.0&#8243; _module_preset=&#8221;default&#8221; custom_padding=&#8221;||30px||false|false&#8221; global_colors_info=&#8221;{}&#8221;]<\/p>\n<p style=\"text-align: center;\"><span style=\"font-size: 22px;\"><strong><span style=\"color: #5c67ca;\">8:00 &#8211; 9:30<\/span><\/strong><\/span><\/p>\n<p>[\/et_pb_text][\/et_pb_column][et_pb_column type=&#8221;3_4&#8243; _builder_version=&#8221;4.22.2&#8243; _module_preset=&#8221;default&#8221; global_colors_info=&#8221;{}&#8221;][et_pb_text _builder_version=&#8221;4.24.0&#8243; _module_preset=&#8221;default&#8221; custom_margin=&#8221;||4px||false|false&#8221; custom_padding=&#8221;0px||0px|31px|true|false&#8221; global_colors_info=&#8221;{}&#8221;]<\/p>\n<p><span style=\"font-size: 20px;\"><strong><span style=\"color: #003399;\">First Workshop Session:<\/span><\/strong><\/span><\/p>\n<p><span style=\"font-size: 20px;\"><strong><span style=\"color: #5c67ca;\">Workshop 1:<\/span> <span style=\"color: #003399;\"> Interpretation of a PSG &amp; HSAT<\/span><\/strong><strong><span style=\"color: #003399;\">: Pitfalls to avoid<br \/><\/span><\/strong><\/span><span style=\"font-size: 16px;\"><strong>Dr. Sandrine Launois, Paris, France &amp; Dr. Jean-M\u00e9dard Zola, Guadeloupe<\/strong><\/span><\/p>\n<p><span style=\"font-size: 20px;\"><strong><span style=\"color: #5c67ca;\">Workshop 2:<\/span><\/strong> <span style=\"color: #003399;\"><strong>Practical aspect of the recommendations on OSA in children<br \/><\/strong><\/span><\/span><span style=\"font-size: 16px;\"><strong><span style=\"color: #000000;\">Pr. Patricia Franco, Lyon, France<\/span><\/strong><\/span><\/p>\n<p><span style=\"font-size: 20px;\"><strong><span style=\"color: #5c67ca;\">Workshop 3 :<\/span><span style=\"color: #003399;\">Nightmares care<br \/><\/span><\/strong><\/span><span style=\"font-size: 16px;\"><strong>Mrs. R\u00e9gine Denesle, Montr\u00e9al, Canada &amp; Dr. Dr. David Bessey, Guadeloupe<\/strong><\/span><\/p>\n<p><span style=\"font-size: 20px;\"><strong><span style=\"color: #5c67ca;\">Workshop 4:<\/span> <span style=\"color: #003399;\"> CPAP treatment adherence: prediction &amp; consequences of non-adherence<\/span><\/strong><strong><span style=\"color: #003399;\"><br \/><\/span><\/strong><\/span><span style=\"font-size: 16px;\"><strong>Mr. AbdelKebir Sabil, Paris, France &amp; Dr. Renata Riha, Edimbourg, Scotland<\/strong><\/span><\/p>\n<p><span style=\"font-size: 20px;\"><strong><span style=\"color: #5c67ca;\">Workshop 5:<\/span><span style=\"color: #003399;\">OSA &amp; risk of motor vehicle accidents<br \/><\/span><\/strong><\/span><span style=\"font-size: 16px;\"><strong>Dr. Jean-Pierre Baroin, Brou-sur-Chantereine, France<\/strong><\/span><\/p>\n<p><span style=\"font-size: 20px;\"><strong><span style=\"color: #5c67ca;\">Workshop 6:<\/span><span style=\"color: #003399;\"> CSA &amp; Self-assisted Ventilation<\/span><\/strong><strong><span style=\"color: #003399;\"><br \/><\/span><\/strong><\/span><span style=\"font-size: 16px;\"><strong>Dr. Jean-Paul Janssens, Gen\u00e8ve, Suisse &amp; Dr. Moustapha Agossou, Martinique<\/strong><\/span><\/p>\n<p>[\/et_pb_text][\/et_pb_column][\/et_pb_row][et_pb_row column_structure=&#8221;1_4,3_4&#8243; use_custom_gutter=&#8221;on&#8221; gutter_width=&#8221;1&#8243; make_equal=&#8221;on&#8221; _builder_version=&#8221;4.22.2&#8243; _module_preset=&#8221;default&#8221; custom_padding=&#8221;15px||15px||true|false&#8221; global_colors_info=&#8221;{}&#8221;][et_pb_column type=&#8221;1_4&#8243; _builder_version=&#8221;4.22.2&#8243; _module_preset=&#8221;default&#8221; global_colors_info=&#8221;{}&#8221;][et_pb_text _builder_version=&#8221;4.24.0&#8243; _module_preset=&#8221;default&#8221; custom_padding=&#8221;||0px||false|false&#8221; custom_padding_tablet=&#8221;||30px||false|false&#8221; custom_padding_phone=&#8221;||30px||false|false&#8221; custom_padding_last_edited=&#8221;on|desktop&#8221; global_colors_info=&#8221;{}&#8221;]<\/p>\n<p style=\"text-align: center;\"><span style=\"font-size: 22px;\"><strong><span style=\"color: #5c67ca;\">9:30<\/span><\/strong><\/span><\/p>\n<p>[\/et_pb_text][\/et_pb_column][et_pb_column type=&#8221;3_4&#8243; _builder_version=&#8221;4.22.2&#8243; _module_preset=&#8221;default&#8221; global_colors_info=&#8221;{}&#8221;][et_pb_text _builder_version=&#8221;4.24.0&#8243; _module_preset=&#8221;default&#8221; custom_margin=&#8221;||4px||false|false&#8221; custom_padding=&#8221;0px||0px|31px|true|false&#8221; global_colors_info=&#8221;{}&#8221;]<\/p>\n<p><strong style=\"font-size: 20px;\"><span style=\"color: #003399;\">Break &amp; visit of the exhibition hall:<\/span> <span style=\"color: #003399;\"> <\/span> <span style=\"color: #5c67ca;\">Room<\/span><\/strong><span style=\"font-size: 20px; color: #5c67ca;\"><strong>\u00ab <\/strong><\/span><strong style=\"font-size: 20px;\"><span style=\"color: #5c67ca;\">Route du Rhum <\/span><\/strong><span style=\"font-size: 20px; color: #5c67ca;\"><strong>\u00bb<\/strong><\/span><\/p>\n<p>[\/et_pb_text][\/et_pb_column][\/et_pb_row][et_pb_row column_structure=&#8221;1_4,3_4&#8243; use_custom_gutter=&#8221;on&#8221; gutter_width=&#8221;1&#8243; make_equal=&#8221;on&#8221; _builder_version=&#8221;4.22.2&#8243; _module_preset=&#8221;default&#8221; custom_padding=&#8221;15px||15px||true|false&#8221; global_colors_info=&#8221;{}&#8221;][et_pb_column type=&#8221;1_4&#8243; _builder_version=&#8221;4.22.2&#8243; _module_preset=&#8221;default&#8221; global_colors_info=&#8221;{}&#8221;][et_pb_text _builder_version=&#8221;4.24.0&#8243; _module_preset=&#8221;default&#8221; custom_padding=&#8221;||30px||false|false&#8221; global_colors_info=&#8221;{}&#8221;]<\/p>\n<p style=\"text-align: center;\"><span style=\"font-size: 22px;\"><strong><span style=\"color: #5c67ca;\">10:00-11:30<\/span><\/strong><\/span><\/p>\n<p>[\/et_pb_text][\/et_pb_column][et_pb_column type=&#8221;3_4&#8243; _builder_version=&#8221;4.22.2&#8243; _module_preset=&#8221;default&#8221; global_colors_info=&#8221;{}&#8221;][et_pb_text _builder_version=&#8221;4.24.0&#8243; _module_preset=&#8221;default&#8221; custom_margin=&#8221;||4px||false|false&#8221; custom_padding=&#8221;0px||0px|31px|true|false&#8221; global_colors_info=&#8221;{}&#8221;]<\/p>\n<p><span style=\"font-size: 20px;\"><strong><span style=\"color: #003399;\">Second Workshop Session:<\/span><\/strong><\/span><\/p>\n<p><span style=\"font-size: 20px;\"><strong><span style=\"color: #5c67ca;\">Workshop 7:<\/span> <span style=\"color: #003399;\"> Interpretation of a PSG &amp; HSAT<\/span><\/strong><strong><span style=\"color: #003399;\">: Pitfalls to avoid<br \/><\/span><\/strong><\/span><span style=\"font-size: 16px;\"><strong>Dr. Sandrine Launois, Paris, France &amp; Dr. Jean-M\u00e9dard Zola, Guadeloupe<\/strong><\/span><\/p>\n<p><span style=\"font-size: 20px;\"><strong><span style=\"color: #5c67ca;\">Workshop 8:<\/span><\/strong><span style=\"color: #003399;\"><strong>Practical aspect of the recommendations on OSA in children<br \/><\/strong><\/span><\/span><span style=\"font-size: 16px;\"><strong><span style=\"color: #000000;\">Pr. Patricia Franco, Lyon, France <\/span><\/strong><\/span><\/p>\n<p><span style=\"font-size: 20px;\"><strong><span style=\"color: #5c67ca;\">Workshop 9:<\/span><span style=\"color: #003399;\">Insomnia care<br \/><\/span><\/strong><\/span><span style=\"font-size: 16px;\"><strong>Pr. Charles Morin, Qu\u00e9bec, Canada &amp; Mrs R\u00e9gine Denesle, Montr\u00e9al, Canada<\/strong><\/span><\/p>\n<p><span style=\"font-size: 20px;\"><strong><span style=\"color: #5c67ca;\">Workshop 10:<\/span><span style=\"color: #003399;\">CPAP treatment adherence: prediction &amp; consequences of non-adherence<br \/><\/span><span style=\"font-size: 16px;\">Dr. AbdelKebir Sabil, Paris, France &amp; Dr. Renata Riha, Edimbourg, Scotland<\/span><\/strong><\/span><\/p>\n<p><span style=\"font-size: 20px;\"><strong><span style=\"color: #5c67ca;\">Workshop 11:<\/span> <span style=\"color: #003399;\"> <\/span><\/strong><span style=\"color: #003399;\"><strong>OSA<\/strong><\/span><strong><span style=\"color: #003399;\">&amp; risk of motor vehicle accidents<br \/><\/span><\/strong><\/span><span style=\"font-size: 16px;\"><strong>Dr. Jean-Pierre Baroin, Brou-sur-Chantereine, France<\/strong><\/span><\/p>\n<p><span style=\"font-size: 20px;\"><strong><span style=\"color: #5c67ca;\">Workshop 12:<\/span> <span style=\"color: #003399;\"> <\/span><\/strong><span style=\"color: #003399;\"><strong>CSA <\/strong><\/span><strong><span style=\"color: #003399;\">&amp; Self Assisted-Ventilation<br \/><\/span><\/strong><\/span><span style=\"font-size: 16px;\"><strong>Pr. Jean-Paul Janssens, Gen\u00e8ve, Suisse &amp; Dr. Moustapha Agossou, Martinique<\/strong><\/span><\/p>\n<p>[\/et_pb_text][\/et_pb_column][\/et_pb_row][et_pb_row column_structure=&#8221;1_4,3_4&#8243; use_custom_gutter=&#8221;on&#8221; gutter_width=&#8221;1&#8243; make_equal=&#8221;on&#8221; _builder_version=&#8221;4.22.2&#8243; _module_preset=&#8221;default&#8221; custom_padding=&#8221;15px||15px||true|false&#8221; global_colors_info=&#8221;{}&#8221;][et_pb_column type=&#8221;1_4&#8243; _builder_version=&#8221;4.22.2&#8243; _module_preset=&#8221;default&#8221; global_colors_info=&#8221;{}&#8221;][et_pb_text _builder_version=&#8221;4.24.0&#8243; _module_preset=&#8221;default&#8221; custom_padding=&#8221;||30px||false|false&#8221; global_colors_info=&#8221;{}&#8221;]<\/p>\n<p style=\"text-align: center;\"><span style=\"font-size: 22px;\"><strong><span style=\"color: #5c67ca;\">11:30<\/span><\/strong><\/span><\/p>\n<p>[\/et_pb_text][\/et_pb_column][et_pb_column type=&#8221;3_4&#8243; _builder_version=&#8221;4.22.2&#8243; _module_preset=&#8221;default&#8221; global_colors_info=&#8221;{}&#8221;][et_pb_text _builder_version=&#8221;4.24.0&#8243; _module_preset=&#8221;default&#8221; custom_margin=&#8221;||4px||false|false&#8221; custom_padding=&#8221;1px||1px|31px|true|false&#8221; global_colors_info=&#8221;{}&#8221;]<\/p>\n<p><strong style=\"font-size: 20px;\"><span style=\"color: #003399;\">Break &#8211; Refreshments, cocktail, and Closing Remarks<\/span><\/strong><\/p>\n<p>[\/et_pb_text][et_pb_text _builder_version=&#8221;4.24.0&#8243; _module_preset=&#8221;default&#8221; custom_margin=&#8221;||||false|false&#8221; custom_padding=&#8221;|||31px|true|false&#8221; global_colors_info=&#8221;{}&#8221;]<\/p>\n<p><span style=\"font-size: 16px;\"><strong>Dr. David Bessey, President of the SAGS<\/strong><\/span><\/p>\n<p>[\/et_pb_text][et_pb_text _builder_version=&#8221;4.24.0&#8243; _module_preset=&#8221;default&#8221; custom_margin=&#8221;||||false|false&#8221; custom_padding=&#8221;|||31px|true|false&#8221; global_colors_info=&#8221;{}&#8221;]<\/p>\n<p><span style=\"font-size: 16px;\"><strong>Dr. Marie-Laure Lalanne Mistrih, President of the SAGS Scientific Council<\/strong><\/span><\/p>\n<p>[\/et_pb_text][et_pb_text _builder_version=&#8221;4.24.0&#8243; _module_preset=&#8221;default&#8221; custom_margin=&#8221;||||false|false&#8221; custom_padding=&#8221;|||31px|true|false&#8221; global_colors_info=&#8221;{}&#8221;]<\/p>\n<p><span style=\"font-size: 16px;\"><strong>M. Franck Perain, President of the Organizing Committee<\/strong><\/span><\/p>\n<p>[\/et_pb_text][\/et_pb_column][\/et_pb_row][et_pb_row column_structure=&#8221;1_4,3_4&#8243; use_custom_gutter=&#8221;on&#8221; gutter_width=&#8221;1&#8243; make_equal=&#8221;on&#8221; _builder_version=&#8221;4.22.2&#8243; _module_preset=&#8221;default&#8221; custom_padding=&#8221;15px||15px||true|false&#8221; global_colors_info=&#8221;{}&#8221;][et_pb_column type=&#8221;1_4&#8243; _builder_version=&#8221;4.22.2&#8243; _module_preset=&#8221;default&#8221; global_colors_info=&#8221;{}&#8221;][et_pb_text _builder_version=&#8221;4.24.0&#8243; _module_preset=&#8221;default&#8221; custom_padding=&#8221;||30px||false|false&#8221; global_colors_info=&#8221;{}&#8221;]<\/p>\n<p style=\"text-align: center;\"><span style=\"font-size: 22px;\"><strong><span style=\"color: #5c67ca;\">12:00<\/span><\/strong><\/span><\/p>\n<p>[\/et_pb_text][\/et_pb_column][et_pb_column type=&#8221;3_4&#8243; _builder_version=&#8221;4.22.2&#8243; _module_preset=&#8221;default&#8221; global_colors_info=&#8221;{}&#8221;][et_pb_text _builder_version=&#8221;4.24.0&#8243; _module_preset=&#8221;default&#8221; custom_margin=&#8221;||4px||false|false&#8221; custom_padding=&#8221;1px||1px|31px|true|false&#8221; global_colors_info=&#8221;{}&#8221;]<\/p>\n<p><strong style=\"font-size: 20px;\"><span style=\"color: #003399;\">Closing of the morning &amp; the Congress<\/span><\/strong><\/p>\n<p>[\/et_pb_text][\/et_pb_column][\/et_pb_row][et_pb_row column_structure=&#8221;1_4,3_4&#8243; use_custom_gutter=&#8221;on&#8221; gutter_width=&#8221;1&#8243; make_equal=&#8221;on&#8221; _builder_version=&#8221;4.22.2&#8243; _module_preset=&#8221;default&#8221; custom_padding=&#8221;15px||15px||true|false&#8221; global_colors_info=&#8221;{}&#8221;][et_pb_column type=&#8221;1_4&#8243; _builder_version=&#8221;4.22.2&#8243; _module_preset=&#8221;default&#8221; global_colors_info=&#8221;{}&#8221;][et_pb_text _builder_version=&#8221;4.24.0&#8243; _module_preset=&#8221;default&#8221; custom_padding=&#8221;0px||30px||false|false&#8221; global_colors_info=&#8221;{}&#8221;]<\/p>\n<p style=\"text-align: left;\"><span style=\"font-size: 16px;\">(v) : virtual attendance<\/span><\/p>\n<p>[\/et_pb_text][\/et_pb_column][et_pb_column type=&#8221;3_4&#8243; _builder_version=&#8221;4.22.2&#8243; _module_preset=&#8221;default&#8221; global_colors_info=&#8221;{}&#8221;][\/et_pb_column][\/et_pb_row][\/et_pb_section][et_pb_section fb_built=&#8221;1&#8243; disabled_on=&#8221;on|on|on&#8221; _builder_version=&#8221;4.22.2&#8243; _module_preset=&#8221;default&#8221; custom_padding=&#8221;0px||0px||false|false&#8221; disabled=&#8221;on&#8221; global_colors_info=&#8221;{}&#8221;][et_pb_row _builder_version=&#8221;4.22.2&#8243; _module_preset=&#8221;default&#8221; custom_margin=&#8221;||||false|false&#8221; custom_padding=&#8221;5px||||false|false&#8221; global_colors_info=&#8221;{}&#8221;][et_pb_column type=&#8221;4_4&#8243; _builder_version=&#8221;4.22.2&#8243; _module_preset=&#8221;default&#8221; global_colors_info=&#8221;{}&#8221;][et_pb_accordion open_toggle_text_color=&#8221;#003399&#8243; icon_color=&#8221;#000000&#8243; module_class=&#8221;custom-accordion&#8221; _builder_version=&#8221;4.22.2&#8243; _module_preset=&#8221;default&#8221; toggle_text_color=&#8221;#000000&#8243; toggle_font=&#8221;Open Sans|700|||||||&#8221; toggle_text_align=&#8221;center&#8221; toggle_font_size=&#8221;20px&#8221; width=&#8221;99.8%&#8221; global_colors_info=&#8221;{}&#8221;][et_pb_accordion_item title=&#8221;THURSDAY, MARCH 7, 2024&#8243; open=&#8221;on&#8221; _builder_version=&#8221;4.22.2&#8243; _module_preset=&#8221;default&#8221; global_colors_info=&#8221;{}&#8221;]<\/p>\n<p><span style=\"font-size: 20px;\"><strong><span style=\"color: #5c67ca;\">7:30<\/span> <span style=\"color: #dcac0f;\"> <\/span> <span style=\"color: #dcac0f;\"> <\/span> <span style=\"color: #dcac0f;\"> <\/span> <span style=\"color: #dcac0f;\"> <\/span><\/strong><span style=\"color: #003399;\"><strong>Welcome of guests and participants<\/strong><\/span> \u2013 On-site registration \u2013 Collection of badges<\/span><\/p>\n<p><span style=\"font-size: 20px;\"><strong><span style=\"color: #5c67ca;\">8:15<\/span> <span style=\"color: #dcac0f;\"> <\/span> <span style=\"color: #dcac0f;\"> <\/span> <span style=\"color: #dcac0f;\"> <\/span> <span style=\"color: #dcac0f;\"> <\/span><\/strong><span style=\"color: #003399;\"><strong>Opening and welcome<\/strong><\/span> by the SAGS President, the President of the CHUG, the Director of the Regional Agency of health in Guadeloupe and the President of URML. Presentation of the international guests and their topics. Presentation of the 3-days program by the President of the SAGS Scientific Council.<\/span><\/p>\n<p><span style=\"font-size: 20px;\"><\/span><span style=\"font-size: 20px;\"><strong><span style=\"color: #5c67ca;\">8:30<\/span><span style=\"color: #dcac0f;\">     <\/span><span style=\"color: #dcac0f;\">   <\/span><span style=\"color: #dcac0f;\">   <\/span><span style=\"color: #dcac0f;\">        <\/span><\/strong><span style=\"color: #003399;\"><strong>Inaugural conference: \u00ab Sleep disorders in the French West Indies and French Guyana \u00bb: Epidemiology, difficulties and insularity. Which <span style=\"color: #dcac0f;\">   <\/span><span style=\"color: #dcac0f;\"> <\/span>Strategies to be implemented<br \/><\/strong><\/span><\/span><span style=\"font-size: 16px;\"><strong><span style=\"color: #003399;\">                      <\/span><span style=\"color: #003399;\">                  <\/span><span style=\"color: #000000;\">Dr. David BESSEY, President of the SAGS <\/span><\/strong><\/span><br \/><span style=\"font-size: 16px;\"><strong><span style=\"color: #003399;\">                      <\/span><span style=\"color: #003399;\">                  <\/span><span style=\"color: #4e5f70;\">Moderator: Dr. Marie-Laure Lalanne-Mistrih<\/span><\/strong><\/span><\/p>\n<p><span style=\"font-size: 20px;\"><span style=\"color: #003399;\"><strong>Parallel sessions \/ room \/ topic : <\/strong><\/span><span style=\"color: #5c67ca;\"><strong>Room \u00ab Marie-Galante \u00bb :<\/strong><\/span><span style=\"color: #003399;\"><strong> <\/strong><\/span>Focus on Hypoventilation<br \/><\/span><span style=\"font-size: 20px;\"> <strong><span style=\"color: #003399;\"> <\/span> <span style=\"color: #003399;\"> <\/span> <span style=\"color: #003399;\"> <\/span> <span style=\"color: #003399;\"> <\/span> <span style=\"color: #003399;\"> <\/span> <span style=\"color: #003399;\"> <\/span> <span style=\"color: #003399;\"> <\/span> <span style=\"color: #003399;\"> <\/span> <span style=\"color: #003399;\"> <\/span> <span style=\"color: #5c67ca;\">Room \u00ab Les Saintes \u00bb :<\/span><\/strong><span style=\"color: #003399;\"><strong> <\/strong><\/span>Focus on Narcolepsy<\/span><\/p>\n<p><span style=\"font-size: 20px;\"><strong><span style=\"color: #003399;\">        <\/span><span style=\"color: #003399;\"> Session 1 : Sleep &amp; Respiratory Diseases<br \/><\/span><\/strong><\/span><span style=\"font-size: 20px;\"><strong><span style=\"color: #5c67ca;\"> <\/span><\/strong><\/span><span style=\"font-size: 16px;\"><strong><span style=\"color: #003399;\">                      <\/span><span style=\"color: #003399;\">                  <\/span><span style=\"color: #4e5f70;\">Moderators : Pr. Chantal Raherisson\/Semjen &amp; Pr. Alain<\/span><span style=\"color: #5c67ca;\"> <\/span><span style=\"color: #4e5f70;\">Didier <\/span><\/strong><\/span><\/p>\n<p><span style=\"font-size: 20px;\"> <strong><span style=\"color: #003399;\"> <\/span> <span style=\"color: #003399;\"> <\/span> <span style=\"color: #5c67ca;\">Room \u00ab <\/span><\/strong><span style=\"color: #5c67ca;\"><strong>Marie-Galante<\/strong><\/span><strong><span style=\"color: #5c67ca;\"> \u00bb<\/span><\/strong><\/span><\/p>\n<p><strong><\/strong><span style=\"font-size: 20px;\"> <strong><span style=\"color: #003399;\"> <\/span> <span style=\"color: #003399;\"> <\/span> <span style=\"color: #5c67ca;\">9:00<\/span><\/strong><span style=\"color: #003399;\"><strong>OSA &amp; Asthma<br \/><\/strong><\/span><\/span><span style=\"font-size: 16px;\"><strong><span style=\"color: #003399;\">                      <\/span><span style=\"color: #003399;\">                  <\/span><span style=\"color: #000000;\">Pr. Chantal Raherisson\/Semjen, Guadeloupe<\/span><\/strong><\/span><\/p>\n<p><span style=\"font-size: 20px;\"> <strong><span style=\"color: #003399;\"> <\/span> <span style=\"color: #5c67ca;\">9:20<\/span><\/strong><span style=\"color: #003399;\"><strong>OSA &amp; Allergy<br \/><\/strong><\/span><\/span><span style=\"font-size: 16px;\"><strong><span style=\"color: #003399;\">                      <\/span><span style=\"color: #003399;\">                  <\/span>Pr. Alain Didier , Toulouse, France<\/strong><\/span><\/p>\n<p><span style=\"font-size: 20px;\"> <strong><span style=\"color: #003399;\"> <\/span> <span style=\"color: #5c67ca;\">9:40<\/span><\/strong><span style=\"color: #003399;\"><strong> <\/strong><\/span><span style=\"color: #003399;\"><strong>OSA<\/strong><\/span><strong><span style=\"color: #003399;\">&amp; Obesity-Hypoventilation Syndrome<br \/><\/span><\/strong><\/span><span style=\"font-size: 16px;\"><strong><span style=\"color: #003399;\">                      <\/span><\/strong>                  <strong>Dr. Moustapha Agossou, Martinique<\/strong><\/span><\/p>\n<p><span style=\"font-size: 20px;\"> <strong><span style=\"color: #003399;\"> <\/span> <span style=\"color: #5c67ca;\">10:00<\/span><\/strong><span style=\"color: #003399;\"><strong> <\/strong><\/span><span style=\"color: #003399;\"><strong>OSA<\/strong><\/span><strong><span style=\"color: #003399;\">&amp; Obesity-Hypoventilation Syndrome: CPAP or NIV ?<br \/><\/span><\/strong><\/span><span style=\"font-size: 16px;\"><strong><span style=\"color: #003399;\">                      <\/span><\/strong>                  <strong>Pr. Jean-Paul Janssens, Gen\u00e8ve, Suisse<\/strong><\/span><\/p>\n<p><strong><\/strong><\/p>\n<p><span style=\"font-size: 20px;\"><strong><span style=\"color: #003399;\"> Session 2 : Narcolepsy<br \/><\/span><\/strong><\/span><span style=\"font-size: 16px;\"><strong><span style=\"color: #003399;\">                      <\/span><span style=\"color: #003399;\">                  <\/span><span style=\"color: #4e5f70;\">Moderators : Pr. Patricia Franco, Hospices Civiles de Lyon<\/span><\/strong><\/span><\/p>\n<p><span style=\"color: #5c67ca;\"> <\/span> <span style=\"font-size: 20px;\"><strong><span style=\"color: #003399;\"> <\/span> <span style=\"color: #003399;\"> <\/span> <span style=\"color: #5c67ca;\">Room \u00ab <\/span><\/strong> <span style=\"color: #5c67ca;\"><strong>Les Saintes<\/strong><\/span><\/span><span style=\"font-size: 20px;\"><strong><span style=\"color: #5c67ca;\">\u00bb<\/span><\/strong><\/span><\/p>\n<p><span style=\"font-size: 20px;\"> <strong><span style=\"color: #003399;\"> <\/span> <span style=\"color: #003399;\"> <\/span> <span style=\"color: #5c67ca;\">9:00<\/span><\/strong><span style=\"color: #003399;\"><strong>Narcolepsy in children: Diagnosis &amp; new therapies<br \/><\/strong><\/span><\/span><span style=\"font-size: 16px;\"><strong><span style=\"color: #003399;\">                      <\/span><span style=\"color: #003399;\">                  <\/span><span style=\"color: #000000;\">Pr. Patricia Franco, Lyon<\/span><\/strong><\/span><\/p>\n<p><span style=\"font-size: 20px;\"> <strong><span style=\"color: #003399;\"> <\/span> <span style=\"color: #5c67ca;\">9:20<\/span><\/strong><span style=\"color: #003399;\"><strong>Narcolepsy in adults: Diagnosis &amp; new therapies<br \/><\/strong><\/span><\/span><span style=\"font-size: 16px;\"><strong><span style=\"color: #003399;\">                                        <\/span>Pr. Yves Dauvilliers, Montpellier &amp; Dr. Jean-M\u00e9dard Zola, Guadeloupe<\/strong><\/span><\/p>\n<p><span style=\"font-size: 20px;\"> <strong><span style=\"color: #003399;\"> <\/span> <span style=\"color: #5c67ca;\">9:40<\/span><\/strong><span style=\"color: #003399;\"><strong> <\/strong><\/span><strong><span style=\"color: #003399;\">Neuroimaging in narcolepsy and other central hypersomnolence<br \/><\/span><\/strong><\/span><span style=\"font-size: 16px;\"><strong><span style=\"color: #003399;\">                      <\/span><\/strong>                  <strong>Dr. Thanh Dang-Vu, Montr\u00e9al, Canada<\/strong><\/span><\/p>\n<p><span style=\"font-size: 20px;\"> <strong><span style=\"color: #003399;\"> <\/span> <span style=\"color: #5c67ca;\">10:00<\/span><\/strong><span style=\"color: #003399;\"><strong> <\/strong><\/span><strong><span style=\"color: #003399;\">Mechanisms of sleepiness in narcolepsy<br \/><\/span><\/strong><\/span><span style=\"font-size: 16px;\"><strong><span style=\"color: #003399;\">                      <\/span><\/strong>                  <strong>Pr. John Peever, Toronto, Canada, President Canadian Sleep Society, Vice-Dean<\/strong><\/span><\/p>\n<p><strong> <\/strong><\/p>\n<p><strong><\/strong><strong style=\"font-size: 20px;\"><span style=\"color: #5c67ca;\">10:30<\/span> <span style=\"color: #dcac0f;\"> <\/span> <span style=\"color: #dcac0f;\"> <\/span> <span style=\"color: #dcac0f;\"> <\/span> <span style=\"color: #dcac0f;\"> <\/span> <span style=\"color: #003399;\">Break, visit of the exhibition hall :<\/span> <span style=\"color: #003399;\"> <\/span> <span style=\"color: #5c67ca;\">Room<\/span><\/strong><span style=\"font-size: 20px; color: #5c67ca;\"><strong>\u00ab <\/strong><\/span><strong style=\"font-size: 20px;\"><span style=\"color: #5c67ca;\">La D\u00e9sirade <\/span><\/strong><span style=\"font-size: 20px; color: #5c67ca;\"><strong>\u00bb<\/strong><\/span><\/p>\n<p><span style=\"font-size: 20px;\"><strong><span style=\"color: #5c67ca;\">10:45-11:30<\/span><span style=\"color: #dcac0f;\"> <\/span><span style=\"color: #003399;\">Plenary conference: \u00ab REM Sleep Behavior Disorder: what\u2019s new? \u00bb<br \/><\/span><\/strong><\/span><span style=\"font-size: 16px;\"><strong><span style=\"color: #003399;\">                      <\/span><span style=\"color: #003399;\">                  <\/span>Pr. Isabelle Arnulf, La Piti\u00e9 Salp\u00e9tri\u00e8re, Paris, France<span style=\"color: #5c67ca;\"><br \/><\/span><\/strong><\/span><span style=\"font-size: 16px;\"><strong><span style=\"color: #003399;\">                      <\/span><span style=\"color: #003399;\">                  <\/span><span style=\"color: #4e5f70;\">Moderators : Pr. Jacques Montplaisir<\/span><\/strong><\/span><\/p>\n<p><span style=\"font-size: 20px;\"><strong><span style=\"color: #5c67ca;\">11:30-12:15<\/span> <span style=\"color: #dcac0f;\"> <\/span> <span style=\"color: #003399;\">Plenary conference: \u00ab The New French Recommendations on<\/span><\/strong><span style=\"color: #003399;\"><strong>CSA<\/strong><\/span><strong><span style=\"color: #003399;\">\u00bb<br \/><\/span><\/strong><\/span><span style=\"font-size: 16px;\"><strong><span style=\"color: #003399;\">                                        <\/span>Dr. Sandrine Launois, Paris, France<span style=\"color: #5c67ca;\"><br \/><\/span><\/strong><\/span><span style=\"font-size: 16px;\"><strong><span style=\"color: #003399;\">                      <\/span><span style=\"color: #003399;\">                  <\/span><span style=\"color: #4e5f70;\">Moderator : Dr. David Bessey<\/span><\/strong><\/span><\/p>\n<p><strong> <\/strong><\/p>\n<p><strong><\/strong><strong style=\"font-size: 20px;\"><span style=\"color: #5c67ca;\">12:15-13:00<\/span><span style=\"color: #dcac0f;\"> <\/span><span style=\"color: #003399;\">Lunch, Tea, coffee and desserts \u2013 Exhibitors Space \u2013 First floor Hotel Terrace<\/span><\/strong><\/p>\n<p><span style=\"font-size: 20px;\"><strong><span style=\"color: #5c67ca;\">13:00-13:45<\/span> <span style=\"color: #dcac0f;\"> <\/span> <span style=\"color: #003399;\">Symposium 1 : (in progress)<br \/><\/span><\/strong><\/span><span style=\"font-size: 16px;\"><strong><span style=\"color: #003399;\"> <\/span> <span style=\"color: #003399;\"> <\/span> <span style=\"color: #5c67ca;\">Room \u00ab Marie-Galante \u00bb<\/span><\/strong><\/span><\/p>\n<p><span style=\"font-size: 20px;\"><strong><span style=\"color: #5c67ca;\">13:00-13:45<\/span> <span style=\"color: #dcac0f;\"> <\/span> <span style=\"color: #003399;\">Symposium 2 : (in progress)<br \/><\/span><\/strong><\/span><span style=\"font-size: 16px;\"><strong><span style=\"color: #003399;\"> <\/span> <span style=\"color: #003399;\"> <\/span> <span style=\"color: #5c67ca;\">Room \u00ab Les Saintes \u00bb<\/span><\/strong><\/span><\/p>\n<p><span style=\"font-size: 20px;\"><strong><span style=\"color: #5c67ca;\">13:00-13:45<\/span> <span style=\"color: #dcac0f;\"> <\/span> <span style=\"color: #003399;\">Symposium 3 : (in progress)<br \/><\/span><\/strong><\/span><span style=\"font-size: 16px;\"><strong><span style=\"color: #003399;\"> <\/span> <span style=\"color: #003399;\"> <\/span> <span style=\"color: #5c67ca;\">Room \u00ab Terre de Haut \u00bb<\/span><\/strong><\/span><\/p>\n<p><strong> <\/strong><strong><\/strong><span style=\"font-size: 20px;\"><span style=\"color: #003399;\"><strong>Parallel sessions \/ room \/ topic : <\/strong><\/span><span style=\"color: #5c67ca;\"><strong>Room \u00ab Marie-Galante \u00bb :<\/strong><\/span><span style=\"color: #003399;\"><strong> <\/strong><\/span>Focus on cardiovascular pathologies<br \/><\/span><span style=\"font-size: 20px;\"> <strong><span style=\"color: #003399;\"> <\/span> <span style=\"color: #003399;\"> <\/span> <span style=\"color: #003399;\"> <\/span> <span style=\"color: #003399;\"> <\/span> <span style=\"color: #003399;\"> <\/span> <span style=\"color: #003399;\"> <\/span> <span style=\"color: #003399;\"> <\/span> <span style=\"color: #003399;\"> <\/span> <span style=\"color: #003399;\"> <\/span> <span style=\"color: #5c67ca;\">Salle \u00ab Les Saintes \u00bb :<\/span><\/strong><span style=\"color: #003399;\"><strong> <\/strong><\/span>Focus sur les Pathologies Cardio-vasculaires<\/span><\/p>\n<p><span style=\"font-size: 20px;\"><strong><span style=\"color: #003399;\"> Session 3 : Sleep and Metabolic Diseases<br \/><\/span><\/strong><\/span><span style=\"font-size: 16px;\"><strong><span style=\"color: #003399;\">                      <\/span><span style=\"color: #003399;\">                  <\/span><span style=\"color: #4e5f70;\">Moderators : Dr. Marie-Laure Lalanne-Mistrih &amp; Pr. Nadia Sabbah<\/span><span style=\"color: #5c67ca;\"><\/span><\/strong><\/span><\/p>\n<p><span style=\"font-size: 20px;\"> <strong><span style=\"color: #003399;\"> <\/span> <span style=\"color: #003399;\"> <\/span> <span style=\"color: #5c67ca;\">Room \u00ab <\/span><\/strong><span style=\"color: #5c67ca;\"><strong>Marie-Galante <\/strong><\/span><strong><span style=\"color: #5c67ca;\">\u00bb<\/span><\/strong><\/span><\/p>\n<p><span style=\"font-size: 20px;\"> <strong><span style=\"color: #003399;\"> <\/span> <span style=\"color: #003399;\"> <\/span> <span style=\"color: #5c67ca;\">14:00<\/span><\/strong><span style=\"color: #003399;\"><strong>OSA &amp; Insulin resistance; cofactor in the genesis of type 2 diabetes<br \/><\/strong><\/span><\/span><span style=\"font-size: 16px;\"><strong><span style=\"color: #003399;\">                      <\/span><span style=\"color: #003399;\">                  <\/span><span style=\"color: #000000;\">Pr. Nadia Sabbah, Guyane<br \/><\/span><\/strong><\/span><\/p>\n<p><span style=\"font-size: 20px;\"> <strong><span style=\"color: #003399;\"> <\/span> <span style=\"color: #5c67ca;\">14:30<\/span><\/strong><span style=\"color: #003399;\"><strong>Obesity &amp; Sleep disorders: resistance to weigh loss<br \/><\/strong><\/span><\/span><span style=\"font-size: 16px;\"><strong><span style=\"color: #003399;\">                                        <\/span>Dr. Marie-Laure Lalanne-Mistrih, Guadeloupe<\/strong><\/span><\/p>\n<p><span style=\"font-size: 20px;\"> <strong><span style=\"color: #003399;\"> <\/span> <span style=\"color: #5c67ca;\">15:00<\/span><\/strong><span style=\"color: #003399;\"><strong> <\/strong><\/span><strong><span style=\"color: #003399;\">REM Sleep in health and disease<br \/><\/span><\/strong><\/span><span style=\"font-size: 16px;\"><strong><span style=\"color: #003399;\">                      <\/span><\/strong>                  <strong>Pr. John Peever, Toronto, Canada, President Canadian Sleep Society, Vice-Dean<\/strong><\/span><\/p>\n<p><span style=\"font-size: 20px;\"> <strong><span style=\"color: #003399;\"> <\/span> <span style=\"color: #5c67ca;\">15:30<\/span><\/strong><span style=\"color: #003399;\"><strong> <\/strong><\/span><strong><span style=\"color: #003399;\">OSA &amp; Obesity : <\/span><\/strong><span style=\"color: #003399;\"><strong>prevalence <\/strong><\/span><strong><span style=\"color: #003399;\">of OSA in the West Indies Obesity Centers<br \/><\/span><\/strong><\/span><span style=\"font-size: 16px;\"><strong><span style=\"color: #003399;\">                      <\/span><\/strong>                  <strong>Dr. ML Lalanne-Mistrih, Guadeloupe &amp; Dr. Moustapha Agossou, Martinique<\/strong><\/span><\/p>\n<p><span style=\"font-size: 20px;\"> <strong><span style=\"color: #003399;\"> <\/span> <span style=\"color: #5c67ca;\">16:00<\/span><\/strong><span style=\"color: #003399;\"><strong> <\/strong><\/span><strong><span style=\"color: #003399;\">Sleep in children and adolescents: the influence of screens and physical<br \/><\/span><\/strong><\/span><span style=\"font-size: 16px;\"><strong><span style=\"color: #003399;\">                      <\/span><\/strong>                  <strong>Pr. Jean-Philippe Chaput, Ottawa, Canada<\/strong><\/span><\/p>\n<p><strong> <\/strong><\/p>\n<p><strong><\/strong><strong style=\"font-size: 20px;\"><span style=\"color: #003399;\"> Session 4 : Sleep and Cardiovascular Diseases<br \/><\/span><\/strong><span style=\"font-size: 16px;\"><strong><span style=\"color: #003399;\">                      <\/span><span style=\"color: #003399;\">                  <\/span><span style=\"color: #4e5f70;\">Moderators : Dr. Andr\u00e9 Atallah &amp; Dr. Laurent Larifla<\/span><\/strong><\/span><\/p>\n<p><span style=\"font-size: 20px;\"> <strong><span style=\"color: #003399;\"> <\/span> <span style=\"color: #003399;\"> <\/span> <span style=\"color: #5c67ca;\">Room \u00ab <\/span><\/strong><span style=\"color: #5c67ca;\"><strong>Les Saintes <\/strong><\/span><strong><span style=\"color: #5c67ca;\">\u00bb<\/span><\/strong><\/span><\/p>\n<p><span style=\"font-size: 20px;\"> <strong><span style=\"color: #003399;\"> <\/span> <span style=\"color: #003399;\"> <\/span> <span style=\"color: #5c67ca;\">14:00<\/span><\/strong><span style=\"color: #003399;\"><strong>OSA and Stroke<br \/><\/strong><\/span><\/span><span style=\"font-size: 16px;\"><strong><span style=\"color: #003399;\">                      <\/span><span style=\"color: #003399;\">                  <\/span><span style=\"color: #000000;\">Pr. Didier Leys &amp; Dr. Fran\u00e7ois Caparros, Lille, France<\/span><\/strong><\/span><\/p>\n<p><span style=\"font-size: 20px;\"> <strong><span style=\"color: #003399;\"> <\/span> <span style=\"color: #003399;\"> <\/span> <span style=\"color: #5c67ca;\">14:30 <\/span><\/strong><span style=\"color: #003399;\"><strong>OSA &amp; Myocardial Infarction<br \/><\/strong><\/span><\/span><span style=\"font-size: 16px;\"><strong><span style=\"color: #003399;\">                                        <\/span>Dr. Andr\u00e9 Atallah, Guadeloupe<\/strong><\/span><\/p>\n<p><span style=\"font-size: 20px;\"> <strong><span style=\"color: #003399;\"> <\/span> <span style=\"color: #5c67ca;\">15:00<\/span><\/strong><span style=\"color: #003399;\"><strong> <\/strong><\/span><span style=\"color: #003399;\"><strong>OSA<\/strong><\/span><strong><span style=\"color: #003399;\">&amp; Cardiac amyloidosis<br \/><\/span><\/strong><\/span><span style=\"font-size: 16px;\"><strong><span style=\"color: #003399;\">                      <\/span><\/strong>                  <strong>Pr. Jocelyn Inamo, Martinique<\/strong><\/span><\/p>\n<p><span style=\"font-size: 20px;\"> <strong><span style=\"color: #003399;\"> <\/span> <span style=\"color: #5c67ca;\">15:30<\/span><\/strong><span style=\"color: #003399;\"><strong> <\/strong><\/span><strong><span style=\"color: #003399;\">CPAP adherence and MACE<br \/><\/span><\/strong><\/span><span style=\"font-size: 16px;\"><strong><span style=\"color: #003399;\">                      <\/span><\/strong>                  <strong>Pr. Fr\u00e9d\u00e9ric Gagnadoux, Angers, France<\/strong><\/span><\/p>\n<p><span style=\"font-size: 20px;\"> <strong><span style=\"color: #003399;\"> <\/span> <span style=\"color: #5c67ca;\">16:00<\/span><\/strong><span style=\"color: #003399;\"><strong> <\/strong><\/span><span style=\"color: #003399;\"><strong>OSA<\/strong><\/span><strong><span style=\"color: #003399;\">, HBP &amp; Pregnancy<br \/><\/span><\/strong><\/span><span style=\"font-size: 16px;\"><strong><span style=\"color: #003399;\">                      <\/span><\/strong>                  <strong>Dr. Renata Riha, Ecosse<\/strong><\/span><\/p>\n<p><span style=\"font-size: 20px;\"><strong><span style=\"color: #5c67ca;\">16:30 <\/span> <span style=\"color: #dcac0f;\"> <\/span> <span style=\"color: #dcac0f;\"> <\/span> <span style=\"color: #dcac0f;\"> <\/span> <span style=\"color: #dcac0f;\"> <\/span> <span style=\"color: #003399;\">Break, visit of the exhibition hall : <\/span> <span style=\"color: #5c67ca;\">Room<\/span><\/strong><span style=\"color: #5c67ca;\"><strong>\u00ab <\/strong><\/span><strong><span style=\"color: #5c67ca;\">La D\u00e9sirade <\/span><\/strong><span style=\"color: #5c67ca;\"><strong>\u00bb<\/strong><\/span><\/span><\/p>\n<p><span style=\"font-size: 20px;\"><strong><span style=\"color: #5c67ca;\">17:00-17:45<\/span><span style=\"color: #dcac0f;\"> <\/span><span style=\"color: #003399;\">Plenary lecture: \u00ab Chronobiological dysregulation and impact on health \u00bb<br \/><\/span><\/strong><\/span><span style=\"font-size: 16px;\"><strong><span style=\"color: #003399;\">                      <\/span><span style=\"color: #003399;\">                 <\/span>President of the World Sleep Society, Pr. Phyllis C. Zee<br \/><\/strong><\/span><span style=\"font-size: 16px;\"><strong><span style=\"color: #003399;\">                     <\/span><span style=\"color: #003399;\">                  <\/span><span style=\"color: #4e5f70;\">Moderators : M. Allan O\u2019Bryan &amp; Dr. David Bessey<\/span><\/strong><\/span><\/p>\n<p><span style=\"font-size: 20px;\"><strong><span style=\"color: #5c67ca;\">18:00 <\/span><span style=\"color: #dcac0f;\"> <\/span><span style=\"color: #dcac0f;\"> <\/span><span style=\"color: #dcac0f;\"> <\/span><span style=\"color: #dcac0f;\"> <\/span><span style=\"color: #003399;\">SAGS General Assembly open to all (and proposal for registration) &#8211; End of the first day<\/span><\/strong><\/span><\/p>\n<p>[\/et_pb_accordion_item][et_pb_accordion_item title=&#8221;FRIDAY, MARCH 8, 2024&#8243; _builder_version=&#8221;4.22.2&#8243; _module_preset=&#8221;default&#8221; global_colors_info=&#8221;{}&#8221; open=&#8221;off&#8221;]<\/p>\n<p><span style=\"font-size: 20px;\"><strong><span style=\"color: #5c67ca;\">8:30<\/span><span style=\"color: #dcac0f;\"> <\/span><span style=\"color: #dcac0f;\"> <\/span><span style=\"color: #dcac0f;\"> <\/span><span style=\"color: #dcac0f;\"> <\/span><span style=\"color: #003399;\">Welcome of participants<\/span><\/strong><\/span><\/p>\n<p><span style=\"font-size: 20px;\"><span style=\"color: #003399;\"><strong>Parallel sessions \/ room \/ topic : <\/strong><\/span><span style=\"color: #5c67ca;\"><strong>Room \u00ab Marie-Galante \u00bb :<\/strong><\/span><span style=\"color: #003399;\"><strong> <\/strong><\/span>ENT Focus<br \/><\/span><span style=\"font-size: 20px;\"> <strong><span style=\"color: #003399;\"> <\/span> <span style=\"color: #003399;\"> <\/span> <span style=\"color: #003399;\"> <\/span> <span style=\"color: #003399;\"> <\/span> <span style=\"color: #003399;\"> <\/span> <span style=\"color: #003399;\"> <\/span> <span style=\"color: #003399;\"> <\/span> <span style=\"color: #003399;\"> <\/span> <span style=\"color: #003399;\"> <\/span> <span style=\"color: #5c67ca;\">Room \u00ab Les Saintes \u00bb :<\/span><\/strong><span style=\"color: #003399;\"><strong> <\/strong><\/span>Brain Focus<\/span><\/p>\n<p><span style=\"font-size: 20px;\"><strong><span style=\"color: #003399;\"> Session 5 : Sleep and ENT<br \/><\/span><\/strong><\/span><span style=\"font-size: 16px;\"><strong><span style=\"color: #003399;\">                      <\/span><span style=\"color: #003399;\">                  <\/span><span style=\"color: #4e5f70;\">Moderators : Pr. Suzy Duflo, Dean of French West Indies University<\/span><\/strong><\/span><\/p>\n<p><span style=\"font-size: 20px;\"> <strong><span style=\"color: #003399;\"> <\/span> <span style=\"color: #003399;\"> <\/span> <span style=\"color: #5c67ca;\">Room \u00ab Marie-Galante<\/span><\/strong><span style=\"color: #5c67ca;\"><strong> <\/strong><\/span><strong><span style=\"color: #5c67ca;\">\u00bb<\/span><\/strong><\/span><\/p>\n<p><span style=\"font-size: 20px;\"> <strong><span style=\"color: #003399;\"> <\/span> <span style=\"color: #003399;\"> <\/span> <span style=\"color: #5c67ca;\">9:00<\/span><\/strong><span style=\"color: #003399;\"><strong>OSA &amp; News in Implanted Hypoglossal Nerve Stimulation<br \/><\/strong><\/span><\/span><span style=\"font-size: 16px;\"><strong><span style=\"color: #003399;\">                      <\/span><span style=\"color: #003399;\">                  <\/span><span style=\"color: #000000;\">Dr. Olivier Vanderveken, Belgique<\/span><\/strong><\/span><\/p>\n<p><span style=\"font-size: 20px;\"> <strong><span style=\"color: #003399;\"> <\/span> <span style=\"color: #003399;\"> <\/span> <span style=\"color: #5c67ca;\">9:30<\/span><\/strong><span style=\"color: #003399;\"><strong>News in Drug-Induced Sleep endoscopy<br \/><\/strong><\/span><\/span><span style=\"font-size: 16px;\"><strong><span style=\"color: #003399;\">                                        <\/span>Dr. Pascal Lestang, St Martin<\/strong><\/span><\/p>\n<p><span style=\"font-size: 20px;\"><strong><span style=\"color: #003399;\">           <\/span><span style=\"color: #5c67ca;\">10:00<\/span><\/strong><span style=\"color: #003399;\"><strong>   <\/strong><\/span><strong><span style=\"color: #003399;\">Maxillo-facial surgery: for who? What to expect ?<br \/><\/span><\/strong><\/span><span style=\"font-size: 16px;\"><strong><span style=\"color: #003399;\">                      <\/span><\/strong>                  <strong>Dr. Boris Petelle, Paris, France<\/strong><\/span><\/p>\n<p><span style=\"font-size: 20px;\"> <strong><span style=\"color: #003399;\"> <\/span> <span style=\"color: #5c67ca;\">10:30<\/span><\/strong><span style=\"color: #003399;\"><strong> <\/strong><\/span><strong><span style=\"color: #003399;\">Snoring and mouth breathing from childhood to adulthood<\/span><\/strong><\/span><\/p>\n<p><span style=\"font-size: 20px;\"><strong><span style=\"color: #003399;\"><br \/><\/span><\/strong><\/span><span style=\"font-size: 20px;\"><strong><span style=\"color: #003399;\"><\/span><\/strong><\/span><span style=\"font-size: 20px;\"><strong><span style=\"color: #003399;\"> Session 6 : Sleep and Major Neurocognitive Disorders<br \/><\/span><\/strong><\/span><span style=\"font-size: 16px;\"><strong> Moderators : Pr. Isabelle Arnulf &amp; Pr. Jo\u00ebl Belmin &amp; Pr. Annie Lannuzel<\/strong><\/span><\/p>\n<p><span style=\"font-size: 20px;\"> <strong><span style=\"color: #003399;\"> <\/span> <span style=\"color: #003399;\"> <\/span> <span style=\"color: #5c67ca;\">Room \u00ab Les Saintes<\/span><\/strong><span style=\"color: #5c67ca;\"><strong> <\/strong><\/span><strong><span style=\"color: #5c67ca;\">\u00bb<\/span><\/strong><\/span><\/p>\n<p><span style=\"font-size: 20px;\"> <strong><span style=\"color: #003399;\"> <\/span> <span style=\"color: #003399;\"> <\/span> <span style=\"color: #5c67ca;\">9:00<\/span><\/strong><span style=\"color: #003399;\"><strong>Sleep &amp; Parkinson<br \/><\/strong><\/span><\/span><span style=\"font-size: 16px;\"><strong><span style=\"color: #003399;\">                      <\/span><span style=\"color: #003399;\">                  <\/span><span style=\"color: #000000;\">Pr. Isabelle Arnulf, Paris, France<\/span><\/strong><\/span><\/p>\n<p><span style=\"font-size: 20px;\"> <strong><span style=\"color: #003399;\"> <\/span> <span style=\"color: #003399;\"> <\/span> <span style=\"color: #5c67ca;\">9:30<\/span><\/strong><span style=\"color: #003399;\"><strong>OSA and risk of Alzheimer\u2019s disease<br \/><\/strong><\/span><\/span><span style=\"font-size: 16px;\"><strong><span style=\"color: #003399;\">                                        <\/span>Dr. Fannie Onen, Paris, France<\/strong><\/span><\/p>\n<p><span style=\"font-size: 20px;\"> <strong><span style=\"color: #003399;\"> <\/span> <span style=\"color: #5c67ca;\">10:00<\/span><\/strong><span style=\"color: #003399;\"><strong> <\/strong><\/span><strong><span style=\"color: #003399;\">Sleep &amp; Cognitive Health: Mechanisms and Clinical Perspectives<br \/><\/span><\/strong><\/span><span style=\"font-size: 16px;\"><strong><span style=\"color: #003399;\">                      <\/span><\/strong>                  <strong>Dr. Thanh Dang-Vu, Montr\u00e9al, Canada<\/strong><\/span><\/p>\n<p><span style=\"font-size: 20px;\"> <strong><span style=\"color: #003399;\"> <\/span> <span style=\"color: #5c67ca;\">10:30<\/span><\/strong><span style=\"color: #003399;\"><strong> <\/strong><\/span><strong><span style=\"color: #003399;\">OSA &amp; Cognitive Decline in the elderly<br \/><\/span><\/strong><\/span><span style=\"font-size: 20px;\"><strong><span style=\"color: #003399;\"><\/span><\/strong><\/span><span style=\"font-size: 16px;\"><strong><span style=\"color: #003399;\">                      <\/span><\/strong>                  <strong>Dr. Raphael Heinzer, Lausanne, Switzerland<\/strong><\/span><\/p>\n<p><span style=\"font-size: 16px;\"><strong><\/strong><\/span><span style=\"font-size: 20px;\"><strong><span style=\"color: #5c67ca;\">11:00<\/span> <span style=\"color: #dcac0f;\"> <\/span> <span style=\"color: #dcac0f;\"> <\/span> <span style=\"color: #dcac0f;\"> <\/span> <span style=\"color: #dcac0f;\"> <\/span> <span style=\"color: #003399;\">Break, visit of the exhibition hall : <\/span> <span style=\"color: #5c67ca;\">Room<\/span><\/strong><span style=\"color: #5c67ca;\"><strong>\u00ab <\/strong><\/span><strong><span style=\"color: #5c67ca;\">La D\u00e9sirade <\/span><\/strong><span style=\"color: #5c67ca;\"><strong>\u00bb<\/strong><\/span><\/span><\/p>\n<p><span style=\"font-size: 20px;\"><span style=\"color: #5c67ca;\"><strong><\/strong><\/span><\/span><span style=\"font-size: 20px;\"><strong><span style=\"color: #5c67ca;\">11:30-12:15<\/span><span style=\"color: #dcac0f;\"> <\/span><span style=\"color: #003399;\">Plenary conference: \u00ab Clinical Profiles in Sleep Disorders: Updating to the Era of \u00ab Odd ratio Products \u00bb based on EEG-PSG recordings \u00bb<br \/><\/span><\/strong><\/span><span style=\"font-size: 20px;\"><strong><span style=\"color: #003399;\"><\/span><\/strong><\/span><span style=\"font-size: 16px;\"><strong><span style=\"color: #003399;\">                                        <\/span>Dr. Celyne H. Bastien, Montr\u00e9al, Canada, Past-President Canadian Sleep Society<br \/><\/strong><\/span><span style=\"font-size: 16px;\"><strong><\/strong><\/span><span style=\"font-size: 16px;\"><strong><span style=\"color: #003399;\">                      <\/span><span style=\"color: #003399;\">                  <\/span><span style=\"color: #4e5f70;\">Moderators : Dr. Thanh Dang-Vu, Montr\u00e9al, Canada &amp; Pr. Yves Dauvilliers, Montpellier<\/span><\/strong><\/span><\/p>\n<p><span style=\"font-size: 20px;\"><strong><span style=\"color: #5c67ca;\">12:15-13:00 <\/span><span style=\"color: #dcac0f;\"> <\/span><span style=\"color: #003399;\">Lunch, Tea, coffee and desserts \u2013 Exhibitors Space \u2013 First floor Hotel Terrace<\/span><\/strong><\/span><\/p>\n<p><span style=\"font-size: 20px;\"><strong><span style=\"color: #003399;\"><\/span><\/strong><\/span><span style=\"font-size: 20px;\"><strong><span style=\"color: #5c67ca;\">13:00-13:45<\/span> <span style=\"color: #dcac0f;\"> <\/span> <span style=\"color: #003399;\">Symposium 1 : (in progress)<br \/><\/span><\/strong><\/span><strong><span style=\"color: #003399;\"> <\/span> <span style=\"color: #003399;\"> <\/span> <span style=\"color: #5c67ca;\">Room \u00ab Marie-Galante \u00bb <\/span><\/strong> <\/p>\n<p><strong><span style=\"color: #5c67ca;\"><span style=\"font-size: 20px;\">13:00-13:45<span style=\"color: #dcac0f;\"> <\/span><span style=\"color: #003399;\">Symposium 2 : (in progress)<br \/><\/span><\/span><span style=\"color: #003399;\"> <\/span><span style=\"color: #003399;\"> <\/span>Room\u00ab Les Saintes \u00bb<br \/><\/span><\/strong><\/p>\n<p><strong><span style=\"color: #5c67ca;\"><span style=\"font-size: 20px;\">13:00-13:45<span style=\"color: #dcac0f;\"> <\/span><span style=\"color: #003399;\">Symposium 3 : (in progress )<br \/><\/span><\/span><span style=\"color: #003399;\"> <\/span><span style=\"color: #003399;\"> <\/span>Room \u00ab <span>Terre de Haut<\/span> \u00bb<br \/><\/span><\/strong><\/p>\n<p><strong><span style=\"color: #5c67ca;\"><br \/><\/span><\/strong><span style=\"font-size: 20px;\"><strong><span style=\"color: #003399;\"><\/span><\/strong><\/span><span style=\"font-size: 20px;\"><strong><span style=\"color: #003399;\"><\/span><\/strong><\/span><span style=\"font-size: 20px;\"><strong><span style=\"color: #003399;\"> Session <span>7 : Insomnia<\/span><br \/><\/span><\/strong><\/span><span style=\"font-size: 16px;\"><strong>                                      <span>Moderators : Dr. C\u00e9lyne Bastien &amp; Pr. Damien L\u00e9ger<\/span><\/strong><\/span><\/p>\n<p><span style=\"font-size: 20px;\"> <strong><span style=\"color: #003399;\"> <\/span> <span style=\"color: #003399;\"> <\/span> <span style=\"color: #5c67ca;\">Room \u00ab Marie-Galante<\/span><\/strong><span style=\"color: #5c67ca;\"><strong> <\/strong><\/span><strong><span style=\"color: #5c67ca;\">\u00bb<\/span><\/strong><\/span><\/p>\n<p><span style=\"font-size: 20px;\"> <strong><span style=\"color: #003399;\"> <\/span> <span style=\"color: #003399;\"> <\/span> <span style=\"color: #5c67ca;\">14:00<\/span><\/strong><span style=\"color: #003399;\"><strong><span>Sleep Disorders &amp; COVID-19<\/span><br \/><\/strong><\/span><\/span><span style=\"font-size: 16px;\"><strong><span style=\"color: #003399;\">                      <\/span><span style=\"color: #003399;\">                  <\/span><span style=\"color: #000000;\"><span>Dr. Maria-Livia Fantini, Clermont-Ferrand, France<\/span><\/span><\/strong><\/span><\/p>\n<p><span style=\"font-size: 20px;\"> <strong><span style=\"color: #003399;\"> <\/span> <span style=\"color: #003399;\"> <\/span> <span style=\"color: #5c67ca;\">14:30<span style=\"color: #003399;\"> <\/span><\/span><\/strong><span style=\"color: #003399;\"><strong>Diagnostic &amp; Clinical aspects<span><br \/><\/span><\/strong><\/span><\/span><span style=\"font-size: 16px;\"><strong><span style=\"color: #003399;\">                                        <\/span><span>Pr. Charles Morin, Past-President of the World Sleep Society, Canada<\/span><\/strong><\/span><\/p>\n<p><span style=\"font-size: 20px;\"> <strong><span style=\"color: #003399;\"> <\/span> <span style=\"color: #5c67ca;\">15:00<\/span><\/strong><span style=\"color: #003399;\"><strong> <\/strong><\/span><strong><span style=\"color: #003399;\"><span>What\u2019s new in therapy ?<\/span> <br \/><\/span><\/strong><\/span><span style=\"font-size: 16px;\"><strong><span style=\"color: #003399;\">                      <\/span><\/strong>                  <strong><span>Dr. R\u00e9gine Denesle, Montr\u00e9al, Canada<\/span><\/strong><\/span><\/p>\n<p><span style=\"font-size: 20px;\"> <strong><span style=\"color: #003399;\"> <\/span> <span style=\"color: #5c67ca;\">15:30<\/span><\/strong><span style=\"color: #003399;\"><strong> <\/strong><\/span><strong><span style=\"color: #003399;\"><span>Diagnosis and treatment of COMISA<\/span> <br \/><\/span><\/strong><\/span><span style=\"font-size: 20px;\"><strong><span style=\"color: #003399;\"><\/span><\/strong><\/span><span style=\"font-size: 16px;\"><strong><span style=\"color: #003399;\">                      <\/span><\/strong>                  <strong><span>Pr. Jean-Louis P\u00e9pin, Grenoble, France<\/span><\/strong><\/span><\/p>\n<p><strong><span style=\"color: #5c67ca;\"><\/span><\/strong><span style=\"font-size: 20px;\"><strong><span style=\"color: #003399;\"><\/span><\/strong><\/span><span style=\"font-size: 20px;\"><strong><span style=\"color: #003399;\"><\/span><\/strong><\/span><span style=\"font-size: 20px;\"><strong><span style=\"color: #003399;\"> Session 8<span> : New PSG biomarkers for CVD risk prediction in OSA<\/span><br \/><\/span><\/strong><\/span><span style=\"font-size: 16px;\"><strong>                                        <span>Moderators : Pr. Fr\u00e9d\u00e9ric Gagnadoux &amp; Dr. Andr\u00e9 Atallah<\/span><\/strong><\/span><\/p>\n<p><span style=\"font-size: 20px;\"> <strong><span style=\"color: #003399;\"> <\/span> <span style=\"color: #003399;\"> <\/span> <span style=\"color: #5c67ca;\">Room \u00ab Les Saintes<\/span><\/strong><span style=\"color: #5c67ca;\"><strong> <\/strong><\/span><strong><span style=\"color: #5c67ca;\">\u00bb<\/span><\/strong><\/span><\/p>\n<p><span style=\"font-size: 20px;\"> <strong><span style=\"color: #003399;\"> <\/span> <span style=\"color: #003399;\"> <\/span> <span style=\"color: #5c67ca;\">14:00<\/span><\/strong><span style=\"color: #003399;\"><strong><span>OSA &amp; Autonomic Nervous System<\/span><br \/><\/strong><\/span><\/span><span style=\"font-size: 16px;\"><strong><span style=\"color: #003399;\">                      <\/span><span style=\"color: #003399;\">                  <\/span><span style=\"color: #000000;\"><span>Pr. Fr\u00e9d\u00e9ric Gagnadoux, Angers, France<\/span><\/span><\/strong><\/span><\/p>\n<p><span style=\"font-size: 20px;\"> <strong><span style=\"color: #003399;\"> <\/span> <span style=\"color: #003399;\"> <\/span> <span style=\"color: #5c67ca;\">14:30<span style=\"color: #003399;\"> <\/span><\/span><\/strong><span style=\"color: #003399;\"><strong><span>Pulse Wave Amplitude Drops &amp; CVD risk in OSA patients<\/span> <br \/><\/strong><\/span><\/span><span style=\"font-size: 16px;\"><strong><span style=\"color: #003399;\">                                        <\/span><span>Pr. Rapha\u00ebl Heinzer, Lausanne, Switzerland<\/span><\/strong><\/span><\/p>\n<p><span style=\"font-size: 20px;\"> <strong><span style=\"color: #003399;\"> <\/span> <span style=\"color: #5c67ca;\">15:00<\/span><\/strong><span style=\"color: #003399;\"><strong> <\/strong><\/span><strong><span style=\"color: #003399;\"><span>Hypoxic burden &amp; CVD risk in OSA patients<\/span> <br \/><\/span><\/strong><\/span><span style=\"font-size: 16px;\"><strong><span style=\"color: #003399;\">                      <\/span><\/strong>                  <strong><span>Dr. Nicole Meslier, Angers, France<\/span><\/strong><\/span><\/p>\n<p><span style=\"font-size: 20px;\"> <strong><span style=\"color: #003399;\"> <\/span> <span style=\"color: #5c67ca;\">15:30<\/span><\/strong><span style=\"color: #003399;\"><strong> <\/strong><\/span><strong><span style=\"color: #003399;\"><span>Heart rate variability &amp; CVD risk in OSA patients<\/span> <br \/><\/span><\/strong><\/span><span style=\"font-size: 20px;\"><strong><span style=\"color: #003399;\"><\/span><\/strong><\/span><span style=\"font-size: 16px;\"><strong><span style=\"color: #003399;\">                      <\/span><\/strong>                  <strong><span>Mr. AbdelKebir Sabil, PhD, Paris, France<\/span><\/strong><\/span><\/p>\n<p><span style=\"font-size: 16px;\"><strong><span><\/span><\/strong><\/span><\/p>\n<p><span style=\"font-size: 16px;\"><strong><span><\/span><\/strong><\/span><span style=\"font-size: 20px;\"><strong><span style=\"color: #5c67ca;\">16:00<\/span> <span style=\"color: #dcac0f;\"> <\/span> <span style=\"color: #dcac0f;\"> <\/span> <span style=\"color: #dcac0f;\"> <\/span> <span style=\"color: #dcac0f;\"> <\/span> <span style=\"color: #003399;\">Break, visit of the exhibition hall : <\/span> <span style=\"color: #5c67ca;\">Room<\/span><\/strong><span style=\"color: #5c67ca;\"><strong>\u00ab <\/strong><\/span><strong><span style=\"color: #5c67ca;\">La D\u00e9sirade <\/span><\/strong><span style=\"color: #5c67ca;\"><strong>\u00bb<\/strong><\/span><\/span><\/p>\n<p><span style=\"font-size: 20px;\"><strong><span style=\"color: #5c67ca;\">16:30-17:15<\/span><span style=\"color: #dcac0f;\"> <\/span><span style=\"color: #003399;\">Round Table: Sleep health around the world<br \/><\/span><\/strong><\/span><span style=\"font-size: 16px;\"><strong><span style=\"color: #003399;\">                                        <\/span>Chaired by Dr. Phyllis C. Zee, M. Allan O\u2019Bryan, World Sleep Society &amp; Dr. David Bessey, SAGS<\/strong><\/span><\/p>\n<p><span style=\"font-size: 20px;\"><strong><span style=\"color: #5c67ca;\">17:15-18:00<\/span><span style=\"color: #dcac0f;\"> <\/span><span style=\"color: #003399;\">Plenary session: Post-Traumatic Stress &amp; Insomnia<br \/><\/span><\/strong><\/span><span style=\"font-size: 16px;\"><strong><span style=\"color: #003399;\">                                        <\/span>Dr. Jennifer L. Martin, USA (American Academy Sleep Medicine)<\/strong><\/span><\/p>\n<p><span style=\"font-size: 20px;\"><strong><span style=\"color: #5c67ca;\">20:00<\/span><span style=\"color: #dcac0f;\"> <\/span><span style=\"color: #dcac0f;\"> <\/span><span style=\"color: #dcac0f;\"> <\/span><span style=\"color: #dcac0f;\"> <\/span><span style=\"color: #003399;\">Diner-Debate<br \/><\/span><\/strong><\/span><span style=\"font-size: 16px;\"><strong><span style=\"color: #003399;\">                                        <\/span>Dr. Bertrand De la Giclais, Annecy, France<\/strong><\/span><\/p>\n<p>[\/et_pb_accordion_item][et_pb_accordion_item title=&#8221;SATURDAY, MARCH 9, 2024&#8243; _builder_version=&#8221;4.22.2&#8243; _module_preset=&#8221;default&#8221; global_colors_info=&#8221;{}&#8221; open=&#8221;off&#8221;]<\/p>\n<p><span style=\"font-size: 20px;\"><strong><span style=\"color: #5c67ca;\">8:30 <\/span><span style=\"color: #dcac0f;\"> <\/span><span style=\"color: #dcac0f;\"> <\/span><span style=\"color: #dcac0f;\"> <\/span><span style=\"color: #dcac0f;\"> <\/span><span style=\"color: #003399;\">Welcome : <\/span><\/strong>Tea, coffee, pastry.<br \/><\/span><span style=\"font-size: 20px;\"><\/span><span style=\"font-size: 20px;\"><strong><span style=\"color: #dcac0f;\"> <\/span> <span style=\"color: #dcac0f;\"> <\/span> <span style=\"color: #003399;\">Workshops : Registration required. Duration of each workshop is 1,5 hour. Two sessions\/workshop. <\/span><\/strong><\/span><\/p>\n<p><strong> <\/strong><\/p>\n<p><strong><\/strong><span style=\"font-size: 20px;\"><strong><span style=\"color: #5c67ca;\">9:00-10:30<\/span><span style=\"color: #dcac0f;\"> <\/span><span style=\"color: #003399;\">Workshop topics :<\/span><\/strong><\/span><\/p>\n<p><span style=\"font-size: 20px;\"> <strong><span style=\"color: #003399;\"> <\/span> <span style=\"color: #5c67ca;\">Workshop1 :<\/span> <span style=\"color: #003399;\"> Interpretation of a <\/span><\/strong><span style=\"color: #003399;\"><strong>PSG &amp; HSAT<\/strong><\/span><strong><span style=\"color: #003399;\">: Pitfalls to avoid<br \/><\/span><\/strong><\/span><span style=\"font-size: 16px;\"><strong><span style=\"color: #003399;\">                      <\/span><span style=\"color: #003399;\">                  <\/span>Dr. Sandrine Launois &amp; Dr. Jean-M\u00e9dard Zola<\/strong><\/span><\/p>\n<p><span style=\"font-size: 20px;\"> <strong><span style=\"color: #003399;\"> <\/span> <span style=\"color: #5c67ca;\">Workshop 2 :<\/span><\/strong><span style=\"color: #003399;\"><strong>Practical aspect of the recommendations on OSA in children<br \/><\/strong><\/span><\/span><span style=\"font-size: 20px;\"><span style=\"color: #003399;\"><strong><\/strong><\/span><\/span><span style=\"font-size: 16px;\"><strong><span style=\"color: #003399;\">                      <\/span><span style=\"color: #003399;\">                  <\/span><span style=\"color: #000000;\">Pr. Patricia Franco &amp; Dr. Linda Aladin<\/span><\/strong><\/span><\/p>\n<p><span style=\"font-size: 20px;\"><strong><span style=\"color: #003399;\">           <\/span><span style=\"color: #5c67ca;\">Workshop 3 :<\/span><span style=\"color: #003399;\">Nightmares care<br \/><\/span><\/strong><\/span><span style=\"font-size: 16px;\"><strong><span style=\"color: #003399;\">                                        <\/span>Dr R\u00e9gine Denesle &amp; Dr. David Bessey<\/strong><\/span><\/p>\n<p><span style=\"font-size: 16px;\"><strong><\/strong><\/span><span style=\"font-size: 20px;\"><strong><span style=\"color: #003399;\">           <\/span><span style=\"color: #5c67ca;\">Workshop 4 :<\/span><span style=\"color: #003399;\">Insomnia care<br \/><\/span><\/strong><\/span><span style=\"font-size: 16px;\"><strong><span style=\"color: #003399;\">                                        <\/span>Pr. Charles Morin &amp; Pr. C\u00e9lyne H. Bastien<\/strong><\/span><\/p>\n<p><span style=\"font-size: 20px;\"><strong><span style=\"color: #003399;\">           <\/span><span style=\"color: #5c67ca;\">Workshop 5 :<\/span><span style=\"color: #003399;\">CPAP treatment adherence: prediction and consequences of nonadherence<br \/><\/span><\/strong><\/span><span style=\"font-size: 16px;\"><strong><span style=\"color: #003399;\">                      <\/span><\/strong>                  <strong>Mr. AbdelKebir Sabil, PhD &amp; Dr. Renata Riha<\/strong><\/span><\/p>\n<p><span style=\"font-size: 20px;\"> <strong><span style=\"color: #003399;\"> <\/span> <span style=\"color: #5c67ca;\">Workshop 6 :<\/span> <span style=\"color: #003399;\"> <\/span><\/strong><span style=\"color: #003399;\"><strong>OSA<\/strong><\/span><strong><span style=\"color: #003399;\">and risk of motor vehicle accidents<br \/><\/span><\/strong><\/span><span style=\"font-size: 20px;\"><strong><span style=\"color: #003399;\"><\/span><\/strong><\/span><span style=\"font-size: 16px;\"><strong><span style=\"color: #003399;\">                      <\/span><\/strong>                  <strong>Pr. Damien L\u00e9ger, Dr. Jean-Pierre Baroin &amp; Pr. Patrick Portecop<\/strong><\/span><\/p>\n<p><span style=\"font-size: 20px;\"> <strong><span style=\"color: #003399;\"> <\/span> <span style=\"color: #5c67ca;\">Workshop 7 :<\/span> <span style=\"color: #003399;\"> <\/span><\/strong><span style=\"color: #003399;\"><strong>CSA <\/strong><\/span><strong><span style=\"color: #003399;\">and Self-assisted Ventilation<br \/><\/span><\/strong><\/span><span style=\"font-size: 16px;\"><strong><span style=\"color: #003399;\">                      <\/span><\/strong>                  <strong>Pr. Jean-Paul Janssens &amp; Dr. Moustapha Agoussou<\/strong><\/span><\/p>\n<p><span style=\"font-size: 20px;\"><strong><span style=\"color: #5c67ca;\">10:30<\/span> <span style=\"color: #dcac0f;\"> <\/span> <span style=\"color: #dcac0f;\"> <\/span> <span style=\"color: #dcac0f;\"> <\/span> <span style=\"color: #dcac0f;\"> <\/span> <span style=\"color: #003399;\">Break, visit of the stands &amp; the exhibitors : <\/span> <span style=\"color: #5c67ca;\">Room<\/span><\/strong><span style=\"color: #5c67ca;\"><strong>\u00ab <\/strong><\/span><strong><span style=\"color: #5c67ca;\">La D\u00e9sirade <\/span><\/strong><span style=\"color: #5c67ca;\"><strong>\u00bb<\/strong><\/span><\/span><\/p>\n<p><span style=\"font-size: 20px;\"><strong><span style=\"color: #5c67ca;\">11:00-12:30<\/span><span style=\"color: #dcac0f;\"> <\/span><span style=\"color: #003399;\">Workshop topics :<\/span><\/strong><\/span><span style=\"font-size: 20px;\"><strong><span style=\"color: #003399;\"><\/span><\/strong><\/span><\/p>\n<p><span style=\"font-size: 20px;\"> <strong><span style=\"color: #003399;\"> <\/span> <span style=\"color: #5c67ca;\">Workshop1 :<\/span> <span style=\"color: #003399;\"> Interpretation of a <\/span><\/strong><span style=\"color: #003399;\"><strong>PSG &amp; HSAT<\/strong><\/span><strong><span style=\"color: #003399;\">: Pitfalls to avoid<br \/><\/span><\/strong><\/span><span style=\"font-size: 16px;\"><strong><span style=\"color: #003399;\">                      <\/span><span style=\"color: #003399;\">                  <\/span>Dr. Sandrine Launois &amp; Dr. Jean-M\u00e9dard Zola<\/strong><\/span><\/p>\n<p><span style=\"font-size: 20px;\"> <strong><span style=\"color: #003399;\"> <\/span> <span style=\"color: #5c67ca;\">Workshop 2 :<\/span><\/strong><span style=\"color: #003399;\"><strong>Practical aspect of the recommendations on OSA in children<br \/><\/strong><\/span><\/span><span style=\"font-size: 20px;\"><span style=\"color: #003399;\"><strong><\/strong><\/span><\/span><span style=\"font-size: 16px;\"><strong><span style=\"color: #003399;\">                      <\/span><span style=\"color: #003399;\">                  <\/span><span style=\"color: #000000;\">Pr. Patricia Franco &amp; Dr. Linda Aladin<\/span><\/strong><\/span><\/p>\n<p><span style=\"font-size: 20px;\"><strong><span style=\"color: #003399;\">           <\/span><span style=\"color: #5c67ca;\">Workshop 3 :<\/span><span style=\"color: #003399;\">Nightmares care<br \/><\/span><\/strong><\/span><span style=\"font-size: 16px;\"><strong><span style=\"color: #003399;\">                                        <\/span>Dr R\u00e9gine Denesle &amp; Dr. David Bessey<\/strong><\/span><\/p>\n<p><span style=\"font-size: 16px;\"><strong><\/strong><\/span><span style=\"font-size: 20px;\"><strong><span style=\"color: #003399;\">           <\/span><span style=\"color: #5c67ca;\">Workshop 4 :<\/span><span style=\"color: #003399;\">Insomnia care<br \/><\/span><\/strong><\/span><span style=\"font-size: 16px;\"><strong><span style=\"color: #003399;\">                                        <\/span>Pr. Charles Morin &amp; Pr. C\u00e9lyne H. Bastien<\/strong><\/span><\/p>\n<p><span style=\"font-size: 20px;\"><strong><span style=\"color: #003399;\">           <\/span><span style=\"color: #5c67ca;\">Workshop 5 :<\/span><span style=\"color: #003399;\">CPAP treatment adherence: prediction and consequences of nonadherence<br \/><\/span><\/strong><\/span><span style=\"font-size: 16px;\"><strong><span style=\"color: #003399;\">                      <\/span><\/strong>                  <strong>Mr. AbdelKebir Sabil, PhD &amp; Dr. Renata Riha<\/strong><\/span><\/p>\n<p><span style=\"font-size: 20px;\"> <strong><span style=\"color: #003399;\"> <\/span> <span style=\"color: #5c67ca;\">Workshop 6 :<\/span> <span style=\"color: #003399;\"> <\/span><\/strong><span style=\"color: #003399;\"><strong>OSA<\/strong><\/span><strong><span style=\"color: #003399;\">and risk of motor vehicle accidents<br \/><\/span><\/strong><\/span><span style=\"font-size: 20px;\"><strong><span style=\"color: #003399;\"><\/span><\/strong><\/span><span style=\"font-size: 16px;\"><strong><span style=\"color: #003399;\">                      <\/span><\/strong>                  <strong>Pr. Damien L\u00e9ger, Dr. Jean-Pierre Baroin &amp; Pr. Patrick Portecop<\/strong><\/span><\/p>\n<p><span style=\"font-size: 20px;\"> <strong><span style=\"color: #003399;\"> <\/span> <span style=\"color: #5c67ca;\">Workshop 7 :<\/span> <span style=\"color: #003399;\"> <\/span><\/strong><span style=\"color: #003399;\"><strong>CSA <\/strong><\/span><strong><span style=\"color: #003399;\">and Self-assisted Ventilation<br \/><\/span><\/strong><\/span><span style=\"font-size: 16px;\"><strong><span style=\"color: #003399;\">                      <\/span><\/strong>                  <strong>Pr. Jean-Paul Janssens &amp; Dr. Moustapha Agoussou<\/strong><\/span><\/p>\n<p><span style=\"font-size: 20px;\"><strong><span style=\"color: #5c67ca;\">12:45<\/span><span style=\"color: #dcac0f;\"> <\/span><span style=\"color: #dcac0f;\"> <\/span><span style=\"color: #dcac0f;\"> <\/span><span style=\"color: #dcac0f;\"> <\/span><span style=\"color: #003399;\">Closing remarks by the Presidents of the SAGS, the Scientific Council, the Organizing Committee<\/span><\/strong><\/span><\/p>\n<p><span style=\"font-size: 20px;\"><strong><span style=\"color: #003399;\"><\/span><\/strong><\/span><\/p>\n<p><span style=\"font-size: 20px;\"><strong><span style=\"color: #003399;\"><\/span><\/strong><\/span><span style=\"font-size: 20px;\"><strong><span style=\"color: #5c67ca;\">13:00 <\/span><span style=\"color: #dcac0f;\"> <\/span><span style=\"color: #dcac0f;\"> <\/span><span style=\"color: #dcac0f;\"> <\/span><span style=\"color: #dcac0f;\"> <\/span><span style=\"color: #003399;\">Closing of the morning and the Congress.<\/span><\/strong><\/span><\/p>\n<p>[\/et_pb_accordion_item][\/et_pb_accordion][\/et_pb_column][\/et_pb_row][\/et_pb_section]<\/p>\n","protected":false},"excerpt":{"rendered":"<p>PROGRAMPROGRAMFIRST INTERNATIONAL SLEEP DAYSOF FRENCH WEST INDIES &amp; FRENCH GUIANAon March 7, 8 &amp; 9, 2024Hotel Cr\u00e9ole Beach, 97190 Le Gosier, GuadeloupeSleep Diseases &amp; ComplicationsScientific Program7:30Welcome of guests &amp; participants &#8211; Withdrawal of badgeOpening of the stands and exhibitors\u2019 space to participants8:00Congress Opening &#8211; Welcome Address by the Presidents and AuthoritiesDr. David Bessey, President of [&hellip;]<\/p>\n","protected":false},"author":1,"featured_media":0,"parent":0,"menu_order":0,"comment_status":"closed","ping_status":"closed","template":"","meta":{"_et_pb_use_builder":"on","_et_pb_old_content":"","_et_gb_content_width":"","_monsterinsights_skip_tracking":false,"footnotes":""},"class_list":["post-331","page","type-page","status-publish","hentry"],"yoast_head":"<!-- This site is optimized with the Yoast SEO plugin v28.3 - https:\/\/yoast.com\/product\/yoast-seo-wordpress\/ -->\n<title>Program - 1\u00e8res Journ\u00e9es Internationales du Sommeil des Antilles et de la Guyane<\/title>\n<meta name=\"description\" content=\"Discover the program for the 1st International Sleep Days Of French West Indies &amp; French Guiana, on March 7, 8 &amp; 9, 2024 in Guadeloupe.\" \/>\n<meta name=\"robots\" content=\"index, follow, max-snippet:-1, max-image-preview:large, max-video-preview:-1\" \/>\n<link rel=\"canonical\" href=\"https:\/\/2024.sags-congress.com\/programme\" \/>\n<meta property=\"og:locale\" content=\"en_US\" \/>\n<meta property=\"og:type\" content=\"article\" \/>\n<meta property=\"og:title\" content=\"Program - 1\u00e8res Journ\u00e9es Internationales du Sommeil des Antilles et de la Guyane\" \/>\n<meta property=\"og:description\" content=\"Discover the program for the 1st International Sleep Days Of French West Indies &amp; French Guiana, on March 7, 8 &amp; 9, 2024 in Guadeloupe.\" \/>\n<meta property=\"og:url\" content=\"https:\/\/2024.sags-congress.com\/programme\" \/>\n<meta property=\"og:site_name\" content=\"1\u00e8res Journ\u00e9es Internationales du Sommeil des Antilles et de la Guyane\" \/>\n<meta property=\"article:modified_time\" content=\"2024-03-01T08:27:30+00:00\" \/>\n<meta name=\"twitter:card\" content=\"summary_large_image\" \/>\n<meta name=\"twitter:label1\" content=\"Est. reading time\" \/>\n\t<meta name=\"twitter:data1\" content=\"69 minutes\" \/>\n<script type=\"application\/ld+json\" class=\"yoast-schema-graph\">{\"@context\":\"https:\\\/\\\/schema.org\",\"@graph\":[{\"@type\":\"WebPage\",\"@id\":\"https:\\\/\\\/2024.sags-congress.com\\\/programme\",\"url\":\"https:\\\/\\\/2024.sags-congress.com\\\/programme\",\"name\":\"Program - 1\u00e8res Journ\u00e9es Internationales du Sommeil des Antilles et de la Guyane\",\"isPartOf\":{\"@id\":\"https:\\\/\\\/2024.sags-congress.com\\\/#website\"},\"datePublished\":\"2023-10-16T15:21:47+00:00\",\"dateModified\":\"2024-03-01T08:27:30+00:00\",\"description\":\"Discover the program for the 1st International Sleep Days Of French West Indies & French Guiana, on March 7, 8 & 9, 2024 in Guadeloupe.\",\"breadcrumb\":{\"@id\":\"https:\\\/\\\/2024.sags-congress.com\\\/programme#breadcrumb\"},\"inLanguage\":\"en-US\",\"potentialAction\":[{\"@type\":\"ReadAction\",\"target\":[\"https:\\\/\\\/2024.sags-congress.com\\\/programme\"]}]},{\"@type\":\"BreadcrumbList\",\"@id\":\"https:\\\/\\\/2024.sags-congress.com\\\/programme#breadcrumb\",\"itemListElement\":[{\"@type\":\"ListItem\",\"position\":1,\"name\":\"Accueil\",\"item\":\"https:\\\/\\\/2024.sags-congress.com\\\/en\\\/home\"},{\"@type\":\"ListItem\",\"position\":2,\"name\":\"Program\"}]},{\"@type\":\"WebSite\",\"@id\":\"https:\\\/\\\/2024.sags-congress.com\\\/#website\",\"url\":\"https:\\\/\\\/2024.sags-congress.com\\\/\",\"name\":\"1\u00e8res Journ\u00e9es Internationales du Sommeil des Antilles et de la Guyane\",\"description\":\"\",\"publisher\":{\"@id\":\"https:\\\/\\\/2024.sags-congress.com\\\/#organization\"},\"potentialAction\":[{\"@type\":\"SearchAction\",\"target\":{\"@type\":\"EntryPoint\",\"urlTemplate\":\"https:\\\/\\\/2024.sags-congress.com\\\/?s={search_term_string}\"},\"query-input\":{\"@type\":\"PropertyValueSpecification\",\"valueRequired\":true,\"valueName\":\"search_term_string\"}}],\"inLanguage\":\"en-US\"},{\"@type\":\"Organization\",\"@id\":\"https:\\\/\\\/2024.sags-congress.com\\\/#organization\",\"name\":\"1\u00e8res Journ\u00e9es Internationales du Sommeil des Antilles et de la Guyane\",\"url\":\"https:\\\/\\\/2024.sags-congress.com\\\/\",\"logo\":{\"@type\":\"ImageObject\",\"inLanguage\":\"en-US\",\"@id\":\"https:\\\/\\\/2024.sags-congress.com\\\/#\\\/schema\\\/logo\\\/image\\\/\",\"url\":\"https:\\\/\\\/2024.sags-congress.com\\\/wp-content\\\/uploads\\\/2023\\\/10\\\/SAGS.jpg\",\"contentUrl\":\"https:\\\/\\\/2024.sags-congress.com\\\/wp-content\\\/uploads\\\/2023\\\/10\\\/SAGS.jpg\",\"width\":1024,\"height\":565,\"caption\":\"1\u00e8res Journ\u00e9es Internationales du Sommeil des Antilles et de la Guyane\"},\"image\":{\"@id\":\"https:\\\/\\\/2024.sags-congress.com\\\/#\\\/schema\\\/logo\\\/image\\\/\"}}]}<\/script>\n<!-- \/ Yoast SEO plugin. -->","yoast_head_json":{"title":"Program - 1\u00e8res Journ\u00e9es Internationales du Sommeil des Antilles et de la Guyane","description":"Discover the program for the 1st International Sleep Days Of French West Indies & French Guiana, on March 7, 8 & 9, 2024 in Guadeloupe.","robots":{"index":"index","follow":"follow","max-snippet":"max-snippet:-1","max-image-preview":"max-image-preview:large","max-video-preview":"max-video-preview:-1"},"canonical":"https:\/\/2024.sags-congress.com\/programme","og_locale":"en_US","og_type":"article","og_title":"Program - 1\u00e8res Journ\u00e9es Internationales du Sommeil des Antilles et de la Guyane","og_description":"Discover the program for the 1st International Sleep Days Of French West Indies & French Guiana, on March 7, 8 & 9, 2024 in Guadeloupe.","og_url":"https:\/\/2024.sags-congress.com\/programme","og_site_name":"1\u00e8res Journ\u00e9es Internationales du Sommeil des Antilles et de la Guyane","article_modified_time":"2024-03-01T08:27:30+00:00","twitter_card":"summary_large_image","twitter_misc":{"Est. reading time":"69 minutes"},"schema":{"@context":"https:\/\/schema.org","@graph":[{"@type":"WebPage","@id":"https:\/\/2024.sags-congress.com\/programme","url":"https:\/\/2024.sags-congress.com\/programme","name":"Program - 1\u00e8res Journ\u00e9es Internationales du Sommeil des Antilles et de la Guyane","isPartOf":{"@id":"https:\/\/2024.sags-congress.com\/#website"},"datePublished":"2023-10-16T15:21:47+00:00","dateModified":"2024-03-01T08:27:30+00:00","description":"Discover the program for the 1st International Sleep Days Of French West Indies & French Guiana, on March 7, 8 & 9, 2024 in Guadeloupe.","breadcrumb":{"@id":"https:\/\/2024.sags-congress.com\/programme#breadcrumb"},"inLanguage":"en-US","potentialAction":[{"@type":"ReadAction","target":["https:\/\/2024.sags-congress.com\/programme"]}]},{"@type":"BreadcrumbList","@id":"https:\/\/2024.sags-congress.com\/programme#breadcrumb","itemListElement":[{"@type":"ListItem","position":1,"name":"Accueil","item":"https:\/\/2024.sags-congress.com\/en\/home"},{"@type":"ListItem","position":2,"name":"Program"}]},{"@type":"WebSite","@id":"https:\/\/2024.sags-congress.com\/#website","url":"https:\/\/2024.sags-congress.com\/","name":"1\u00e8res Journ\u00e9es Internationales du Sommeil des Antilles et de la Guyane","description":"","publisher":{"@id":"https:\/\/2024.sags-congress.com\/#organization"},"potentialAction":[{"@type":"SearchAction","target":{"@type":"EntryPoint","urlTemplate":"https:\/\/2024.sags-congress.com\/?s={search_term_string}"},"query-input":{"@type":"PropertyValueSpecification","valueRequired":true,"valueName":"search_term_string"}}],"inLanguage":"en-US"},{"@type":"Organization","@id":"https:\/\/2024.sags-congress.com\/#organization","name":"1\u00e8res Journ\u00e9es Internationales du Sommeil des Antilles et de la Guyane","url":"https:\/\/2024.sags-congress.com\/","logo":{"@type":"ImageObject","inLanguage":"en-US","@id":"https:\/\/2024.sags-congress.com\/#\/schema\/logo\/image\/","url":"https:\/\/2024.sags-congress.com\/wp-content\/uploads\/2023\/10\/SAGS.jpg","contentUrl":"https:\/\/2024.sags-congress.com\/wp-content\/uploads\/2023\/10\/SAGS.jpg","width":1024,"height":565,"caption":"1\u00e8res Journ\u00e9es Internationales du Sommeil des Antilles et de la Guyane"},"image":{"@id":"https:\/\/2024.sags-congress.com\/#\/schema\/logo\/image\/"}}]}},"_links":{"self":[{"href":"https:\/\/2024.sags-congress.com\/en\/wp-json\/wp\/v2\/pages\/331","targetHints":{"allow":["GET"]}}],"collection":[{"href":"https:\/\/2024.sags-congress.com\/en\/wp-json\/wp\/v2\/pages"}],"about":[{"href":"https:\/\/2024.sags-congress.com\/en\/wp-json\/wp\/v2\/types\/page"}],"author":[{"embeddable":true,"href":"https:\/\/2024.sags-congress.com\/en\/wp-json\/wp\/v2\/users\/1"}],"replies":[{"embeddable":true,"href":"https:\/\/2024.sags-congress.com\/en\/wp-json\/wp\/v2\/comments?post=331"}],"version-history":[{"count":64,"href":"https:\/\/2024.sags-congress.com\/en\/wp-json\/wp\/v2\/pages\/331\/revisions"}],"predecessor-version":[{"id":909,"href":"https:\/\/2024.sags-congress.com\/en\/wp-json\/wp\/v2\/pages\/331\/revisions\/909"}],"wp:attachment":[{"href":"https:\/\/2024.sags-congress.com\/en\/wp-json\/wp\/v2\/media?parent=331"}],"curies":[{"name":"wp","href":"https:\/\/api.w.org\/{rel}","templated":true}]}}